{"id":255,"date":"2020-05-28T08:43:26","date_gmt":"2020-05-28T08:43:26","guid":{"rendered":"http:\/\/schmidt-paetzel.de\/?page_id=255"},"modified":"2020-05-28T09:10:28","modified_gmt":"2020-05-28T09:10:28","slug":"elementor-255","status":"publish","type":"page","link":"http:\/\/schmidt-paetzel.de\/?page_id=255","title":{"rendered":"Die Partisanen. Krieg hinter der Front, Kommentartext"},"content":{"rendered":"\t\t<div data-elementor-type=\"wp-page\" data-elementor-id=\"255\" class=\"elementor elementor-255\">\n\t\t\t\t\t\t<section class=\"elementor-section elementor-top-section elementor-element elementor-element-ff345a9 elementor-section-boxed elementor-section-height-default elementor-section-height-default\" data-id=\"ff345a9\" data-element_type=\"section\">\n\t\t\t\t\t\t<div class=\"elementor-container elementor-column-gap-default\">\n\t\t\t\t\t<div class=\"elementor-column elementor-col-100 elementor-top-column elementor-element elementor-element-891e16c\" data-id=\"891e16c\" data-element_type=\"column\">\n\t\t\t<div class=\"elementor-widget-wrap elementor-element-populated\">\n\t\t\t\t\t\t<div class=\"elementor-element elementor-element-91221fc elementor-widget elementor-widget-text-editor\" data-id=\"91221fc\" data-element_type=\"widget\" data-widget_type=\"text-editor.default\">\n\t\t\t\t<div class=\"elementor-widget-container\">\n\t\t\t\t\t\t\t<p style=\"font-weight: 400;\">0\u00b406\u00a0\u00a0\u00a0\u00a0\u00a0\u00a0\u00a0\u00a0\u00a0\u00a0\u00a0\u00a0\u00a0\u00a0\u00a0\u00a0\u00a0<\/p><p style=\"font-weight: 400;\">\u201eWir sind Partisanen und haben auf deutsche Soldaten geschossen.\u201c<\/p><p style=\"font-weight: 400;\">\u00a0<\/p><p style=\"font-weight: 400;\">0\u201811\u2018\u2018\u00a0\u00a0\u00a0\u00a0\u00a0\u00a0\u00a0\u00a0\u00a0\u00a0\u00a0\u00a0\u00a0\u00a0\u00a0<\/p><p style=\"font-weight: 400;\">Minsk, Wei\u00dfrussland, 26. Oktober 1941.<\/p><p style=\"font-weight: 400;\">\u00a0<\/p><p style=\"font-weight: 400;\">0\u201822\u2018\u2018\u00a0\u00a0\u00a0\u00a0\u00a0\u00a0\u00a0\u00a0\u00a0\u00a0\u00a0\u00a0\u00a0\u00a0\u00a0<\/p><p style=\"font-weight: 400;\">Seit vier Monaten f\u00fchrt das Deutsche Reich Krieg gegen die Sowjetunion.<\/p><p style=\"font-weight: 400;\">\u00a0<\/p><p style=\"font-weight: 400;\">0\u201931\u00a0\u00a0\u00a0\u00a0\u00a0\u00a0\u00a0\u00a0\u00a0\u00a0\u00a0\u00a0\u00a0\u00a0\u00a0\u00a0\u00a0<\/p><p style=\"font-weight: 400;\">Sie haben nicht geschossen. Sie wollten Kriegsgefangene aus einem Lazarett schmuggeln.<\/p><p style=\"font-weight: 400;\">\u00a0<\/p><p style=\"font-weight: 400;\">0\u201939\u00a0\u00a0\u00a0\u00a0\u00a0\u00a0\u00a0\u00a0\u00a0\u00a0\u00a0\u00a0\u00a0\u00a0\u00a0\u00a0\u00a0<\/p><p style=\"font-weight: 400;\">Sie waren Fluchthelfer, das war ihr Verbrechen.<\/p><p style=\"font-weight: 400;\">\u00a0<\/p><p style=\"font-weight: 400;\">0\u201946\u00a0\u00a0\u00a0\u00a0\u00a0\u00a0\u00a0\u00a0\u00a0\u00a0\u00a0\u00a0\u00a0\u00a0\u00a0\u00a0\u00a0<\/p><p style=\"font-weight: 400;\">Die deutschen Besatzer machen Partisanen aus ihnen. Partisanen sind\u00a0\u00a0 auszurotten.<\/p><p style=\"font-weight: 400;\">\u00a0<\/p><p style=\"font-weight: 400;\">1\u201804<\/p><p style=\"font-weight: 400;\">Titel:\u00a0<strong>Die Partisanen. Krieg hinter der Front<\/strong><\/p><p style=\"font-weight: 400;\">\u00a0<\/p><p style=\"font-weight: 400;\">1\u201919\u00a0\u00a0\u00a0\u00a0\u00a0\u00a0\u00a0\u00a0\u00a0\u00a0\u00a0\u00a0\u00a0\u00a0\u00a0\u00a0\u00a0<\/p><p style=\"font-weight: 400;\">Dieser Mann war wirklich Partisan. Er lebt heute in einer Stadt in Wei\u00dfrussland.<\/p><p style=\"font-weight: 400;\">\u00a0<\/p><p style=\"font-weight: 400;\">1\u201940\u00a0\u00a0\u00a0\u00a0\u00a0\u00a0\u00a0\u00a0\u00a0\u00a0<\/p><p style=\"font-weight: 400;\">O-Ton Spielfilm:\u00a0<em>\u201eF\u00fcr verbrannte St\u00e4dte und D\u00f6rfer, f\u00fcr den Tod unserer Kinder und M\u00fctter, f\u00fcr Folter und Dem\u00fctigungen unseres Volkes schw\u00f6re ich, uns an dem Feind unerbittlich, gnadenlos und unerm\u00fcdlich zu r\u00e4chen. Blut f\u00fcr Blut,\u00a0<\/em><em>Tod f\u00fcr Tod\u201c!<\/em><\/p><p style=\"font-weight: 400;\">\u00a0<\/p><p style=\"font-weight: 400;\">2\u201914\u00a0\u00a0\u00a0\u00a0\u00a0\u00a0\u00a0\u00a0\u00a0\u00a0\u00a0\u00a0\u00a0\u00a0\u00a0\u00a0\u00a0<\/p><p style=\"font-weight: 400;\">Schwur der Partisanen. Zivilisten mit Gewehr. Irregul\u00e4re K\u00e4mpfer. In ihnen soll sich das ganze Sowjet-Volk verk\u00f6rpern: Alt und Jung, Arbeiter und Intelligenzler, M\u00e4nner und Frauen. Angef\u00fchrt von einem Parteisekret\u00e4r.\u00a0Der Film von 1942 beschw\u00f6rt den Partisanenkrieg, zu dem Stalin nach dem deutschen \u00dcberfall aufrief. Ein Krieg der Bilder von Anfang an: 22. Juni 1941, fr\u00fchmorgens am Flu\u00df Bug bei Brest: die ersten Aufnahmen vom \u201eUnternehmen Barbarossa\u201c \u2013 dem \u00dcberfall auf die Sowjetunion.<\/p><p style=\"font-weight: 400;\">\u00a0<\/p><p style=\"font-weight: 400;\">2\u201948\u00a0\u00a0\u00a0\u00a0\u00a0\u00a0\u00a0\u00a0\u00a0\u00a0<\/p><p style=\"font-weight: 400;\"><em>Hier ist meine Bescheinigung.\u00a0<\/em><em>Perednja Iwan Michajlowitsch, geboren 1924, wird gef\u00fchrt als Partisan in der Einheit Nr. 5 der Partisanenbrigade \u201eShelesnjak\u201c im Minsker Gebiet in der Zeit vom 17. November 1942 bis zum 12. Juli 1944.\u201c<\/em><\/p><p style=\"font-weight: 400;\">\u00a0<\/p><p style=\"font-weight: 400;\">3\u201948\u00a0\u00a0\u00a0\u00a0\u00a0\u00a0\u00a0\u00a0\u00a0\u00a0\u00a0\u00a0\u00a0\u00a0\u00a0\u00a0\u00a0<\/p><p style=\"font-weight: 400;\">Die Rote Armee scheint wie im Schlaf \u00fcberrascht. Viele der gefangenen Soldaten haben es nicht einmal geschafft, ihre Uniformen anzuziehen.<\/p><p style=\"font-weight: 400;\">\u00a0<\/p><p style=\"font-weight: 400;\">4\u201902\u00a0\u00a0\u00a0\u00a0\u00a0\u00a0\u00a0\u00a0\u00a0\u00a0\u00a0\u00a0\u00a0\u00a0\u00a0\u00a0\u00a0<\/p><p style=\"font-weight: 400;\">An\u00a0<u>diesem<\/u>\u00a0Tag dachte jeder: Dieser Krieg, dieser Blitzkrieg, ist schon entschieden.<\/p><p style=\"font-weight: 400;\">\u00a0<\/p><p style=\"font-weight: 400;\">4\u201920\u00a0\u00a0\u00a0\u00a0\u00a0\u00a0\u00a0\u00a0\u00a0\u00a0<\/p><p style=\"font-weight: 400;\">O-Ton Iwan Perednja:\u00a0<em>\u201eWir sahen kaum deutsche Infanterie, beinahe nur Panzerverb\u00e4nde. Dann kamen die nachr\u00fcckenden Einheiten. Das waren meist \u00e4ltere Soldaten. Auf unseren Hof kam so ein \u00e4lterer Deutscher, der schon im Ersten Weltkrieg in dieser Gegend gewesen war. Seine j\u00fcngeren Kameraden riefen: \u201aMoskau kaputt, Russland kaputt, Sowjets kaputt!\u2018 Aber er sagte leise: \u201aWir werden die Russen nicht besiegen, obwohl wir jetzt \u201ekaputt\u201c rufen. Wir siegen nicht.\u2018 Alle wunderten sich, da\u00df er so sprach. Aber er sollte Recht behalten.\u201c<\/em><\/p><p style=\"font-weight: 400;\">\u00a0<\/p><p style=\"font-weight: 400;\">5\u201918\u00a0\u00a0\u00a0\u00a0\u00a0\u00a0\u00a0\u00a0\u00a0\u00a0\u00a0\u00a0\u00a0\u00a0\u00a0\u00a0\u00a0<\/p><p style=\"font-weight: 400;\">\u201eEin Traum, der sich erf\u00fcllen wird\u201c, so hei\u00dft dieser Kurzfilm, der Anfang\u00a0August 1941\u00a0in die sowjetischen Kinos kam. Er erinnert an den Volkskrieg gegen Napoleon 1812. Der Gro\u00dfe Bonaparte warnt den kleinen Gefreiten.<\/p><p style=\"font-weight: 400;\">\u00a0<\/p><p style=\"font-weight: 400;\">5\u201935\u00a0\u00a0\u00a0\u00a0\u00a0\u00a0\u00a0\u00a0\u00a0\u00a0<\/p><p style=\"font-weight: 400;\">(Napoleon)\u00a0<em>\u201eSie! H\u00f6ren Sie mir zu! Man m\u00fcsste Sie auspeitschen wie einen Jungen. Sie sind so dumm, meine Fehler zu wiederholen.<\/em><\/p><p style=\"font-weight: 400;\">(Hitler:)\u00a0<em>\u201eMeine Offiziere, meine Gener\u00e4le\u2026\u201c<\/em><\/p><p style=\"font-weight: 400;\">(Napoleon:)\u00a0<em>\u201eIhre Gener\u00e4le\u2026 Kennen Sie das russische Volk? Kennen Sie Baba Wassilissa?\u201c<\/em>\u00a0\u00a0\u00a0\u00a0\u00a0\u00a0\u00a0\u00a0\u00a0 \u00a0\u00a0\u00a0\u00a0\u00a0\u00a0\u00a0\u00a0\u00a0\u00a0\u00a0\u00a0\u00a0\u00a0\u00a0\u00a0\u00a0\u00a0<\/p><p style=\"font-weight: 400;\">(Hitler:)\u00a0<em>\u201eBa-b-ba-ba\u2026 Das ist ein russischer Bomber?!\u201c.<\/em><em>\u00a0\u00a0\u00a0\u00a0\u00a0\u00a0<\/em><\/p><p style=\"font-weight: 400;\"><em>(Napoleon:) \u201eDas ist ein einfaches russisches Weib, die Dorf\u00e4lteste, die im Jahr 1812 meine Grenadiere gefangen genommen hat. Meine Grenadiere!\u201c<\/em><\/p><p style=\"font-weight: 400;\">\u00a0<\/p><p style=\"font-weight: 400;\">6\u201940\u00a0\u00a0\u00a0\u00a0\u00a0\u00a0\u00a0\u00a0\u00a0\u00a0\u00a0\u00a0\u00a0\u00a0\u00a0\u00a0\u00a0<\/p><p style=\"font-weight: 400;\">Schon am 7. Tag hatten die Deutschen Minsk erobert, die Hauptstadt der Sowjetrepublik Wei\u00dfru\u00dfland.<\/p><p style=\"font-weight: 400;\">\u00a0<\/p><p style=\"font-weight: 400;\">6\u201957\u00a0\u00a0\u00a0\u00a0\u00a0\u00a0\u00a0\u00a0\u00a0\u00a0\u00a0\u00a0\u00a0\u00a0\u00a0\u00a0\u00a0<\/p><p style=\"font-weight: 400;\">Auf den Stufen des Regierungsgeb\u00e4udes.<\/p><p style=\"font-weight: 400;\">\u00a0<\/p><p style=\"font-weight: 400;\">7\u201903\u00a0\u00a0\u00a0\u00a0\u00a0\u00a0\u00a0\u00a0\u00a0\u00a0\u00a0\u00a0\u00a0\u00a0\u00a0\u00a0\u00a0<\/p><p style=\"font-weight: 400;\">Ein endloser Zug von Kriegsgefangenen.<\/p><p style=\"font-weight: 400;\">\u00a0<\/p><p style=\"font-weight: 400;\">7\u201911\u00a0\u00a0\u00a0\u00a0\u00a0\u00a0\u00a0\u00a0\u00a0\u00a0\u00a0\u00a0\u00a0\u00a0\u00a0\u00a0\u00a0<\/p><p style=\"font-weight: 400;\">Fotos aus dem Album eines Wehrmachtssoldaten. Er sah die Eroberten mal freundlich, mal mit Mitleid \u2013 immer mit dem Gef\u00fchl gro\u00dfer \u00dcberlegenheit.\u00a0<\/p><p style=\"font-weight: 400;\">\u00a0<\/p><p style=\"font-weight: 400;\">7\u201933\u00a0\u00a0\u00a0\u00a0\u00a0\u00a0\u00a0\u00a0\u00a0\u00a0\u00a0\u00a0\u00a0\u00a0\u00a0\u00a0\u00a0<\/p><p style=\"font-weight: 400;\">Millionen Menschen lebten in den eroberten Gebieten. Was stand ihnen bevor? Wer waren sie \u00fcberhaupt?\u00a0Slawische Untermenschen? Stiefelputzer? Mitstreiter? Befreite?<\/p><p style=\"font-weight: 400;\">\u00a0<\/p><p style=\"font-weight: 400;\">7\u201945\u00a0\u00a0\u00a0\u00a0\u00a0\u00a0\u00a0\u00a0\u00a0\u00a0\u00a0\u00a0\u00a0\u00a0\u00a0\u00a0\u00a0<\/p><p style=\"font-weight: 400;\">Nach dem Krieg werden sie alle unter dem Verdacht stehen, mit dem Feind kollaboriert zu haben.<\/p><p style=\"font-weight: 400;\">\u00a0<\/p><p style=\"font-weight: 400;\">8\u201922\u00a0\u00a0\u00a0\u00a0\u00a0\u00a0\u00a0\u00a0\u00a0\u00a0\u00a0\u00a0\u00a0\u00a0\u00a0\u00a0\u00a0<\/p><p style=\"font-weight: 400;\">Diese Szenen sind nicht gestellt\u2026<\/p><p style=\"font-weight: 400;\">\u00a0<\/p><p style=\"font-weight: 400;\">8\u201928\u00a0\u00a0\u00a0\u00a0\u00a0\u00a0\u00a0\u00a0\u00a0\u00a0\u00a0\u00a0\u00a0\u00a0\u00a0\u00a0\u00a0<\/p><p style=\"font-weight: 400;\">\u2026es gab wirklich Jubel, m\u00f6gen auch die Kameraleute der Wochenschau ein wenig nachgeholfen haben.<\/p><p style=\"font-weight: 400;\">\u00a0<\/p><p style=\"font-weight: 400;\">8\u201945\u00a0\u00a0\u00a0\u00a0\u00a0\u00a0\u00a0\u00a0\u00a0\u00a0\u00a0\u00a0\u00a0\u00a0\u00a0\u00a0\u00a0<\/p><p style=\"font-weight: 400;\">\u201eIm Raume von Smolensk\u201c &#8211; d. h. in Russland selbst. Nicht nur im Baltikum, wo man alles andere als freiwillig der Sowjetunion angeh\u00f6rte, nicht in Wei\u00dfrussland und der Ukraine, wo die Mehrheit der Bev\u00f6lkerung kein Russisch sprach. Nein, hier begr\u00fc\u00dfen russische Bauern die Eroberer ihres Landes. Sie hatten viel erlitten unter kommunistischer Herrschaft und glaubten, es k\u00f6nne nur besser werden.<\/p><p style=\"font-weight: 400;\">\u00a0<\/p><p style=\"font-weight: 400;\">9\u201819\u00a0\u00a0\u00a0\u00a0\u00a0\u00a0\u00a0\u00a0\u00a0\u00a0<\/p><p style=\"font-weight: 400;\">O-Ton Nina Perednja<br \/><em>\u201eWir hatten gro\u00dfe Angst vor den Deutschen, und alle im Dorf versteckten sich. Auf dem Heuboden, in der Scheune \u2013 jeder wie er konnte.<\/em>\u00a0<em>Aber sie kamen so leise, so ruhig, so h\u00f6flich ins Dorf\u2026 Und da trauten wir uns aus unseren Verstecken auf die Strasse. Die Deutschen kamen in die H\u00e4user und baten um Essen. Man gab ihnen, was man so hatte. Sie taten niemandem was.<\/em>\u00a0<em>Und dann zogen sie weiter, als sei nichts gewesen. Im Dorf haben wir keinen einzigen Schuss geh\u00f6rt.<\/em>\u00a0<em>Aber diese Ruhe dauerte nicht lang, denn bald kamen die Partisanen. Und als sie kamen, mussten die Deutschen handeln\u201c.<\/em><\/p><p style=\"font-weight: 400;\">\u00a0<\/p><p style=\"font-weight: 400;\">10\u201931\u00a0\u00a0\u00a0\u00a0\u00a0\u00a0\u00a0\u00a0\u00a0\u00a0\u00a0\u00a0\u00a0\u00a0\u00a0<\/p><p style=\"font-weight: 400;\">Das Minsker Regierungsgeb\u00e4ude ist jetzt das HQ der SS in Wei\u00dfrussland?<\/p><p style=\"font-weight: 400;\">\u00a0<\/p><p style=\"font-weight: 400;\">10\u201938\u00a0\u00a0\u00a0\u00a0\u00a0\u00a0\u00a0\u00a0\u00a0\u00a0\u00a0\u00a0\u00a0\u00a0\u00a0<\/p><p style=\"font-weight: 400;\">Wo die Kriegsfront durchgezogen ist, r\u00fccken Heinrich Himmlers Einsatzgruppen nach.<\/p><p style=\"font-weight: 400;\">\u00a0<\/p><p style=\"font-weight: 400;\">10\u201946\u00a0\u00a0\u00a0\u00a0\u00a0\u00a0\u00a0\u00a0\u00a0\u00a0\u00a0\u00a0\u00a0\u00a0\u00a0<\/p><p style=\"font-weight: 400;\">Seine Polizeibataillone und Sonderkommandos gehen auf die Suche nach Juden, Kommunisten und \u201eBanditen\u201c. \u201eBanditen\u201c \u2013 so nennen sie die Partisanen. Sie lauerten geradezu auf die Partisanen.\u00a0Einen Monat zuvor hat Hitler gesagt: \u201eDieser Partisanen-Krieg hat auch wieder seinen Vorteil: er gibt uns die M\u00f6glichkeit, auszurotten, was sich gegen uns stellt.\u201c Aber es gab noch gar keinen Partisanen-Krieg. Nur den Aufruf Stalins.<\/p><p style=\"font-weight: 400;\">\u00a0<\/p><p style=\"font-weight: 400;\">11\u201904\u00a0\u00a0\u00a0\u00a0\u00a0\u00a0\u00a0\u00a0\u00a0\u00a0\u00a0\u00a0\u00a0\u00a0\u00a0<\/p><p style=\"font-weight: 400;\">Mitte August 41 ist Heinrich Himmler in Wei\u00dfrussland.<\/p><p style=\"font-weight: 400;\">\u00a0<\/p><p style=\"font-weight: 400;\">11\u201911\u00a0\u00a0\u00a0\u00a0\u00a0\u00a0\u00a0\u00a0\u00a0\u00a0\u00a0\u00a0\u00a0\u00a0\u00a0<\/p><p style=\"font-weight: 400;\">Will sich ein Bild der Lage verschaffen. Vernimmt die Einheimischen h\u00f6chstselbst.<\/p><p style=\"font-weight: 400;\">11\u201920\u00a0\u00a0\u00a0\u00a0\u00a0\u00a0\u00a0\u00a0\u00a0\u00a0\u00a0\u00a0\u00a0\u00a0\u00a0<\/p><p style=\"font-weight: 400;\">\u00a0<\/p><p style=\"font-weight: 400;\">\u201eAchten Sie darauf, dass diese Untermenschen Sie immer ansehen, immer dem Vorgesetzten ins Auge sehen m\u00fcssen. Das ist wie beim Tier.\u201c &#8211; So sagte er es sp\u00e4ter einmal. oder: So redete er. streichen<\/p><p style=\"font-weight: 400;\">\u00a0<\/p><p style=\"font-weight: 400;\">11\u201936\u00a0\u00a0\u00a0\u00a0\u00a0\u00a0\u00a0\u00a0\u00a0\u00a0\u00a0\u00a0\u00a0\u00a0\u00a0<\/p><p style=\"font-weight: 400;\">Mit Himmler kam die Angst vor den Deutschen. Er besucht ein Kriegsgefangenenlager.<\/p><p style=\"font-weight: 400;\">\u00a0<\/p><p style=\"font-weight: 400;\">11\u201948\u00a0\u00a0\u00a0\u00a0\u00a0\u00a0\u00a0\u00a0\u00a0\u00a0\u00a0\u00a0\u00a0\u00a0\u00a0<\/p><p style=\"font-weight: 400;\">Von den Gefangenen im Stalag 352\u00a0<strong>sahen<\/strong>\u00a0nur 50 das\u00a0Ende des Kriegs. Alle anderen gingen in der Gefangenschaft zugrunde. Man lie\u00df sie einfach umkommen. Durch Hunger und Krankheiten.<\/p><p style=\"font-weight: 400;\">\u00a0<\/p><p style=\"font-weight: 400;\">12\u201903\u00a0\u00a0\u00a0\u00a0\u00a0\u00a0\u00a0\u00a0\u00a0\u00a0\u00a0\u00a0\u00a0\u00a0\u00a0<\/p><p style=\"font-weight: 400;\">F\u00fcr Moskau sind alle Kriegsgefangenen Verr\u00e4ter, allein weil sie es zulie\u00dfen, lebend in die H\u00e4nde des Feinds zu fallen.<\/p><p style=\"font-weight: 400;\">\u00a0<\/p><p style=\"font-weight: 400;\">12\u201912\u00a0\u00a0\u00a0\u00a0\u00a0\u00a0\u00a0\u00a0\u00a0\u00a0\u00a0\u00a0\u00a0\u00a0\u00a0<\/p><p style=\"font-weight: 400;\">Wer \u00fcberleben will, dem bleibt nur, was Stalin sowieso unterstellt: die Kollaboration mit den Deutschen. Wenigen gelingt es zu fliehen. Gemeinsam mit versprengten Rotarmisten bilden sie erste Partisanengruppen.<\/p><p style=\"font-weight: 400;\">\u00a0<\/p><p style=\"font-weight: 400;\">12\u201936\u00a0\u00a0\u00a0\u00a0\u00a0\u00a0\u00a0\u00a0<\/p><p style=\"font-weight: 400;\">O-Ton Aleksej Kawko:\u00a0<em>\u201eUnser Dorf liegt am Fluss Beresina. Und dort versuchten Einheiten der Roten Armee die Faschisten aufzuhalten. Es kam zu einem kurzen, aber erbitterten Kampf.<\/em>\u00a0<em>Auf dem Schlachtfeld blieben viele Waffen liegen. Und wir, junge Komsomolzen aus dem Dorf, sammelten nachts die Waffen und die Munition ein und versteckten sie, ohne zu wissen wozu.\u00a0<\/em>\u00a0<em>Ich versteckte ein Gewehr im Stroh &#8211; und eine Kiste voller Munition hinter dem Holzstapel.<\/em>\u00a0<em>Es w\u00e4re falsch, zu behaupten, dass wir uns schon auf den Partisanenkampf vorbereitet h\u00e4tten. Damals wussten wir noch nicht, wie das alles endet.\u201c<\/em><\/p><p style=\"font-weight: 400;\">\u00a0<\/p><p style=\"font-weight: 400;\">13\u201953\u00a0\u00a0\u00a0\u00a0\u00a0\u00a0\u00a0\u00a0\u00a0\u00a0\u00a0\u00a0\u00a0\u00a0\u00a0<\/p><p style=\"font-weight: 400;\">Nicht Volkswiderstand, nicht Partisanen, nicht Baba Wassilissa, die Dorf\u00e4lteste, st\u00f6ren den Vormarsch der Wehrmacht 1941.<\/p><p style=\"font-weight: 400;\">ARD-Fassung: Nicht Volkswiderstand, noch Partisanen st\u00f6ren den Vormarsch der Wehrmacht 1941.<\/p><p style=\"font-weight: 400;\">\u00a0<\/p><p style=\"font-weight: 400;\">14\u201903\u00a0\u00a0\u00a0\u00a0\u00a0\u00a0\u00a0\u00a0\u00a0\u00a0\u00a0\u00a0\u00a0\u00a0\u00a0<\/p><p style=\"font-weight: 400;\">Ihr m\u00e4chtigster Feind ist die Natur. Hitlers Krieger bleiben im Schlamm stecken. Und dann, \u00fcber Nacht, kommt der Frost. Moskau wird nicht erreicht.<\/p><p style=\"font-weight: 400;\">\u00a0<\/p><p style=\"font-weight: 400;\">14\u201918\u00a0\u00a0\u00a0\u00a0\u00a0\u00a0\u00a0\u00a0\u00a0\u00a0\u00a0\u00a0\u00a0\u00a0\u00a0<\/p><p style=\"font-weight: 400;\">In dieser Zeit erl\u00e4\u00dft Stalin einen Befehl: Alle Ortschaften im frontnahen Hinterland der deutschen Truppen sind niederzubrennen. Damit der Feind keine Unterkunft findet. Die Deutschen sprachen vom \u201eFackelm\u00e4nner-Befehl\u201c.<\/p><p style=\"font-weight: 400;\">\u00a0<\/p><p style=\"font-weight: 400;\">14\u201945\u00a0\u00a0\u00a0\u00a0\u00a0\u00a0\u00a0\u00a0\u00a0\u00a0\u00a0\u00a0\u00a0\u00a0\u00a0<\/p><p style=\"font-weight: 400;\">Geburtsst\u00e4tte eines Mythos. Petrischtschewo, hundert Kilometer vom Moskauer Kreml. Hier starb Soja. Sie war Soldatin und geh\u00f6rte einem Kommando an, das Stalins Befehl ausf\u00fchrte. Da sie dabei Zivil trug, war sie Partisanin. Soja Kosmodemjanskaja war 18 Jahre alt. Ende November 1941 z\u00fcndete sie hier in Petrischtschewo zwei H\u00e4user an.<\/p><p style=\"font-weight: 400;\">Szene aus dem sowjetischen\u00a0Spielfilm \u201eSoja\u201c.<\/p><p style=\"font-weight: 400;\">\u00a0<\/p><p style=\"font-weight: 400;\">15\u201933\u00a0\u00a0\u00a0\u00a0\u00a0\u00a0\u00a0\u00a0\u00a0\u00a0\u00a0\u00a0\u00a0\u00a0\u00a0<\/p><p style=\"font-weight: 400;\">Er entstand noch im Krieg, 1944<\/p><p style=\"font-weight: 400;\">\u00a0<\/p><p style=\"font-weight: 400;\">16\u201929\u00a0\u00a0\u00a0\u00a0\u00a0\u00a0\u00a0\u00a0\u00a0\u00a0\u00a0\u00a0\u00a0\u00a0\u00a0<\/p><p style=\"font-weight: 400;\">In Wahrheit waren es nicht die Deutschen, die sie ergriffen.<\/p><p style=\"font-weight: 400;\">\u00a0<\/p><p style=\"font-weight: 400;\">16\u201935\u00a0\u00a0\u00a0\u00a0\u00a0\u00a0\u00a0\u00a0\u00a0\u00a0\u00a0\u00a0\u00a0\u00a0\u00a0<\/p><p style=\"font-weight: 400;\">Die Dorfbewohner lieferten Soja aus. Sie wollten nicht vor den verkohlten Ruinen ihrer H\u00e4user stehen \u2013 am Anfang eines harten Winters. Deshalb hielten sie Wache.<\/p><p style=\"font-weight: 400;\">\u00a0<\/p><p style=\"font-weight: 400;\">16\u201947\u00a0\u00a0\u00a0\u00a0\u00a0\u00a0\u00a0\u00a0\u00a0\u00a0\u00a0\u00a0\u00a0\u00a0\u00a0<\/p><p style=\"font-weight: 400;\">Soja wurde auf dem Dorfplatz erh\u00e4ngt, und zur Abschreckung blieb ihre Leiche fast einen Monat h\u00e4ngen und wurde erst dann verscharrt. Nachdem die Deutschen Ende Januar 1942 abgezogen waren, kam ein sowjetischer Fotograf ins Dorf, grub sie aus und machte dieses Bild.<\/p><p style=\"font-weight: 400;\">\u00a0<\/p><p style=\"font-weight: 400;\">17\u201906\u00a0\u00a0\u00a0\u00a0\u00a0\u00a0\u00a0\u00a0\u00a0\u00a0\u00a0\u00a0\u00a0\u00a0\u00a0<\/p><p style=\"font-weight: 400;\">Soja Kosmodemjanskaja, die erste Heldin der Sowjetunion im Krieg.<\/p><p style=\"font-weight: 400;\">\u00a0<\/p><p style=\"font-weight: 400;\">17\u201915\u00a0\u00a0\u00a0\u00a0\u00a0\u00a0\u00a0\u00a0\u00a0\u00a0\u00a0\u00a0\u00a0\u00a0\u00a0\u00a0\u00a0\u00a0\u00a0\u00a0\u00a0\u00a0\u00a0\u00a0<\/p><p style=\"font-weight: 400;\">Sp\u00e4ter fand man bei Wehrmachtsangeh\u00f6rigen auch Fotos der Hinrichtung.<\/p><p style=\"font-weight: 400;\">\u00a0<\/p><p style=\"font-weight: 400;\">17\u201925\u00a0\u00a0\u00a0\u00a0\u00a0\u00a0\u00a0\u00a0\u00a0\u00a0\u00a0\u00a0\u00a0\u00a0\u00a0\u00a0\u00a0\u00a0\u00a0\u00a0\u00a0\u00a0\u00a0\u00a0<\/p><p style=\"font-weight: 400;\">Stalin, der die Macht dieser Bilder sofort erkannte, lie\u00df sie ver\u00f6ffentlichen. U. a. in dieser Frontzeitung, Februar 1943.<\/p><p style=\"font-weight: 400;\">\u00a0<\/p><p style=\"font-weight: 400;\">17\u201948\u00a0\u00a0\u00a0\u00a0\u00a0\u00a0\u00a0\u00a0\u00a0\u00a0\u00a0\u00a0\u00a0\u00a0\u00a0<\/p><p style=\"font-weight: 400;\">\u201cSoja, wir werden Dich r\u00e4chen!\u201c.<\/p><p style=\"font-weight: 400;\">\u00a0<\/p><p style=\"font-weight: 400;\">18\u201903\u00a0\u00a0\u00a0\u00a0\u00a0\u00a0\u00a0\u00a0\u00a0\u00a0\u00a0\u00a0\u00a0\u00a0\u00a0<\/p><p style=\"font-weight: 400;\">In der Propaganda wird Soja zur sowjetischen Jeanne d\u2019Arc.\u00a0<\/p><p style=\"font-weight: 400;\">\u00a0<\/p><p style=\"font-weight: 400;\">18\u201906\u00a0\u00a0\u00a0\u00a0\u00a0\u00a0\u00a0\u00a0\u00a0\u00a0\u00a0\u00a0\u00a0\u00a0\u00a0<\/p><p style=\"font-weight: 400;\">Die Dorfbewohner schauen voll Mitleid zu \u2013 sie sind keine Verr\u00e4ter. Nichts kann das Volk und Soja trennen, auch der Tod nicht.\u00a0<\/p><p style=\"font-weight: 400;\">\u00a0<\/p><p style=\"font-weight: 400;\">18\u201921\u00a0\u00a0\u00a0\u00a0\u00a0\u00a0\u00a0\u00a0\u00a0\u00a0\u00a0\u00a0\u00a0\u00a0\u00a0<\/p><p style=\"font-weight: 400;\">In Wahrheit werden einige von ihnen sp\u00e4ter f\u00fcr den Verrat erschossen.<\/p><p style=\"font-weight: 400;\">\u00a0<\/p><p style=\"font-weight: 400;\">18\u201927\u00a0\u00a0\u00a0\u00a0\u00a0\u00a0\u00a0\u00a0<\/p><p style=\"font-weight: 400;\">Spielfilm \u201eSoja\u201c:<br \/><em>Warum seid Ihr so traurig, warum schaut Ihr so kummervoll drein?<\/em>\u00a0<em>Meine Lieben, es wird alles gut. Ganz bestimmt! Und ich habe keine Angst vor dem Tod. Es ist ein Gl\u00fcck, f\u00fcr das eigene Volk zu sterben, f\u00fcr das eigene Land, f\u00fcr die Wahrheit. Genossen, seid mutig, bek\u00e4mpft die Feinde, schlagt, brennt nieder, vernichtet die Faschisten. Wir werden auf jeden Fall siegen! Denkt daran: Wir sind 200 Millionen. Lebt wohl, Genossen!\u201c<\/em><\/p><p style=\"font-weight: 400;\">\u00a0<\/p><p style=\"font-weight: 400;\">19\u201920\u00a0\u00a0\u00a0\u00a0\u00a0\u00a0\u00a0\u00a0\u00a0\u00a0\u00a0\u00a0\u00a0\u00a0\u00a0<\/p><p style=\"font-weight: 400;\">Alexandra Fedulina war damals sechzehn. Sie geh\u00f6rte zum selben Trupp wie Soja<strong>,\u00a0<\/strong>Sondereinheit 9903. Eine geheime Einheit des Jugendverbands Komsomol. Becher mit dem Konterfei ber\u00fchmter Partisanenf\u00fchrer erinnern sie an ihre Jugend im Krieg.<\/p><p style=\"font-weight: 400;\">\u00a0<\/p><p style=\"font-weight: 400;\">19\u201950\u00a0\u00a0\u00a0\u00a0\u00a0\u00a0\u00a0\u00a0<\/p><p style=\"font-weight: 400;\">O-Ton Alexandra Frolowa-Fedulina:\u00a0<em>\u201eUnsere Gruppe wurde fast vollst\u00e4ndig aufgerieben. Um 9 Uhr morgens wurden wir zerschlagen. Ich wurde schwer verwundet. Am Bein. Sehr schwer. Rotarmisten fanden mich und packten mich auf einen Schlitten.<\/em>\u00a0<em>Ich wurde mit der Eisenbahn abtransportiert, und der Zug wurde bombardiert. Ich wusste noch nicht, was mit Soja geschehen war. War sie am Leben oder nicht? Wir wurden so zerschlagen, dass wir gar nichts mehr wussten.<\/em>\u00a0<em>Dann kam ich in ein Lazarett nach Kasan. Und dort las ich in der Zeitung, dass eine Tanja ums Leben gekommen war. Tanja. Da wusste ich sofort Bescheid, denn Tanja war der Deckname von Soja Kosmodemjanskaja\u201c.<\/em><\/p><p style=\"font-weight: 400;\">\u00a0<\/p><p style=\"font-weight: 400;\">20\u201939\u00a0\u00a0\u00a0\u00a0\u00a0\u00a0\u00a0\u00a0\u00a0\u00a0\u00a0\u00a0\u00a0\u00a0\u00a0<\/p><p style=\"font-weight: 400;\">Alexandra Fedulinas Kameraden. Auch sie so um die 16. Erh\u00e4ngt in Wolokolamsk bei Moskau. Als die Rote Armee den Ort zur\u00fcckeroberte, hingen sie seit 45 Tagen. Man lie\u00df sie noch etwas h\u00e4ngen &#8211; f\u00fcr die Kamera.<\/p><p style=\"font-weight: 400;\">\u00a0<\/p><p style=\"font-weight: 400;\">21\u00b403\u00a0\u00a0\u00a0\u00a0\u00a0\u00a0\u00a0\u00a0<\/p><p style=\"font-weight: 400;\">O-Ton Alexandra Frolowa-Fedulina: \u201eWir lernten\u00a0<em>unter anderem mit Magnetbomben umzugehen. Wie man damit einen Mast sprengt oder einen Waggon. Die Ausbildung dauerte nur 3 Tage.<\/em>\u00a0<em>Soja hat mir Filzstiefel gebracht, eine wattierte Hose und Jacke. Ich bekam einen Revolver vom Typ Nagant.<\/em>\u00a0<em>Und die Jungs waren mit ganz vielen Brandflaschen beh\u00e4ngt. Wir M\u00e4dchen bekamen S\u00e4cke voller N\u00e4gel. So fuhr man uns zum ersten Einsatz \u2013 der aber zweimal abgebrochen wurde.<\/em>\u00a0Da<em>\u00a0war ich noch mit Soja zusammen. Der Befehl kam von der Milit\u00e4raufkl\u00e4rung. Um 5 Uhr morgens sollten wir die N\u00e4gel auf die Landstrasse streuen, um die deutschen Autos, die Vorhut, zu stoppen. Die Jungs sollten dann ihre Brandflaschen auf die nachr\u00fcckenden Panzer werfen. Soja hatte bei uns das Sagen, sie war irgendwie gebildeter, und etwas \u00e4lter. Sogar die Jungs h\u00f6rten auf sie. Und wir ordneten uns ihr unter. Wir M\u00e4dchen sahen zu ihr auf, wei\u00df Gott wie. Sie war fr\u00f6hlich und versuchte, uns mit ihren Scherzen die Angst zu nehmen: \u201eDas ist hier nur der Anfang, wenn erst der Fr\u00fchling kommt, geht es richtig los!\u201c<\/em>\u00a0<em>Sie fiel bei ihrem dritten Einsatz\u201c.<\/em><\/p><p style=\"font-weight: 400;\">\u00a0<\/p><p style=\"font-weight: 400;\">22\u201947\u00a0\u00a0\u00a0\u00a0\u00a0\u00a0\u00a0\u00a0\u00a0\u00a0\u00a0\u00a0\u00a0\u00a0\u00a0<\/p><p style=\"font-weight: 400;\">All die jugendlichen Saboteure wurden sp\u00e4ter zu Helden. Wenn sie umgekommen waren. Alexandra Fedulina nicht. Sie blieb eine einfache Frau. Keine Heldin. Weil sie \u00fcberlebte.<\/p><p style=\"font-weight: 400;\">\u00a0<\/p><p style=\"font-weight: 400;\">23\u201908\u00a0\u00a0\u00a0\u00a0\u00a0\u00a0\u00a0\u00a0\u00a0\u00a0\u00a0\u00a0\u00a0\u00a0\u00a0<\/p><p style=\"font-weight: 400;\">Eine Frau geht voran, das ganze Dorf folgt. Eine Beschw\u00f6rung der Baba Wassilissa, von der Napoleon sprach. \u201eSie verteidigt die Heimat\u201c,\u00a01942 gedreht. Die Volkserhebung, die hier vorgespielt wird, gab es nicht. In Wirklichkeit folgte das Dorf nicht.<\/p><p style=\"font-weight: 400;\">\u00a0<\/p><p style=\"font-weight: 400;\">23.48\u00a0\u00a0\u00a0\u00a0\u00a0\u00a0\u00a0\u00a0\u00a0\u00a0\u00a0\u00a0\u00a0\u00a0\u00a0<\/p><p style=\"font-weight: 400;\">Wei\u00dfru\u00dfland Sp\u00e4tsommer 1941. Die ersten Aufnahmen aus einem Partisanenlager. Waffenausgabe\u00a0mit b\u00fcrokratischem Protokoll. Viele hier waren Parteifunktion\u00e4re oder Jugendaktivisten und hatten keine Ahnung, wie man schie\u00dft, eine Handgranate z\u00fcndet oder einen Sprengsatz scharfmacht. Die untere Ebene der Sowjetmacht. In ihren Ortschaften konnten sie nicht bleiben, nach Moskau nicht fliehen. Die meisten tragen Anz\u00fcge. Keine Bauern darunter.<\/p><p style=\"font-weight: 400;\">\u00a0<\/p><p style=\"font-weight: 400;\">24\u201924\u00a0\u00a0\u00a0\u00a0\u00a0\u00a0\u00a0\u00a0\u00a0\u00a0\u00a0\u00a0\u00a0\u00a0\u00a0<\/p><p style=\"font-weight: 400;\">Ungestellte Bilder wie diese sind selten.<\/p><p style=\"font-weight: 400;\">\u00a0<\/p><p style=\"font-weight: 400;\">24\u201829\u00a0\u00a0\u00a0\u00a0\u00a0\u00a0\u00a0\u00a0\u00a0\u00a0\u00a0\u00a0\u00a0\u00a0\u00a0<\/p><p style=\"font-weight: 400;\">Was wurde aus diesen Leuten, wenn der Winter kam? Sie waren daf\u00fcr nicht ausger\u00fcstet, das Leben in den W\u00e4ldern nicht\u00a0gew\u00f6hnt. Eigentlich wollten sie gar nicht k\u00e4mpfen,\u00a0nur \u00fcberleben.<\/p><p style=\"font-weight: 400;\">\u00a0<\/p><p style=\"font-weight: 400;\">25\u201928\u00a0\u00a0\u00a0\u00a0\u00a0\u00a0\u00a0\u00a0\u00a0\u00a0\u00a0\u00a0\u00a0\u00a0\u00a0<\/p><p style=\"font-weight: 400;\">Viele Partisaneneinheiten \u00fcberstanden den ersten Winter nicht.<\/p><p style=\"font-weight: 400;\">\u00a0<\/p><p style=\"font-weight: 400;\">24&#8217;43\u00a0\u00a0\u00a0\u00a0\u00a0\u00a0\u00a0\u00a0\u00a0\u00a0\u00a0\u00a0\u00a0\u00a0\u00a0<\/p><p style=\"font-weight: 400;\">Lebensmittel wurden auf den D\u00f6rfern requiriert, d. h. notfalls mit Gewalt eingetrieben.<\/p><p style=\"font-weight: 400;\">\u00a0<\/p><p style=\"font-weight: 400;\">24&#8217;52\u00a0\u00a0\u00a0\u00a0\u00a0\u00a0\u00a0\u00a0\u00a0\u00a0\u00a0\u00a0\u00a0\u00a0\u00a0<\/p><p style=\"font-weight: 400;\">Das Laden eines Nagant-Revolvers \u2013 Waffenkunde f\u00fcr Anf\u00e4nger. Gelehrt von NKWD-Leuten.<\/p><p style=\"font-weight: 400;\">\u00a0<\/p><p style=\"font-weight: 400;\">25&#8217;09\u00a0\u00a0\u00a0\u00a0\u00a0\u00a0\u00a0\u00a0\u00a0\u00a0\u00a0\u00a0\u00a0\u00a0\u00a0<\/p><p style=\"font-weight: 400;\">Stolz mit der Flinte: Ein Kinderpartisan.<\/p><p style=\"font-weight: 400;\">\u00a0<\/p><p style=\"font-weight: 400;\">25&#8217;23\u00a0\u00a0\u00a0\u00a0\u00a0\u00a0\u00a0\u00a0\u00a0\u00a0\u00a0\u00a0\u00a0\u00a0\u00a0<\/p><p style=\"font-weight: 400;\">Es dauerte fast ein Jahr, ehe Stalin begann, Kontrolle \u00fcber die versprengten Gruppen zu \u00fcbernehmen. Er wollte ihnen politische Z\u00fcgel anlegen und sie in den Kampf treiben. Ende Mai 1942 wurde der Zentralstab der Partisanenbewegung in Moskau gebildet. Von dort kamen Funkger\u00e4te und Kommissare.<\/p><p style=\"font-weight: 400;\">\u00a0<\/p><p style=\"font-weight: 400;\">26\u201904\u00a0\u00a0\u00a0\u00a0\u00a0\u00a0\u00a0\u00a0\u00a0\u00a0\u00a0\u00a0\u00a0\u00a0\u00a0<\/p><p style=\"font-weight: 400;\">Partisanen h\u00e4ngen eine Frau. F\u00fcr den Verrat an der Heimat. So steht es auf dem Schild, das ihr angeheftet wird. Worin wird der Verrat bestanden haben? Hat sie den Deutschen gedient, auf einer Stube gearbeitet? War sie eine B\u00e4uerin, die einen Sack Kartoffeln vor den Partisanen versteckte oder ihren Sohn?<\/p><p style=\"font-weight: 400;\">\u00a0<\/p><p style=\"font-weight: 400;\">26\u201927\u00a0\u00a0\u00a0\u00a0\u00a0\u00a0\u00a0\u00a0\u00a0\u00a0\u00a0\u00a0\u00a0\u00a0\u00a0<\/p><p style=\"font-weight: 400;\">F\u00fcr den Verrat an der Heimat. Ein Hilfspolizist, B\u00fcrgermeister oder Dolmetscher?<\/p><p style=\"font-weight: 400;\">\u00a0<\/p><p style=\"font-weight: 400;\">26\u201934\u00a0\u00a0\u00a0\u00a0\u00a0\u00a0\u00a0\u00a0\u00a0\u00a0\u00a0\u00a0\u00a0\u00a0\u00a0<\/p><p style=\"font-weight: 400;\">Als sei der Krieg der Partisanen weniger ein Krieg gegen die Besatzer, denn gegen das eigene Volk gewesen. Man sp\u00fcrt Stalins Atem: \u00dcberall Verr\u00e4ter und Feinde.<\/p><p style=\"font-weight: 400;\">\u00a0<\/p><p style=\"font-weight: 400;\">26\u201946\u00a0\u00a0\u00a0\u00a0\u00a0\u00a0\u00a0\u00a0\u00a0\u00a0\u00a0\u00a0\u00a0\u00a0\u00a0<\/p><p style=\"font-weight: 400;\">Irgendwo in Wolhynien, der westlichen Ukraine.<\/p><p style=\"font-weight: 400;\">\u00a0<\/p><p style=\"font-weight: 400;\">26\u201953\u00a0\u00a0\u00a0\u00a0\u00a0\u00a0\u00a0\u00a0\u00a0\u00a0\u00a0\u00a0\u00a0\u00a0\u00a0<\/p><p style=\"font-weight: 400;\">Hier hatten die Partisanen viele Feinde. Es gab sogar B\u00fcrgerwehren, die sich gegen sie stellten. Hat der junge Mann hier dazugeh\u00f6rt? Standgericht. F\u00f6rmliche Verlesung des Urteils und Applaus.<\/p><p style=\"font-weight: 400;\">\u00a0<\/p><p style=\"font-weight: 400;\">27\u201915\u00a0\u00a0\u00a0\u00a0\u00a0\u00a0\u00a0\u00a0\u00a0\u00a0\u00a0\u00a0\u00a0\u00a0\u00a0<\/p><p style=\"font-weight: 400;\">Die Hinrichtung wird f\u00fcr die Kamera wiederholt.<\/p><p style=\"font-weight: 400;\">\u00a0<\/p><p style=\"font-weight: 400;\">27\u201827\u00a0\u00a0\u00a0\u00a0\u00a0\u00a0\u00a0\u00a0<\/p><p style=\"font-weight: 400;\">O-Ton Semjon Schkolnikow:\u00a0<em>\u201eIch war dreimal bei den Partisanen. Dreimal. Kein anderer war dreimal bei den Partisanen\u201c.<\/em><\/p><p style=\"font-weight: 400;\">\u00a0<\/p><p style=\"font-weight: 400;\">27\u201935\u00a0\u00a0\u00a0\u00a0\u00a0\u00a0\u00a0\u00a0\u00a0\u00a0\u00a0\u00a0\u00a0\u00a0\u00a0<\/p><p style=\"font-weight: 400;\">1942 wurde der Frontkameramann Semjon Schkolnikow hinter der feindlichen Linie abgesetzt, um einen Partisanen\u00fcberfall auf einen deutschen Transportzug\u00a0zu filmen. Hier seine Bilder.<\/p><p style=\"font-weight: 400;\">\u00a0<\/p><p style=\"font-weight: 400;\">27\u201951\u00a0\u00a0\u00a0\u00a0\u00a0\u00a0\u00a0\u00a0<\/p><p style=\"font-weight: 400;\">O-Ton Semjon Schkolnikow:\u00a0<em>\u201eIch hatte vielleicht 7 oder 8 Meter gedreht, als der Zug zum Stehen kam. Die Deutschen fingen an, uns zu beschie\u00dfen. Ich versteckte mich hinter einem dicken Baum. Die Schie\u00dferei war zu Ende. Unsere Leute rannten los. Ich fing an, sie von hinten zu filmen. Sie rannten zum Zug. Ich lief ihnen nach, warf mich hin und filmte alles, was um mich herum geschah. Die Deutschen ergriffen die Flucht, als sie sahen, dass wir zahlreicher waren als sie. Es gab da einen Tankwagen mit der Aufschrift \u201eShell\u201c. Ich sah einen MG-Sch\u00fctzen laufen und sagte: \u201aH\u00f6r mal, ich mache meine Kamera an. Wenn du das Surren h\u00f6rst, schie\u00dft Du!\u2018 Und das tat er. Unsere Leute fingen an, die Waggons zu entladen und nahmen alles mit. S\u00e4cke mit Brot, Wurst, Zucker. Dann kam mein Kollege Bykow angelaufen. Ich sagte: \u201aKolja, mach von mir ein Bild\u2018. Er hat mich gedreht. 4 Meter Film. Und ich habe ihn gedreht. Ich w\u00fcrde mal so sagen: Niemand hat je von Gefahr gesprochen. Wir wussten nur das eine: Wir mussten drehen, drehen, drehen.<\/em><\/p><p style=\"font-weight: 400;\">\u00a0<\/p><p style=\"font-weight: 400;\">30\u201920\u00a0\u00a0\u00a0\u00a0\u00a0\u00a0\u00a0\u00a0<\/p><p style=\"font-weight: 400;\"><em>(OFF) \u201eDie Partisaneneinheit der Br\u00fcder Ignatow errang nie verbl\u00fchenden Ruhm.<\/em><\/p><p style=\"font-weight: 400;\">\u00a0<\/p><p style=\"font-weight: 400;\">30\u201925\u00a0\u00a0\u00a0\u00a0\u00a0\u00a0\u00a0\u00a0<\/p><p style=\"font-weight: 400;\"><em>Die Deutschen schicken einen Transportzug nach dem anderem an die Front. Aber der Zug kommt nicht durch. Daf\u00fcr werden die Partisanen sorgen \u2013 vor allen ihr F\u00fchrer Ignatow selbst.\u201c<\/em><\/p><p style=\"font-weight: 400;\">\u00a0<\/p><p style=\"font-weight: 400;\">30\u201941\u00a0\u00a0\u00a0\u00a0\u00a0\u00a0\u00a0\u00a0\u00a0\u00a0\u00a0\u00a0\u00a0\u00a0\u00a0<\/p><p style=\"font-weight: 400;\">\u201eVolksr\u00e4cher\u201c, ein Dokumentarfilm von 1943. F\u00fcr ihn wurde Material unterschiedlicher Herkunft zusammengeschnitten. Auch das von Schkolnikow.<\/p><p style=\"font-weight: 400;\">\u00a0<\/p><p style=\"font-weight: 400;\">30\u201953\u00a0\u00a0\u00a0\u00a0\u00a0\u00a0\u00a0\u00a0\u00a0\u00a0\u00a0\u00a0\u00a0\u00a0\u00a0<\/p><p style=\"font-weight: 400;\">Die Br\u00fcder Ignatow operierten in S\u00fcdrussland und fielen auch dort. Die meisten Bilder hier sind gestellt. Bahngleise wurden in der Regel nachts gesprengt.<\/p><p style=\"font-weight: 400;\">\u00a0<\/p><p style=\"font-weight: 400;\">31\u201919\u00a0\u00a0\u00a0\u00a0\u00a0\u00a0\u00a0\u00a0\u00a0\u00a0\u00a0\u00a0\u00a0\u00a0\u00a0<\/p><p style=\"font-weight: 400;\">Die Partisanen glaubten, Shell \u2013 das sei eine deutsche Firma. Und Schkolnikow hoffte, der Tankwagen w\u00fcrde explodieren. Es w\u00e4re ein gro\u00dfes Bild gewesen. Das Bild des Schienenkriegs schlechthin.<\/p><p style=\"font-weight: 400;\">\u00a0<\/p><p style=\"font-weight: 400;\">31\u201950\u00a0\u00a0\u00a0\u00a0\u00a0\u00a0\u00a0\u00a0\u00a0\u00a0\u00a0\u00a0\u00a0\u00a0\u00a0<\/p><p style=\"font-weight: 400;\">\u201eSchienenkrieg\u201c &#8211; so hie\u00dfen die Angriffe auf Bahngleise, mit denen die Partisanen den deutschen Nachschub an die Front st\u00f6rten \u2013 wenn auch immer nur f\u00fcr kurze Zeit.<\/p><p style=\"font-weight: 400;\">\u00a0<\/p><p style=\"font-weight: 400;\">32\u201910\u00a0\u00a0\u00a0\u00a0\u00a0\u00a0\u00a0\u00a0\u00a0\u00a0\u00a0\u00a0\u00a0\u00a0\u00a0<\/p><p style=\"font-weight: 400;\">Die Deutschen fuhren schweres Ger\u00e4t auf \u2013 milit\u00e4risch und propagandistisch.<\/p><p style=\"font-weight: 400;\">\u00a0<\/p><p style=\"font-weight: 400;\">32\u201920\u00a0\u00a0\u00a0\u00a0\u00a0\u00a0\u00a0\u00a0\u00a0\u00a0\u00a0\u00a0\u00a0\u00a0\u00a0<\/p><p style=\"font-weight: 400;\">Auch Alexandra Fedulina ist jetzt bei den \u201eBanden\u201c in den W\u00e4ldern.<\/p><p style=\"font-weight: 400;\">\u00a0<\/p><p style=\"font-weight: 400;\">32\u201928\u00a0\u00a0\u00a0\u00a0\u00a0\u00a0\u00a0\u00a0<\/p><p style=\"font-weight: 400;\">O-Ton Alexandra Frolowa-Fedulina:\u00a0<em>\u201eWenn man eine Mine einfach so legt und weggeht, wird sie entdeckt. Von\u00a0Sp\u00fcrhunden erschn\u00fcffelt. Oder von Dorfbewohnern gefunden, die von den Deutschen geschickt werden. Wenn sie nicht gehen, drohen die Deutschen\u00a0ihr Dorf niederzubrennen. Deshalb muss man dabeibleiben. Man nimmt eine lange Schnur. Ich sitze und rolle sie von einem Holzstock ab. So wird sie bis zum Gleis gezogen.<\/em>\u00a0<em>Die M\u00e4nner legen die Mine, stecken die Sprengkapsel rein und kriechen zur mir.<\/em>\u00a0<em>Erst l\u00e4\u00dft man die Lok vor\u00fcberfahren, in ihr sitzen zwei Deutsche, die den russischen Lokf\u00fchrer bewachen. Nach dem dritten Waggon muss man an der Schnur ziehen.<\/em>\u00a0<em>Sieben oder neun Waggons springen dann aus dem Gleis. Man zieht, und die Schienen scheinen dir nur so um die Ohren zu fliegen.<\/em><\/p><p style=\"font-weight: 400;\"><em>\u00a0<\/em><\/p><p style=\"font-weight: 400;\"><em>33\u201830\u00a0\u00a0\u00a0\u00a0\u00a0\u00a0\u00a0\u00a0<\/em><\/p><p style=\"font-weight: 400;\"><em>\u201eAllerliebstes B\u00e4umchen! Gestern Abend sind wir in Klyastizi angekommen. Wir sind hier als Br\u00fcckenwache mit einigen Kameraden eingesetzt. Hier werden wir auch bleiben. Wir leben in einem Blockhaus, das von Stacheldrahtraum umgeben ist. Ich komme mir vor wie in Alaska. Gefahr besteht hier nicht. Die Gegend ist sehr, sehr einsam.\u201c<\/em><\/p><p style=\"font-weight: 400;\">\u00a0<\/p><p style=\"font-weight: 400;\">33\u201953\u00a0\u00a0\u00a0\u00a0\u00a0\u00a0\u00a0\u00a0\u00a0\u00a0\u00a0\u00a0\u00a0\u00a0\u00a0<\/p><p style=\"font-weight: 400;\">So schreibt der Gefreite Hermann Blumenthal an seine Frau Maria am 15. April 1942.<\/p><p style=\"font-weight: 400;\">\u00a0<\/p><p style=\"font-weight: 400;\">34\u201914\u00a0\u00a0\u00a0\u00a0\u00a0\u00a0\u00a0\u00a0\u00a0\u00a0\u00a0\u00a0\u00a0\u00a0\u00a0<\/p><p style=\"font-weight: 400;\">Hier, an der Bahnlinie Polozk \u2013 Newel, stand das Blockhaus der deutschen Br\u00fcckenwache. Die Reste seines Fundaments.<\/p><p style=\"font-weight: 400;\"><em>\u00a0<\/em><\/p><p style=\"font-weight: 400;\"><em>34\u201930\u00a0\u00a0\u00a0\u00a0\u00a0\u00a0\u00a0\u00a0<\/em><\/p><p style=\"font-weight: 400;\"><em>\u201e&#8230;Ich habe hier einen jungen Burschen kennengelernt, besser gesagt, gefunden. Er ist vielleicht ein 18j\u00e4hriger Russe. Ich k\u00f6nnte ihn gut f\u00fcr meinen Florentiner Mann gebrauchen. Er hat eine \u00e4hnliche Figur. Ich m\u00f6chte ihn am liebsten mit nach Berlin nehmen. Er ist ein Prachtkerl&#8230;\u201c<\/em><\/p><p style=\"font-weight: 400;\">\u00a0<\/p><p style=\"font-weight: 400;\">34\u201950\u00a0\u00a0\u00a0\u00a0\u00a0\u00a0\u00a0\u00a0\u00a0\u00a0\u00a0\u00a0\u00a0\u00a0\u00a0<\/p><p style=\"font-weight: 400;\">Hermann Blumental war Bildhauer. Aber kein Staatsk\u00fcnstler, dem die Front erspart geblieben w\u00e4re.<\/p><p style=\"font-weight: 400;\"><em>\u00a0<\/em><\/p><p style=\"font-weight: 400;\"><em>35\u201900\u00a0\u00a0\u00a0\u00a0\u00a0\u00a0\u00a0\u00a0<\/em><\/p><p style=\"font-weight: 400;\"><em>\u201eButter gibt es hier kaum. Ich will mein m\u00f6glichstes versuchen. Die Wachesteherei ist hier nicht gef\u00e4hrlich, aber daf\u00fcr anstrengend. Die Partisanen vermeiden jeden offenen Kampf. Sie sprengen hin und wieder Bahnlinien, aber zu sehen bekommt man sie nicht. Ich w\u00fcnschte mir, dass der ganze Schlamassel bald zu Ende w\u00e4re, und ich wieder mit der Arbeit beginnen kann. Ich werde etwas leisten. Ich sp\u00fcre es. Mehr als Durchschnitt. Das Wetter ist hier jetzt ganz herrlich, aber ich m\u00f6chte hier fort. Allerliebstes Wunderb\u00e4umchen, gleich beginnt meine Wache wieder. Hoffentlich habe ich Morgen mehr Zeit, Dir zu schreiben, d.h. mehr zu schreiben. Alles Liebe f\u00fcr dich. Ich bin immer bei Dir. Ich umarme dich und bin dein Strolch.\u201c<\/em><\/p><p style=\"font-weight: 400;\">\u00a0<\/p><p style=\"font-weight: 400;\">35\u201958\u00a0\u00a0\u00a0\u00a0\u00a0\u00a0\u00a0\u00a0\u00a0\u00a0\u00a0\u00a0\u00a0\u00a0\u00a0<\/p><p style=\"font-weight: 400;\">Das war sein letzter Brief. Tags darauf war der Gefreite Blumenthal tot. Erschossen auf dem Streifengang von Partisanen &#8211; bei Kilometer 412,7. Das Schreiben, das ihn vom Frontdienst freistellte, die Bescheinigung seiner Unabk\u00f6mmlichkeit in der Heimat als K\u00fcnstler von Rang, kam wenig sp\u00e4ter mit der Feldpost.<\/p><p style=\"font-weight: 400;\">\u00a0<\/p><p style=\"font-weight: 400;\">36\u201927\u00a0\u00a0\u00a0\u00a0\u00a0\u00a0\u00a0\u00a0\u00a0\u00a0\u00a0\u00a0\u00a0\u00a0\u00a0<\/p><p style=\"font-weight: 400;\">Die Grabst\u00e4tte nahe der Bahnstation Dretun. An die 50 Gr\u00e4ber z\u00e4hlte dieser kleine Soldatenfriedhof am Ende \u2013 letzte Ruhest\u00e4tte gefallener deutscher Wachsoldaten.\u00a0<\/p><p style=\"font-weight: 400;\">\u00a0<\/p><p style=\"font-weight: 400;\">36\u201942\u00a0\u00a0\u00a0\u00a0\u00a0\u00a0\u00a0\u00a0\u00a0\u00a0\u00a0\u00a0\u00a0\u00a0\u00a0<\/p><p style=\"font-weight: 400;\">L\u00e4ngst hat der Wald diesen Platz zur\u00fcckerobert.<\/p><p style=\"font-weight: 400;\">\u00a0<\/p><p style=\"font-weight: 400;\">36\u201948\u00a0\u00a0\u00a0\u00a0\u00a0\u00a0\u00a0\u00a0\u00a0\u00a0\u00a0\u00a0\u00a0\u00a0\u00a0<\/p><p style=\"font-weight: 400;\">Jemand hat ein Kreuz aus zwei \u00c4sten aufgestellt.<\/p><p style=\"font-weight: 400;\">\u00a0<\/p><p style=\"font-weight: 400;\">36\u201956\u00a0\u00a0\u00a0\u00a0\u00a0\u00a0\u00a0\u00a0\u00a0\u00a0\u00a0\u00a0\u00a0\u00a0\u00a0<\/p><p style=\"font-weight: 400;\">1987 wurde der Friedhof von Schatzgr\u00e4bern durchw\u00fchlt.<\/p><p style=\"font-weight: 400;\">\u00a0<\/p><p style=\"font-weight: 400;\">37\u201907\u00a0\u00a0\u00a0\u00a0\u00a0\u00a0\u00a0\u00a0\u00a0\u00a0\u00a0\u00a0\u00a0\u00a0\u00a0<\/p><p style=\"font-weight: 400;\">Ein rostiges Koppelschloss liegt da noch.<\/p><p style=\"font-weight: 400;\">\u00a0<\/p><p style=\"font-weight: 400;\">37\u201843\u00a0\u00a0\u00a0\u00a0\u00a0\u00a0\u00a0\u00a0\u00a0\u00a0\u00a0\u00a0\u00a0\u00a0\u00a0<\/p><p style=\"font-weight: 400;\">O-Ton: Die deutschen Gro\u00dfrazzien gegen die Partisanen hatten klangvolle Namen.\u00a0\u201eAdler\u201c, \u201eErntefest\u201c, \u201eMaik\u00e4fer\u201c, \u201eKormoran\u201c. Sie alle fanden in Wei\u00dfru\u00dfland statt, wo die Partisanen zahlreich waren und zu einer st\u00e4ndigen Gefahr f\u00fcr die Besatzer wurden. Hier finden Polizeieinheiten verlassene Erdh\u00fctten vor. Der Feind ist unsichtbar.<\/p><p style=\"font-weight: 400;\">\u00a0<\/p><p style=\"font-weight: 400;\">38\u201908\u00a0\u00a0\u00a0\u00a0\u00a0\u00a0\u00a0\u00a0\u00a0\u00a0\u00a0\u00a0\u00a0\u00a0\u00a0<\/p><p style=\"font-weight: 400;\">Wenn die Partisanen entrinnen, m\u00fcssen Zivilisten b\u00fc\u00dfen. Man mu\u00df Erfolge melden. Am Ende brennt ein Dorf, ein angeblicher Schlupfwinkel\u2026<\/p><p style=\"font-weight: 400;\">\u00a0<\/p><p style=\"font-weight: 400;\">38\u201937\u00a0\u00a0\u00a0\u00a0\u00a0\u00a0\u00a0\u00a0<\/p><p style=\"font-weight: 400;\">\u2026und der Wochenschau-Kamera werden Bauern als R\u00e4delsf\u00fchrer pr\u00e4sentiert. Arme Kerle, die nicht wissen, wie ihnen geschieht.<\/p><p style=\"font-weight: 400;\">\u00a0<\/p><p style=\"font-weight: 400;\">38\u201951\u00a0\u00a0\u00a0\u00a0\u00a0\u00a0\u00a0\u00a0\u00a0\u00a0\u00a0\u00a0\u00a0\u00a0\u00a0<\/p><p style=\"font-weight: 400;\">Erich von dem Bach-Zelewski, SS-Obergruppenf\u00fchrer und General der Polizei. Er war Himmlers oberster Bandenbek\u00e4mpfer. Sein Tagebuch.<\/p><p style=\"font-weight: 400;\"><em>\u00a0<\/em><\/p><p style=\"font-weight: 400;\"><em>39\u201905\u00a0\u00a0\u00a0\u00a0\u00a0\u00a0\u00a0\u00a0<\/em><\/p><ol><li style=\"font-weight: 400;\"><em> d. Bach-Zelewski: \u201eEndresultat des Unternehmens \u201eAdler\u201c: Feindverluste 1.381 Tote, 428 Gefangene&#8230; Eigene Verluste: 28 Tote, 2 Vermisste, 64 Verwundete&#8230;. Erhalte das Band zur Ostmedaille, den \u201eRollbahnorden\u201c, wie der Soldatenmund ihn nennt.\u201c<\/em><\/li><\/ol><p style=\"font-weight: 400;\">\u00a0<\/p><p style=\"font-weight: 400;\">39\u201926\u00a0\u00a0\u00a0\u00a0\u00a0\u00a0\u00a0\u00a0\u00a0\u00a0\u00a0\u00a0\u00a0\u00a0\u00a0<\/p><p style=\"font-weight: 400;\">Sein Mann f\u00fcrs Grobe: Oskar Dirlewanger, Kommandeur einer SS-Sondereinheit.<\/p><p style=\"font-weight: 400;\">\u00a0<\/p><p style=\"font-weight: 400;\">39\u201935\u00a0\u00a0\u00a0\u00a0\u00a0\u00a0\u00a0\u00a0\u00a0\u00a0\u00a0\u00a0\u00a0\u00a0\u00a0<\/p><p style=\"font-weight: 400;\">Sie brannte bei der Aktion \u201eAdler\u201c Anfang August 1942 zwei kleine wei\u00dfrussische D\u00f6rfer nieder und ermordete 140 Einwohner. Die D\u00f6rfer hie\u00dfen Selez und Wjasen &#8211; an ihrer Stelle stehen heute Grabsteine. Zwei niedergebrannte D\u00f6rfer von 628, allein in Wei\u00dfrussland.<\/p><p style=\"font-weight: 400;\">\u00a0<\/p><p style=\"font-weight: 400;\">39\u201956\u00a0\u00a0\u00a0\u00a0\u00a0\u00a0\u00a0\u00a0\u00a0\u00a0\u00a0\u00a0\u00a0\u00a0\u00a0<\/p><p style=\"font-weight: 400;\">Diesem Mann galt die Aktion: Wladimir Nitschiporovitsch, Kommandeur des Partisanenverbandes \u201eKlitschev\u201c.<\/p><p style=\"font-weight: 400;\">\u00a0<\/p><p style=\"font-weight: 400;\">40\u201810\u00a0\u00a0\u00a0\u00a0\u00a0\u00a0\u00a0\u00a0<\/p><p style=\"font-weight: 400;\">O-Ton Aleksej Kawko:\u00a0<em>\u201eEr hat alle Partisanen aus der Umzingelung herausgef\u00fchrt. Ohne Verluste.\u00a0\u00dcber ihn wurde nur gut gesprochen. Er war streng, aber er schonte seine Leute und schickte sie nicht um jeden Preis ins Feuer. Es gab nur das Beste \u00fcber ihn zu h\u00f6ren, als Mensch und Kommandeur.\u201c<\/em><\/p><p style=\"font-weight: 400;\">\u00a0<\/p><p style=\"font-weight: 400;\">40\u201958\u00a0\u00a0\u00a0\u00a0\u00a0\u00a0\u00a0\u00a0\u00a0\u00a0\u00a0\u00a0\u00a0\u00a0\u00a0<\/p><p style=\"font-weight: 400;\">Man<em>\u00a0<\/em>sagt aber, da\u00df jemand ihn in Moskau anschw\u00e4rzte!<\/p><p style=\"font-weight: 400;\">\u00a0<\/p><p style=\"font-weight: 400;\">41\u201901\u00a0\u00a0\u00a0\u00a0\u00a0\u00a0\u00a0\u00a0<\/p><p style=\"font-weight: 400;\"><em>\u201eJa<\/em>\u2026 d<em>amals war es sehr schwer, dar\u00fcber etwas zu erfahren. Aber es kursierten Ger\u00fcchte&#8230; Dass er zum General und zum Kommandeur einer Division bei Stalingrad bef\u00f6rdert worden sei&#8230;\u00a0Und dass er danach im GULAG endete\u2026 Aber posthum hat man ihn rehabilitiert\u201c<\/em><\/p><p style=\"font-weight: 400;\">\u00a0<\/p><p style=\"font-weight: 400;\">41\u201935\u00a0\u00a0\u00a0\u00a0\u00a0\u00a0\u00a0\u00a0\u00a0\u00a0\u00a0\u00a0\u00a0\u00a0\u00a0<\/p><p style=\"font-weight: 400;\">Oberst Nitschiporowitsch war ein versprengter Rotarmist. Er hielt seine M\u00e4nner bei Disziplin. Das passte nicht jedem.\u00a0Sein Kommissar meldete nach Moskau, es sei unklar, wo\u00a0er den Winter 41 verbracht habe. Das gen\u00fcgte. Nitschiporovitsch wurde in die Hauptstadt beordert und starb im Januar 45 in Untersuchungshaft.<\/p><p style=\"font-weight: 400;\">\u00a0<\/p><p style=\"font-weight: 400;\">42\u201913\u00a0\u00a0\u00a0\u00a0\u00a0\u00a0\u00a0\u00a0\u00a0\u00a0\u00a0\u00a0\u00a0\u00a0\u00a0<\/p><p style=\"font-weight: 400;\">Landeseigene Verb\u00e4nde &#8211; mehr als 1 Million bewaffneter Einheimischer im Dienst der Besatzer. Im Kampf gegen \u2013 wenn es hochkommt \u2013 250000 Partisanen.<\/p><p style=\"font-weight: 400;\">\u00a0<\/p><p style=\"font-weight: 400;\">42\u201922\u00a0\u00a0\u00a0\u00a0\u00a0\u00a0\u00a0\u00a0\u00a0\u00a0\u00a0\u00a0\u00a0\u00a0\u00a0<\/p><p style=\"font-weight: 400;\">Im April 1943 kamen sie auch in das Dorf von Nina Perednja.<\/p><p style=\"font-weight: 400;\">\u00a0<\/p><p style=\"font-weight: 400;\">42\u201834\u00a0\u00a0\u00a0\u00a0\u00a0\u00a0\u00a0\u00a0<\/p><p style=\"font-weight: 400;\">O-Ton Nina Perednja:\u00a0<em>\u201eMeine Schwester wohnte in einem guten Haus. Dazu geh\u00f6rte eine gro\u00dfe Scheune. Dort wurden alle hineingetrieben. Meine Oma war alt. Sie konnte nicht wie ich weglaufen. Sie blieb zu Hause, stand vor der Ikone und betete.<\/em>\u00a0<em>Das waren haupts\u00e4chlich nicht Deutsche, sondern Polizei. Einheimische. Einer von der Polizei kam ins Haus und f\u00fchrte Oma ab &#8211; hinein in die Scheune, in die alle getrieben wurden. Die Deutschen hatten das Dorf umzingelt, und die Polizisten trieben im Dorf die Leute zusammen. Es gab genug Abtr\u00fcnnige, die den Deutschen dienten. Sie trieben alle in die Scheune und brachten sie dort um. Dann wurde die Scheune in Brand gesteckt.<\/em>\u00a0<em>Eine Frau blieb am Leben und kroch zur Seite. Sie hob den Kopf und sagte, wie sie uns sp\u00e4ter erz\u00e4hlte: \u201eLebt hier noch wer? Steht auf. Lasst uns gehen. Die sind schon weg.\u201c Aber es war nur das R\u00f6cheln zu h\u00f6ren. Der ganze Boden in der Scheune war mit Leichen bedeckt. Sie alle waren verbrannt.<\/em>\u00a0<em>Als keine Sch\u00fcsse mehr fielen, und die Soldaten abgezogen waren, kehrten wir aus unseren Verstecken ins Dorf zur\u00fcck. Wir suchten unsere Verwandten. Aber wie sollte man da jemanden wiedererkennen?<\/em>\u00a0<em>Ich fand einen Kamm aus Eisen, nein, nicht aus Eisen \u2013 aus Blech. Im Krieg gab es ja nichts anderes.<\/em>\u00a0<em>Ich wusste: der geh\u00f6rt meiner Schwester. Als ich die Asche vom Sch\u00e4del wischte, sah ich diesen Kamm &#8211; und die Hand, die Kn\u00f6chelchen, und an dem H\u00e4ndchen der Ring. Der Ring war aus Gold; wir haben ihn geputzt, und meine andere Schwester hat ihn behalten\u201c.<\/em><\/p><p style=\"font-weight: 400;\">\u00a0<\/p><p style=\"font-weight: 400;\">45\u201935\u00a0\u00a0\u00a0\u00a0\u00a0\u00a0\u00a0\u00a0\u00a0\u00a0\u00a0\u00a0\u00a0\u00a0\u00a0<\/p><p style=\"font-weight: 400;\">\u201eWir fahren nach Deutschland\u201c \u2013 ein deutscher Propagandafilm zur Anwerbung von Fremdarbeitern \u2013 aus der Ukraine und aus Wei\u00dfru\u00dfland. Gedreht 1943 in Kiew. Das Deutsche Reich, die Wirtschaft und R\u00fcstungsindustrie brauchten Arbeitskr\u00e4fte.<\/p><p style=\"font-weight: 400;\">\u00a0<\/p><p style=\"font-weight: 400;\">45\u201955\u00a0\u00a0\u00a0\u00a0\u00a0\u00a0\u00a0\u00a0\u00a0\u00a0\u00a0\u00a0\u00a0\u00a0\u00a0<\/p><p style=\"font-weight: 400;\">Anfangs gingen viele noch freiwillig\u2013 vielleicht nicht ganz so fr\u00f6hlich wie in diesem Film. Dann aber sprach sich herum, was einen in Deutschland erwartete. Sklavenarbeit. Also musste nachgeholfen werden.<\/p><p style=\"font-weight: 400;\">\u00a0<\/p><p style=\"font-weight: 400;\">46\u201914\u00a0\u00a0\u00a0\u00a0\u00a0\u00a0\u00a0\u00a0\u00a0\u00a0\u00a0\u00a0\u00a0\u00a0\u00a0<\/p><p style=\"font-weight: 400;\">Eine Razzia in Minsk im April 1943. Sie trug den Codenamen \u201eZauberfl\u00f6te\u201c. Nach Mozarts Oper. Dieser Einsatz galt nicht nur Partisanen oder Saboteuren. Er diente auch der Verschleppung von Zwangsarbeitern.<\/p><p style=\"font-weight: 400;\">\u00a0<\/p><p style=\"font-weight: 400;\">46\u201936\u00a0\u00a0\u00a0\u00a0\u00a0\u00a0\u00a0\u00a0\u00a0\u00a0\u00a0\u00a0\u00a0\u00a0\u00a0<\/p><p style=\"font-weight: 400;\">Einen gr\u00f6\u00dferen Gefallen h\u00e4tten die Deutschen der Partisanenbewegung nicht tun k\u00f6nnen.<\/p><p style=\"font-weight: 400;\">\u00a0<\/p><p style=\"font-weight: 400;\">46\u201945\u00a0\u00a0\u00a0\u00a0\u00a0\u00a0\u00a0\u00a0\u00a0\u00a0\u00a0\u00a0\u00a0\u00a0\u00a0<\/p><p style=\"font-weight: 400;\">Aus Angst vor der Deportation nach Deutschland flohen viele junge Leute in die W\u00e4lder. Feierliche Aufnahme mit Eid in einer Partisanen-Einheit. Auch Aleksej Kawko, der anfangs geschwankt hatte, wurde jetzt Partisan.<\/p><p style=\"font-weight: 400;\">\u00a0<\/p><p style=\"font-weight: 400;\">47\u201912\u00a0\u00a0\u00a0\u00a0\u00a0\u00a0\u00a0\u00a0<\/p><p style=\"font-weight: 400;\">O-Ton Aleksej Kawko<em>: \u201eWir wollten unsere Familien nicht gef\u00e4hrden. Darum hatten wir uns folgendes ausgedacht: Die Burschen aus dem Nachbardorf kamen bei Nacht, gaben sich als Polizisten aus und taten so, als w\u00fcrden sie uns zum Arbeitseinsatz einziehen. Sie brachten uns aber in ihr Dorf. Wir \u00fcbernachteten dort und in der n\u00e4chsten Nacht \u00b4verhafteten\u00b4 wir sie. Dann gingen wir alle zu den Partisanen in den Klitschew-Bezirk\u2026 in die D\u00f6rfer Slobodka, Golynka \u2013 dort stand unser 208. Partisanenregiment.\u00a0Es war nat\u00fcrlich naiv, zu glauben, dass die Deutschen nicht herausfinden w\u00fcrden, wohin wir gegangen waren. Aber so hatten wir immerhin das Gef\u00fchl, es versucht zu haben, unsere Familien zu sch\u00fctzen.\u201c<\/em><\/p><p style=\"font-weight: 400;\">\u00a0<\/p><p style=\"font-weight: 400;\">48\u201910\u00a0\u00a0\u00a0\u00a0\u00a0\u00a0\u00a0\u00a0\u00a0\u00a0\u00a0\u00a0\u00a0\u00a0\u00a0<\/p><p style=\"font-weight: 400;\">Auf die D\u00e4cher sind sie gestiegen, in der alten russischen Stadt Pskow, um einer Parade zuzusehen. \u201eHitler, der Befreier\u201c. 22. Juni 1943,\u00a0die Besatzer feiern den zweiten Jahrestag des \u00dcberfalls auf die Sowjetunion. Niemand scheint hier am Sieg zu zweifeln. Und das nach Stalingrad.<\/p><p style=\"font-weight: 400;\">Hier paradiert die Ehrenkompanie der Brigade Radjonow. Gil-Radjonow ist eine zwielichtige Gestalt: Der ehemalige sowjetische Oberstleutnant k\u00e4mpft als Kommandeur eines Bataillons von russischen \u00dcberl\u00e4ufern gemeinsam mit den Deutschen gegen die Partisanen.<\/p><p style=\"font-weight: 400;\">\u00a0<\/p><p style=\"font-weight: 400;\">48\u201950\u00a0\u00a0\u00a0\u00a0\u00a0\u00a0\u00a0\u00a0\u00a0\u00a0\u00a0\u00a0\u00a0\u00a0\u00a0<\/p><p style=\"font-weight: 400;\">Zwei Monate sp\u00e4ter wechselt er wieder die Seiten. Die deutschen Angeh\u00f6rigen seiner Truppe werden aufgeh\u00e4ngt. Die anderen laufen mit ihm \u00fcber.<\/p><p style=\"font-weight: 400;\">\u00a0<\/p><p style=\"font-weight: 400;\">49\u201907<\/p><p style=\"font-weight: 400;\">O-Ton Iwan Perednja:\u00a0<em>\u201eEines Tages kam von Gil-Radjonow ein Kurier mit dem Aufruf, dass wir zu ihm \u00fcberlaufen sollten. Unser Kommandeur Titk\u00f3f hat ihm geantwortet: Nein, ihr t\u00e4tet besser daran,\u00a0zu uns \u00fcberzulaufen. Er hat ihm die Lage deutlich geschildert: da\u00df an unserem Sieg kein Zweifel mehr sei, da\u00df der Feind zerschlagen werde.<\/em><\/p><p style=\"font-weight: 400;\">\u00a0<\/p><p style=\"font-weight: 400;\">49\u201924\u00a0\u00a0\u00a0\u00a0\u00a0\u00a0\u00a0\u00a0\u00a0\u00a0\u00a0\u00a0\u00a0\u00a0\u00a0<\/p><p style=\"font-weight: 400;\">Das sind sie, Radionows Leute. Sie nennen sich jetzt \u201eErste antifaschistische Partisanenbrigade\u201c. Zum Beweis ihrer Loyalit\u00e4t haben sie einen deutschen St\u00fctzpunkt und eine Bahnstation \u00fcberfallen.<\/p><p style=\"font-weight: 400;\">\u00a0<\/p><p style=\"font-weight: 400;\">49\u201951\u00a0\u00a0\u00a0\u00a0\u00a0\u00a0\u00a0\u00a0\u00a0\u00a0\u00a0\u00a0\u00a0\u00a0\u00a0<\/p><p style=\"font-weight: 400;\">Die Kamerafrau Maria Suchowa. Sie fiel wenig sp\u00e4ter.<\/p><p style=\"font-weight: 400;\">\u00a0<\/p><p style=\"font-weight: 400;\">50\u201905\u00a0\u00a0\u00a0\u00a0\u00a0\u00a0\u00a0\u00a0\u00a0\u00a0\u00a0\u00a0\u00a0\u00a0\u00a0<\/p><p style=\"font-weight: 400;\">Gil-Rodionow als Partisanenf\u00fchrer. Die Sowjets lassen ihn k\u00e4mpfen, weil sie ihn brauchen. Wo immer es brenzlig wird, m\u00fcssen seine Leute vorangehen.<\/p><p style=\"font-weight: 400;\">\u00a0<\/p><p style=\"font-weight: 400;\">50\u201915\u00a0\u00a0\u00a0\u00a0\u00a0\u00a0\u00a0\u00a0\u00a0\u00a0\u00a0\u00a0\u00a0\u00a0\u00a0<\/p><p style=\"font-weight: 400;\">Ein Gem\u00e4lde zeigt Kommandeure und Kommissare der Partisanenrepublik Uschatschi, einem Gebiet in Wei\u00dfru\u00dfland, das der Kontrolle der deutschen Besatzer v\u00f6llig entglitten ist.<\/p><p style=\"font-weight: 400;\">\u00a0<\/p><p style=\"font-weight: 400;\">50\u201929\u00a0\u00a0\u00a0\u00a0\u00a0\u00a0\u00a0\u00a0\u00a0\u00a0\u00a0\u00a0\u00a0\u00a0\u00a0<\/p><p style=\"font-weight: 400;\">In diesem Pantheon hat auch Gil-Rodionow seinen Platz. Aber einen Platz im Schatten. Was w\u00e4re ihm widerfahren, wenn er den Krieg \u00fcberlebt h\u00e4tte?<\/p><p style=\"font-weight: 400;\">\u00a0<\/p><p style=\"font-weight: 400;\">50\u201947\u00a0\u00a0\u00a0\u00a0\u00a0\u00a0\u00a0\u00a0\u00a0\u00a0\u00a0\u00a0\u00a0\u00a0\u00a0<\/p><p style=\"font-weight: 400;\">Im April 1944 begann die Wehrmacht zusammen mit SS und Polizei das Unternehmen \u201eFr\u00fchlingsfest\u201c.\u00a0Es war die gr\u00f6\u00dfte und blutigste Partisanenschlacht des Kriegs. Es war auch die letzte. Mehr als 7000 Partisanen fielen, die toten Zivilisten hat keiner gez\u00e4hlt. Es waren 15000.<\/p><p style=\"font-weight: 400;\">\u00a0<\/p><p style=\"font-weight: 400;\">51\u201924\u00a0\u00a0\u00a0\u00a0\u00a0\u00a0\u00a0\u00a0\u00a0\u00a0\u00a0\u00a0\u00a0\u00a0\u00a0<\/p><p style=\"font-weight: 400;\">Das Partisanendenkmal an der Stelle ihres Untergangs beschw\u00f6rt ein Heldentum, das sich nicht ganz mit der historischen Wirklichkeit deckt.<\/p><p style=\"font-weight: 400;\">\u00a0<\/p><p style=\"font-weight: 400;\">51\u201926\u00a0\u00a0\u00a0\u00a0\u00a0\u00a0\u00a0\u00a0\u00a0\u00a0\u00a0\u00a0\u00a0\u00a0\u00a0<\/p><p style=\"font-weight: 400;\">Zwei Monate sp\u00e4ter eroberte die Rote Armee Minsk zur\u00fcck. Ein Jahr sp\u00e4ter ist der Krieg vorbei. Nun gehen andere in die W\u00e4lder. Jetzt sind Sie die \u201eBanditen\u201c. Bis in die sechziger Jahre hat die Sowjetmacht mit ihnen zu tun.<\/p><p style=\"font-weight: 400;\">\u00a0<\/p><p style=\"font-weight: 400;\">51\u201943\u00a0\u00a0\u00a0\u00a0\u00a0\u00a0\u00a0\u00a0\u00a0\u00a0\u00a0\u00a0\u00a0\u00a0\u00a0<\/p><p style=\"font-weight: 400;\">Doch das ist eine andere Geschichte.<\/p>\t\t\t\t\t\t<\/div>\n\t\t\t\t<\/div>\n\t\t\t\t\t<\/div>\n\t\t<\/div>\n\t\t\t\t\t<\/div>\n\t\t<\/section>\n\t\t\t\t<\/div>\n\t\t","protected":false},"excerpt":{"rendered":"<p>0\u00b406&nbsp;&nbsp;&nbsp;&nbsp;&nbsp;&nbsp;&nbsp;&nbsp;&nbsp;&nbsp;&nbsp;&nbsp;&nbsp;&nbsp;&nbsp;&nbsp;&nbsp; \u201eWir sind Partisanen und haben auf deutsche Soldaten geschossen.\u201c 0\u201811\u2018\u2018&nbsp;&nbsp;&nbsp;&nbsp;&nbsp;&nbsp;&nbsp;&nbsp;&nbsp;&nbsp;&nbsp;&nbsp;&nbsp;&nbsp;&nbsp; Minsk, Wei\u00dfrussland, 26. Oktober 1941. 0\u201822\u2018\u2018&nbsp;&nbsp;&nbsp;&nbsp;&nbsp;&nbsp;&nbsp;&nbsp;&nbsp;&nbsp;&nbsp;&nbsp;&nbsp;&nbsp;&nbsp; Seit vier Monaten f\u00fchrt das Deutsche Reich Krieg [&#8230;]<\/p>\n","protected":false},"author":1,"featured_media":0,"parent":0,"menu_order":0,"comment_status":"closed","ping_status":"closed","template":"","meta":[],"yoast_head":"<!-- This site is optimized with the Yoast SEO plugin v21.8.1 - https:\/\/yoast.com\/wordpress\/plugins\/seo\/ -->\n<title>Die Partisanen. Krieg hinter der Front, Kommentartext - Schmidt &amp; Paetzel Fernsehfilme<\/title>\n<meta name=\"robots\" content=\"index, follow, max-snippet:-1, max-image-preview:large, max-video-preview:-1\" \/>\n<link rel=\"canonical\" href=\"http:\/\/schmidt-paetzel.de\/?page_id=255\" \/>\n<meta property=\"og:locale\" content=\"de_DE\" \/>\n<meta property=\"og:type\" content=\"article\" \/>\n<meta property=\"og:title\" content=\"Die Partisanen. Krieg hinter der Front, Kommentartext - Schmidt &amp; Paetzel Fernsehfilme\" \/>\n<meta property=\"og:description\" content=\"0\u00b406&nbsp;&nbsp;&nbsp;&nbsp;&nbsp;&nbsp;&nbsp;&nbsp;&nbsp;&nbsp;&nbsp;&nbsp;&nbsp;&nbsp;&nbsp;&nbsp;&nbsp; \u201eWir sind Partisanen und haben auf deutsche Soldaten geschossen.\u201c 0\u201811\u2018\u2018&nbsp;&nbsp;&nbsp;&nbsp;&nbsp;&nbsp;&nbsp;&nbsp;&nbsp;&nbsp;&nbsp;&nbsp;&nbsp;&nbsp;&nbsp; Minsk, Wei\u00dfrussland, 26. Oktober 1941. 0\u201822\u2018\u2018&nbsp;&nbsp;&nbsp;&nbsp;&nbsp;&nbsp;&nbsp;&nbsp;&nbsp;&nbsp;&nbsp;&nbsp;&nbsp;&nbsp;&nbsp; Seit vier Monaten f\u00fchrt das Deutsche Reich Krieg [...]\" \/>\n<meta property=\"og:url\" content=\"http:\/\/schmidt-paetzel.de\/?page_id=255\" \/>\n<meta property=\"og:site_name\" content=\"Schmidt &amp; Paetzel Fernsehfilme\" \/>\n<meta property=\"article:modified_time\" content=\"2020-05-28T09:10:28+00:00\" \/>\n<meta name=\"twitter:card\" content=\"summary_large_image\" \/>\n<meta name=\"twitter:label1\" content=\"Gesch\u00e4tzte Lesezeit\" \/>\n\t<meta name=\"twitter:data1\" content=\"32\u00a0Minuten\" \/>\n<script type=\"application\/ld+json\" class=\"yoast-schema-graph\">{\"@context\":\"https:\/\/schema.org\",\"@graph\":[{\"@type\":\"WebPage\",\"@id\":\"http:\/\/schmidt-paetzel.de\/?page_id=255\",\"url\":\"http:\/\/schmidt-paetzel.de\/?page_id=255\",\"name\":\"Die Partisanen. Krieg hinter der Front, Kommentartext - Schmidt &amp; Paetzel Fernsehfilme\",\"isPartOf\":{\"@id\":\"http:\/\/schmidt-paetzel.de\/#website\"},\"datePublished\":\"2020-05-28T08:43:26+00:00\",\"dateModified\":\"2020-05-28T09:10:28+00:00\",\"breadcrumb\":{\"@id\":\"http:\/\/schmidt-paetzel.de\/?page_id=255#breadcrumb\"},\"inLanguage\":\"de\",\"potentialAction\":[{\"@type\":\"ReadAction\",\"target\":[\"http:\/\/schmidt-paetzel.de\/?page_id=255\"]}]},{\"@type\":\"BreadcrumbList\",\"@id\":\"http:\/\/schmidt-paetzel.de\/?page_id=255#breadcrumb\",\"itemListElement\":[{\"@type\":\"ListItem\",\"position\":1,\"name\":\"Startseite\",\"item\":\"http:\/\/schmidt-paetzel.de\/\"},{\"@type\":\"ListItem\",\"position\":2,\"name\":\"Die Partisanen. Krieg hinter der Front, Kommentartext\"}]},{\"@type\":\"WebSite\",\"@id\":\"http:\/\/schmidt-paetzel.de\/#website\",\"url\":\"http:\/\/schmidt-paetzel.de\/\",\"name\":\"Schmidt &amp; Paetzel Fernsehfilme\",\"description\":\"\",\"potentialAction\":[{\"@type\":\"SearchAction\",\"target\":{\"@type\":\"EntryPoint\",\"urlTemplate\":\"http:\/\/schmidt-paetzel.de\/?s={search_term_string}\"},\"query-input\":\"required name=search_term_string\"}],\"inLanguage\":\"de\"}]}<\/script>\n<!-- \/ Yoast SEO plugin. -->","yoast_head_json":{"title":"Die Partisanen. Krieg hinter der Front, Kommentartext - Schmidt &amp; Paetzel Fernsehfilme","robots":{"index":"index","follow":"follow","max-snippet":"max-snippet:-1","max-image-preview":"max-image-preview:large","max-video-preview":"max-video-preview:-1"},"canonical":"http:\/\/schmidt-paetzel.de\/?page_id=255","og_locale":"de_DE","og_type":"article","og_title":"Die Partisanen. Krieg hinter der Front, Kommentartext - Schmidt &amp; Paetzel Fernsehfilme","og_description":"0\u00b406&nbsp;&nbsp;&nbsp;&nbsp;&nbsp;&nbsp;&nbsp;&nbsp;&nbsp;&nbsp;&nbsp;&nbsp;&nbsp;&nbsp;&nbsp;&nbsp;&nbsp; \u201eWir sind Partisanen und haben auf deutsche Soldaten geschossen.\u201c 0\u201811\u2018\u2018&nbsp;&nbsp;&nbsp;&nbsp;&nbsp;&nbsp;&nbsp;&nbsp;&nbsp;&nbsp;&nbsp;&nbsp;&nbsp;&nbsp;&nbsp; Minsk, Wei\u00dfrussland, 26. Oktober 1941. 0\u201822\u2018\u2018&nbsp;&nbsp;&nbsp;&nbsp;&nbsp;&nbsp;&nbsp;&nbsp;&nbsp;&nbsp;&nbsp;&nbsp;&nbsp;&nbsp;&nbsp; Seit vier Monaten f\u00fchrt das Deutsche Reich Krieg [...]","og_url":"http:\/\/schmidt-paetzel.de\/?page_id=255","og_site_name":"Schmidt &amp; Paetzel Fernsehfilme","article_modified_time":"2020-05-28T09:10:28+00:00","twitter_card":"summary_large_image","twitter_misc":{"Gesch\u00e4tzte Lesezeit":"32\u00a0Minuten"},"schema":{"@context":"https:\/\/schema.org","@graph":[{"@type":"WebPage","@id":"http:\/\/schmidt-paetzel.de\/?page_id=255","url":"http:\/\/schmidt-paetzel.de\/?page_id=255","name":"Die Partisanen. Krieg hinter der Front, Kommentartext - Schmidt &amp; Paetzel Fernsehfilme","isPartOf":{"@id":"http:\/\/schmidt-paetzel.de\/#website"},"datePublished":"2020-05-28T08:43:26+00:00","dateModified":"2020-05-28T09:10:28+00:00","breadcrumb":{"@id":"http:\/\/schmidt-paetzel.de\/?page_id=255#breadcrumb"},"inLanguage":"de","potentialAction":[{"@type":"ReadAction","target":["http:\/\/schmidt-paetzel.de\/?page_id=255"]}]},{"@type":"BreadcrumbList","@id":"http:\/\/schmidt-paetzel.de\/?page_id=255#breadcrumb","itemListElement":[{"@type":"ListItem","position":1,"name":"Startseite","item":"http:\/\/schmidt-paetzel.de\/"},{"@type":"ListItem","position":2,"name":"Die Partisanen. Krieg hinter der Front, Kommentartext"}]},{"@type":"WebSite","@id":"http:\/\/schmidt-paetzel.de\/#website","url":"http:\/\/schmidt-paetzel.de\/","name":"Schmidt &amp; Paetzel Fernsehfilme","description":"","potentialAction":[{"@type":"SearchAction","target":{"@type":"EntryPoint","urlTemplate":"http:\/\/schmidt-paetzel.de\/?s={search_term_string}"},"query-input":"required name=search_term_string"}],"inLanguage":"de"}]}},"_links":{"self":[{"href":"http:\/\/schmidt-paetzel.de\/index.php?rest_route=\/wp\/v2\/pages\/255"}],"collection":[{"href":"http:\/\/schmidt-paetzel.de\/index.php?rest_route=\/wp\/v2\/pages"}],"about":[{"href":"http:\/\/schmidt-paetzel.de\/index.php?rest_route=\/wp\/v2\/types\/page"}],"author":[{"embeddable":true,"href":"http:\/\/schmidt-paetzel.de\/index.php?rest_route=\/wp\/v2\/users\/1"}],"replies":[{"embeddable":true,"href":"http:\/\/schmidt-paetzel.de\/index.php?rest_route=%2Fwp%2Fv2%2Fcomments&post=255"}],"version-history":[{"count":4,"href":"http:\/\/schmidt-paetzel.de\/index.php?rest_route=\/wp\/v2\/pages\/255\/revisions"}],"predecessor-version":[{"id":276,"href":"http:\/\/schmidt-paetzel.de\/index.php?rest_route=\/wp\/v2\/pages\/255\/revisions\/276"}],"wp:attachment":[{"href":"http:\/\/schmidt-paetzel.de\/index.php?rest_route=%2Fwp%2Fv2%2Fmedia&parent=255"}],"curies":[{"name":"wp","href":"https:\/\/api.w.org\/{rel}","templated":true}]}}