{"id":19,"date":"2020-05-26T13:41:34","date_gmt":"2020-05-26T13:41:34","guid":{"rendered":"http:\/\/schmidt-paetzel.de\/?page_id=19"},"modified":"2024-01-19T09:25:11","modified_gmt":"2024-01-19T09:25:11","slug":"filme","status":"publish","type":"page","link":"https:\/\/schmidt-paetzel.de\/?page_id=19","title":{"rendered":"Unsere Filme seit 1996"},"content":{"rendered":"\t\t<div data-elementor-type=\"wp-page\" data-elementor-id=\"19\" class=\"elementor elementor-19\">\n\t\t\t\t\t\t<section class=\"elementor-section elementor-top-section elementor-element elementor-element-9d001e9 elementor-section-boxed elementor-section-height-default elementor-section-height-default\" data-id=\"9d001e9\" data-element_type=\"section\">\n\t\t\t\t\t\t<div class=\"elementor-container elementor-column-gap-default\">\n\t\t\t\t\t<div class=\"elementor-column elementor-col-100 elementor-top-column elementor-element elementor-element-32d3154\" data-id=\"32d3154\" data-element_type=\"column\">\n\t\t\t<div class=\"elementor-widget-wrap elementor-element-populated\">\n\t\t\t\t\t\t<div class=\"elementor-element elementor-element-ae81100 elementor-widget elementor-widget-toggle\" data-id=\"ae81100\" data-element_type=\"widget\" data-widget_type=\"toggle.default\">\n\t\t\t\t<div class=\"elementor-widget-container\">\n\t\t\t\t\t<div class=\"elementor-toggle\">\n\t\t\t\t\t\t\t<div class=\"elementor-toggle-item\">\n\t\t\t\t\t<h6 id=\"elementor-tab-title-1821\" class=\"elementor-tab-title\" data-tab=\"1\" role=\"button\" aria-controls=\"elementor-tab-content-1821\" aria-expanded=\"false\">\n\t\t\t\t\t\t\t\t\t\t\t\t<span class=\"elementor-toggle-icon elementor-toggle-icon-left\" aria-hidden=\"true\">\n\t\t\t\t\t\t\t\t\t\t\t\t\t\t\t<span class=\"elementor-toggle-icon-closed\"><i class=\"fas fa-caret-right\"><\/i><\/span>\n\t\t\t\t\t\t\t\t<span class=\"elementor-toggle-icon-opened\"><i class=\"elementor-toggle-icon-opened fas fa-caret-up\"><\/i><\/span>\n\t\t\t\t\t\t\t\t\t\t\t\t\t<\/span>\n\t\t\t\t\t\t\t\t\t\t\t\t<a class=\"elementor-toggle-title\" tabindex=\"0\">Leningrad. Stimmen einer belagerten Stadt<\/a>\n\t\t\t\t\t<\/h6>\n\n\t\t\t\t\t<div id=\"elementor-tab-content-1821\" class=\"elementor-tab-content elementor-clearfix\" data-tab=\"1\" role=\"region\" aria-labelledby=\"elementor-tab-title-1821\"><p><a href=\"http:\/\/schmidt-paetzel.de\/wp-content\/uploads\/2024\/01\/Bergholz3.tif\"><img fetchpriority=\"high\" decoding=\"async\" class=\"alignright wp-image-930 size-medium\" src=\"http:\/\/schmidt-paetzel.de\/wp-content\/uploads\/2024\/01\/Obuchowa1-300x202.jpeg\" alt=\"\" width=\"300\" height=\"202\" srcset=\"https:\/\/schmidt-paetzel.de\/wp-content\/uploads\/2024\/01\/Obuchowa1-300x202.jpeg 300w, https:\/\/schmidt-paetzel.de\/wp-content\/uploads\/2024\/01\/Obuchowa1-1024x690.jpeg 1024w, https:\/\/schmidt-paetzel.de\/wp-content\/uploads\/2024\/01\/Obuchowa1-768x517.jpeg 768w, https:\/\/schmidt-paetzel.de\/wp-content\/uploads\/2024\/01\/Obuchowa1.jpeg 1280w\" sizes=\"(max-width: 300px) 100vw, 300px\" \/><\/a>Ein Film von\u00a0<a href=\"http:\/\/schmidt-paetzel.de\/?page_id=146\" target=\"_blank\" rel=\"noopener noreferrer\" data-auth=\"NotApplicable\" data-linkindex=\"0\">Artem Demenok<\/a><br aria-hidden=\"true\" \/>NDR\/Arte\/rbb\/ 2024, 90\u2032<br aria-hidden=\"true\" \/>Erstausstrahlung: 16. Januar 2024 um 20:15 Uhr, Arte<\/p><p>N\u00e4chste Ausstrahlungen:<br \/>5. Februar 2024 um 23:35 Uhr, ARD<br \/>6. Februar 2024 um 02:30 Uhr, ARD<\/p><div><p>\u201eMenschen der Zukunft!\u201c &#8211; mit diesem Zuruf einer Leningraderin beginnt der Film \u00fcber eine der gro\u00dfen Untaten des Zweiten Weltkriegs: \u201eEroberer und Krieger k\u00fcnftiger Schlachten! Habt mehr Respekt und Z\u00e4rtlichkeit f\u00fcr St\u00e4dte! Denkt daran, da\u00df St\u00e4dte beim Untergang schreien. Denn ihr Tod ist unwiderruflich und kann von niemandem und niemals gerechtfertigt werden.\u201c<\/p><p>80 Jahre ist das her. Und heute? Wir selbst sind die Menschen der Zukunft \u2013 und k\u00f6nnten erschrecken \u00fcber die Gegenwart dieser Vergangenheit.<\/p><p>Die Blockade Leningrads hat in diesem Film ein Frauengesicht. Denn die meisten der Aufzeichnungen stammen von Frauen. Es sind Tageb\u00fccher des Sterbens &#8211; oder des \u00dcberlebens. Versuche, sich selbst zu bewahren, durchzustehen, nicht hinzust\u00fcrzen und liegenzubleiben wie so viele Entkr\u00e4ftete, Sterbende. M\u00fchsam der alles l\u00e4hmenden Schw\u00e4che abgerungene, schonungslose Zeilen. Die Schreiberinnen f\u00fcrchten sich nicht vor dem Feind und nicht vor der Kommunistischen Partei, die sich als unf\u00e4hig erwiesen hat. Die verantwortlich ist daf\u00fcr, dass die einen zu essen haben, die anderen nicht: \u201eEs hie\u00df doch: `Wir sind auf den Krieg vorbereitet.\u00b4 Oh Ihr Abenteurer, Ihr Schurken, Ihr r\u00fccksichtslosen Schurken!\u201c &#8211; \u201eManchmal bricht Weinen in die Stille. Das hei\u00dft: eine Brotkarte wurde gestohlen. Niemand f\u00e4ngt st\u00fcrzende Menschen auf. Stumpf und gleichg\u00fcltig gehen die Toten von morgen vorbei.\u201c &#8211; \u201eAuf allen Fotos von Stalin eine unglaubliche Selbstgef\u00e4lligkeit. Wie geht es jetzt dem armen Narren, der glaubte, er sei wirklich der gro\u00dfe, allm\u00e4chtige, allweiseste, g\u00f6ttliche Augustus?\u201c<\/p><p>Kein Wunder, dass diese Stimmen nach dem Krieg ungeh\u00f6rt verklangen, ja: unterdr\u00fcckt wurden. Sie passten nicht zum Pathos des Leningrader Heldenlieds, das nun offiziell angestimmt wurde. Der Hungertod ist kein Heldentod.<\/p><p><strong>Buch \/ Regie:<a href=\"http:\/\/schmidt-paetzel.de\/?page_id=146\" target=\"_blank\" rel=\"noopener noreferrer\" data-auth=\"NotApplicable\" data-linkindex=\"1\">\u00a0Artem Demenok<\/a> \/ Kamera: Oleg Stinski \/ Schnitt: Sergej Range \/ Musik: Alva Noto \/ Tonmischung: Christian Wilmes \/ Sprecher: Hanns Zischler \/ Toni Lorentz \/ Irmelin Krause \/ Sabra Lopes \/ Judith von Radetzky \/ Adelheid Kleineidam \/ Kornelia Boje \/ Agnes Regan \/ Golo Euler \/ Michael Noack \/ Natascha Bub \/ Gabriele Blum \/ Frank R\u00f6th \/ Martina Reuter \/ Hanns-J\u00f6rg Krumpholz \/ Josephine Paetzel\u00a0\/\u00a0Redaktionsassistenz: Britta B\u00fcttner ( NDR) \/ Produktionsleitung:\u00a0<a href=\"http:\/\/schmidt-paetzel.de\/?page_id=134\" target=\"_blank\" rel=\"noopener noreferrer\" data-auth=\"NotApplicable\" data-linkindex=\"2\">Cordula Paetzel<\/a> \/ Tim Carlberg (NDR) \/ Igor Suchanow, Moskau Produzent:\u00a0<a href=\"http:\/\/schmidt-paetzel.de\/?page_id=20\" target=\"_blank\" rel=\"noopener noreferrer\" data-auth=\"NotApplicable\" data-linkindex=\"3\">Andreas Christoph Schmidt<\/a>\u00a0\/ Redaktion:\u00a0Kathrin Bronnert (NDR \/ Arte) \/ Marc Brasse (NDR) \/ Dagmar Mielke (rbb\/arte) \/ Rolf Bergmann (rbb) \/ Eine Gemeinschaftsproduktion von Schmidt &amp; Paetzel Fernsehfilme, Norddeutscher Rundfunk, Arte, Rundfunk Berlin-Brandenbur<\/strong><\/p><\/div><\/div>\n\t\t\t\t<\/div>\n\t\t\t\t\t\t\t<div class=\"elementor-toggle-item\">\n\t\t\t\t\t<h6 id=\"elementor-tab-title-1822\" class=\"elementor-tab-title\" data-tab=\"2\" role=\"button\" aria-controls=\"elementor-tab-content-1822\" aria-expanded=\"false\">\n\t\t\t\t\t\t\t\t\t\t\t\t<span class=\"elementor-toggle-icon elementor-toggle-icon-left\" aria-hidden=\"true\">\n\t\t\t\t\t\t\t\t\t\t\t\t\t\t\t<span class=\"elementor-toggle-icon-closed\"><i class=\"fas fa-caret-right\"><\/i><\/span>\n\t\t\t\t\t\t\t\t<span class=\"elementor-toggle-icon-opened\"><i class=\"elementor-toggle-icon-opened fas fa-caret-up\"><\/i><\/span>\n\t\t\t\t\t\t\t\t\t\t\t\t\t<\/span>\n\t\t\t\t\t\t\t\t\t\t\t\t<a class=\"elementor-toggle-title\" tabindex=\"0\">Stalingrad. Stimmen aus Ruinen<\/a>\n\t\t\t\t\t<\/h6>\n\n\t\t\t\t\t<div id=\"elementor-tab-content-1822\" class=\"elementor-tab-content elementor-clearfix\" data-tab=\"2\" role=\"region\" aria-labelledby=\"elementor-tab-title-1822\"><p><img decoding=\"async\" class=\"alignright\" src=\"http:\/\/schmidt-paetzel.de\/wp-content\/uploads\/2022\/02\/thumbnail_1600px-RIAN_archive_602161_Center_of_Stalingrad_after_liberation-e1643797380685.jpg\" alt=\"Stalingrad\" width=\"285\" height=\"344\" \/><\/p><p>Ein Film von\u00a0<a href=\"http:\/\/schmidt-paetzel.de\/?page_id=146\">Artem Demenok<\/a><br \/>rbb\/NDR\/Arte 2022, 90&#8242;<br \/>Erstausstrahlung: 3. Januar 2023 auf Arte<\/p><p>Nominiert f\u00fcr den <b>Grimme-Preis 2024<\/b><\/p><p>In diesem Winter wird die Schlacht von Stalingrad 80 Jahre her sein. Wer heute diesen Film sieht, wird mit einem neuen Blick auf die Ereignisse von damals schauen. Sie sind verdr\u00e4ngt, aber nicht vergessen, begraben, aber nicht verarbeitet. Es herrscht wieder Krieg in Europa. Man sieht Bilder einer lang vergangenen Schlacht und muss an heute denken.<\/p><p>Man sieht Bilder und h\u00f6rt Stimmen &#8211; Stimmen von damals, die Stimmen jener, die Stalingrad erlebten. Sie sprechen aus Tagebucheintragungen und Briefen \u2013 von Zivilisten und von Soldaten, von Russen und auch von Deutschen. Der Zuschauer erf\u00e4hrt, was damals gedacht wurde. Die Zeugnisse sind nicht nachtr\u00e4glich verfasst, kein Werk des Ged\u00e4chtnisses mit all seinen Schw\u00e4chen, Verbr\u00e4mungen und Verzeichnungen. Es sind Notizen, oft Gekritzel, entstanden in der Situation, ungesch\u00f6nt und aufgeschrieben ohne Angst vor m\u00f6glichen Folgen. In manchen F\u00e4llen das letzte, was von einem Menschen blieb, das letzte, was er uns zurief.<\/p><p><strong>Buch \/ Regie:<a href=\"http:\/\/schmidt-paetzel.de\/?page_id=146\"> Artem Demenok<\/a> \/ Kamera: Oleg Stinski \/ Schnitt: Sergej Range \/ Musik: Alva Noto \/ Ryuichi Sakamoto \/ Tonmischung: Christian Wilmes \/ Lichtbestimmung: Luisa Hermanns \/ Sprecher: Lisa Hrdina \/\u00a0Marian Funk \/\u00a0Frank R\u00f6th \/\u00a0Michael Noack \/\u00a0Hanns J\u00f6rg Krumpholz \/\u00a0Marcus\u00a0Off \/\u00a0Max Volkert Martens \/\u00a0Karl Helmchen \/\u00a0Peter Sura \/\u00a0Josephine Paetzel \/\u00a0Joachim Schoenfeld \/\u00a0Sabra Lopez \/\u00a0Leo Paetzel \/\u00a0Philipp Lind \/\u00a0Alexander Ziegenbein \/\u00a0Luca Wilmes\u00a0\/ Produktionsleitung: <a href=\"http:\/\/schmidt-paetzel.de\/?page_id=134\">Cordula Paetzel<\/a> \/ G\u00fcnter Thimm (rbb) \/ Igor Suchanow \/ Produzent: <a href=\"http:\/\/schmidt-paetzel.de\/?page_id=20\">Andreas Christoph Schmidt<\/a> \/ Redaktion: Dagmar Mielke (rbb \/ Arte) \/ Rolf Bergmann (rbb) \/ Marc Brasse (NDR) \/ Eine Gemeinschaftsproduktion von Schmidt &amp; Paetzel Fernsehfilme, Rundfunk Berlin-Brandenburg, Norddeutscher Rundfunk, Arte<\/strong><\/p><\/div>\n\t\t\t\t<\/div>\n\t\t\t\t\t\t\t<div class=\"elementor-toggle-item\">\n\t\t\t\t\t<h6 id=\"elementor-tab-title-1823\" class=\"elementor-tab-title\" data-tab=\"3\" role=\"button\" aria-controls=\"elementor-tab-content-1823\" aria-expanded=\"false\">\n\t\t\t\t\t\t\t\t\t\t\t\t<span class=\"elementor-toggle-icon elementor-toggle-icon-left\" aria-hidden=\"true\">\n\t\t\t\t\t\t\t\t\t\t\t\t\t\t\t<span class=\"elementor-toggle-icon-closed\"><i class=\"fas fa-caret-right\"><\/i><\/span>\n\t\t\t\t\t\t\t\t<span class=\"elementor-toggle-icon-opened\"><i class=\"elementor-toggle-icon-opened fas fa-caret-up\"><\/i><\/span>\n\t\t\t\t\t\t\t\t\t\t\t\t\t<\/span>\n\t\t\t\t\t\t\t\t\t\t\t\t<a class=\"elementor-toggle-title\" tabindex=\"0\">Moskau 1941. Stimmen am Abgrund<\/a>\n\t\t\t\t\t<\/h6>\n\n\t\t\t\t\t<div id=\"elementor-tab-content-1823\" class=\"elementor-tab-content elementor-clearfix\" data-tab=\"3\" role=\"region\" aria-labelledby=\"elementor-tab-title-1823\"><p><img decoding=\"async\" class=\"alignright wp-image-705\" src=\"http:\/\/schmidt-paetzel.de\/wp-content\/uploads\/2020\/11\/tumblr_nnsv0qM4AD1rtynt1o3_1280-300x213.jpg\" alt=\"\" width=\"285\" height=\"203\" srcset=\"https:\/\/schmidt-paetzel.de\/wp-content\/uploads\/2020\/11\/tumblr_nnsv0qM4AD1rtynt1o3_1280-300x213.jpg 300w, https:\/\/schmidt-paetzel.de\/wp-content\/uploads\/2020\/11\/tumblr_nnsv0qM4AD1rtynt1o3_1280-1024x728.jpg 1024w, https:\/\/schmidt-paetzel.de\/wp-content\/uploads\/2020\/11\/tumblr_nnsv0qM4AD1rtynt1o3_1280-768x546.jpg 768w, https:\/\/schmidt-paetzel.de\/wp-content\/uploads\/2020\/11\/tumblr_nnsv0qM4AD1rtynt1o3_1280.jpg 1218w\" sizes=\"(max-width: 285px) 100vw, 285px\" \/><\/p><p>Ein Film von <a href=\"http:\/\/schmidt-paetzel.de\/?page_id=146\">Artem Demenok<\/a><br \/>rbb\/NDR\/Arte 2021, 90&#8242;<br \/>Erstausstrahlung: 24. August 2021 auf Arte<\/p><p>Am 22.\u00a0Juni 2021 j\u00e4hrt\u00a0sich zum 80. Mal der \u00dcberfall der deutschen Wehrmacht auf die Sowjetunion. Der Film erz\u00e4hlt die Geschichte eines Schicksalsjahres \u2013 Moskau 1941, als sein \u00dcberleben auf Messers Schneide stand \u2013 als sich die Kriegsfront immer bedrohlicher n\u00e4herte, als sich, wie es die Menschen dieser Metropole erleben mussten, die Schlinge um den Hals immer enger zog.<\/p><p>Aus dieser Perspektive wurde das epochale Drama noch nie gesehen: Ein Chor von Stimmen aus Moskau, offizielle wie private \u00c4u\u00dferungen festgehalten in Briefen, Verlautbarungen, vor allem aber Tagebuchaufzeichnungen. Sie kommen hier zu Wort: die B\u00fcrger Moskaus mit ihren Sorgen, mit den N\u00f6ten und vorl\u00e4ufig weiteren Freuden des Alltags; die Kaste der unbeweglichen Politfunktion\u00e4re, die ausl\u00e4ndischen Diplomaten und Beobachter, die unmittelbar zu Zeugen der wachsenden Bedrohung werden &#8211; ein polyphones Panorama.<\/p><p>Die sowjetische Gesellschaft ist oft als eine graue, einf\u00f6rmige Masse wahrgenommen worden und wird bis heute so dargestellt. Dieser Film zeigt das Gegenteil: diese Gesellschaft war keinesfalls uniform. Den Beweis daf\u00fcr liefern die Tageb\u00fccher. In ihnen spiegelt sich das Moskauer Alltagsleben in den letzten Monaten des Friedens und in den ersten Monaten des Krieges. Erlebnisse, Gef\u00fchle, Stimmungen, Hoffnungen und Erwartungen, Sorgen, \u00c4ngste und Bef\u00fcrchtungen.<\/p><p>Private Notizen und Briefe wurden in der Sowjetunion oft von ihren Verfassern oder von Familienangeh\u00f6rigen vernichtet. Aus Angst vor Durchsuchungen, Verhaftungen, Beschlagnahme oder Diebstahl. \u00dcberhaupt machte sich verd\u00e4chtig, wer schrieb. Um so wertvoller sind die wenigen Tageb\u00fccher, die bis auf den heutigen Tag erhalten geblieben sind. Erstaunliche historische und psychologische Zeugnisse. Eine F\u00fclle an Beobachtungen, Gedanken und Reflexionen, oft von h\u00f6r erz\u00e4hlerischer Qualit\u00e4t.<\/p><p>Wie sah es in Moskau aus, als in Berlin die Vorbereitungen f\u00fcr das <em>Unternehmen Barbarossa<\/em> auf Hochtouren liefen? Wie nahm die Stadt die Nachricht vom deutschen \u00dcberfall am 22. Juni auf? Und die Tage danach \u2013 mit den feindlichen Bombenangriffen und diffusen Berichten von der Front? Und dann das vermeintlich \u201eletzte Aufgebot\u201c, das schon Anfang Juli mobilisiert wurde? Und wie ging es zu in der sowjetischen Metropole an jenem 16. Oktober, als die Lage an der Front aussichtslos schien und es hie\u00df: \u201eRette sich, wer kann\u201c? Bis endlich am 7. November Stalin mit einer Durchhalterede vor das Volk trat. Die sowjetische Gegenoffensive begann einen Monat sp\u00e4ter.<\/p><p><strong>Buch \/ Regie:<a href=\"http:\/\/schmidt-paetzel.de\/?page_id=146\"> Artem Demenok<\/a> \/ Kamera: Oleg Stinski \/ Schnitt: Sergej Range \/ Musik: Alva Noto \/ Ryuichi Sakamoto \/ Tonmischung: Christian Wilmes \/ Lichtbestimmung: Tobias Wiedmer \/ Sprecher: Sabra Lopes \/ Kornelia Boje \/ Philipp Lind \/ Michael Noack \/ Golo Euler \/ Hanns-J\u00f6rg Krumpholz \/ Max Volkert Martens \/ Peter von Strombeck \/ Lutz Riedel \/ Helmut Gau\u00df \/ Cornelia Waibel \/ Produktionsleitung: <a href=\"http:\/\/schmidt-paetzel.de\/?page_id=134\">Cordula Paetzel<\/a> \/ G\u00fcnter Thimm (rbb) \/ Igor Suchanow \/ Produzent: <a href=\"http:\/\/schmidt-paetzel.de\/?page_id=20\">Andreas Christoph Schmidt<\/a> \/ Redaktion: Dagmar Mielke (rbb \/ Arte) \/ Rolf Bergmann (rbb) \/ Marc Brasse (NDR) \/ Eine Gemeinschaftsproduktion von Schmidt &amp; Paetzel Fernsehfilme, Rundfunk Berlin-Brandenburg, Norddeutscher Rundfunk, Arte<\/strong><\/p><\/div>\n\t\t\t\t<\/div>\n\t\t\t\t\t\t\t<div class=\"elementor-toggle-item\">\n\t\t\t\t\t<h6 id=\"elementor-tab-title-1824\" class=\"elementor-tab-title\" data-tab=\"4\" role=\"button\" aria-controls=\"elementor-tab-content-1824\" aria-expanded=\"false\">\n\t\t\t\t\t\t\t\t\t\t\t\t<span class=\"elementor-toggle-icon elementor-toggle-icon-left\" aria-hidden=\"true\">\n\t\t\t\t\t\t\t\t\t\t\t\t\t\t\t<span class=\"elementor-toggle-icon-closed\"><i class=\"fas fa-caret-right\"><\/i><\/span>\n\t\t\t\t\t\t\t\t<span class=\"elementor-toggle-icon-opened\"><i class=\"elementor-toggle-icon-opened fas fa-caret-up\"><\/i><\/span>\n\t\t\t\t\t\t\t\t\t\t\t\t\t<\/span>\n\t\t\t\t\t\t\t\t\t\t\t\t<a class=\"elementor-toggle-title\" tabindex=\"0\">Vernichtet. Eine Familiengeschichte aus dem Holocaust<\/a>\n\t\t\t\t\t<\/h6>\n\n\t\t\t\t\t<div id=\"elementor-tab-content-1824\" class=\"elementor-tab-content elementor-clearfix\" data-tab=\"4\" role=\"region\" aria-labelledby=\"elementor-tab-title-1824\"><p><img loading=\"lazy\" decoding=\"async\" class=\"alignright wp-image-478\" src=\"http:\/\/schmidt-paetzel.de\/wp-content\/uploads\/2020\/06\/glambeck_schulklasse-1024x576.jpg\" alt=\"\" width=\"285\" height=\"160\" srcset=\"https:\/\/schmidt-paetzel.de\/wp-content\/uploads\/2020\/06\/glambeck_schulklasse-1024x576.jpg 1024w, https:\/\/schmidt-paetzel.de\/wp-content\/uploads\/2020\/06\/glambeck_schulklasse-300x169.jpg 300w, https:\/\/schmidt-paetzel.de\/wp-content\/uploads\/2020\/06\/glambeck_schulklasse-768x432.jpg 768w\" sizes=\"(max-width: 285px) 100vw, 285px\" \/><\/p><p>Ein Film von <a href=\"http:\/\/schmidt-paetzel.de\/?page_id=20\">Andreas Christoph Schmidt<\/a><br \/>rbb\/NDR\/HR 2020, 60&#8242;<br \/>Erstausstrahlung: 27. Januar 2020<\/p><p><span style=\"color: var( --e-global-color-text ); font-weight: var( --e-global-typography-text-font-weight ); font-size: 1.1875rem; background-color: var(--page-background-color);\">Ausgezeichnet mit dem <\/span><strong style=\"color: var( --e-global-color-text ); font-size: 1.1875rem; background-color: var(--page-background-color);\">Grimme-Preis 2021<\/strong><\/p><div title=\"Page 1\"><p>Dieser Film erza\u0308hlt die Geschichte einer Brandenburger Familie. Einer Mutter und ihrer drei Kinder &#8211; sie wurden auseinandergerissen, an unterschiedlichen Orten ausgebeutet, solange man in ihnen nu\u0308tzliche Arbeitskra\u0308fte sah, auf unterschiedlichen Wegen deportiert und an verschiedenen Orten ermordet. Glambeck im L\u00f6wenberger Land ist ein typisches, h\u00fcbsches Brandenburger Dorf, mit einer Kirche und einem Storch auf dem Kirchdach. Hier lebte die Familie Labe. Es waren einfache Leute. Rosa Labe, fr\u00fch verwitwet, f\u00fchrte den Kolonialwarenladen am Dorfplatz. Ihre Kinder gingen in die Dorfschule, der \u00e4lteste Sohn arbeitete bei einem Bauern als Knecht. Eine Dorfbewohnerin erinnert sich, wie am Abend des 9. November 1938 die Habseligkeiten der Familie Labe auf dem Dorfplatz brannten.Man k\u00f6nnte glauben, es sei nach so vielen Jahren unm\u00f6glich herauszufinden, wie der weitere Weg der Familie war. Das Gegenteil ist der Fall. Schritt f\u00fcr Schritt kann man das an ihnen ver\u00fcbte Verbrechen rekonstruieren. Beginnt man zu suchen, \u00f6ffnet sich der Blick in den Abgrund: Es gibt Akten, Orte und Beschreibungen \u00dcberlebender. Parallele Leidensgeschichten. Der Film geht die Schritte der Vernichtung nach, vom scheinbar Harmlosen zum nicht mehr Fassbaren.<\/p><p>Die Leidenswege dieser vier f\u00fchren uns von Glambeck an Gedenk- und Geschehnisorte des Holocaust. Dazu geh\u00f6rt Auschwitz. Aber auch Kaunas und Treblinka. Ebenso Bielefeld, Gleis Siebzehn in Berlin-Grunewald, Neuendorf im Sande und ein Ort mit dem M\u00e4rchennamen Schniebinchen. Auschwitz ist \u00fcberall.<\/p><p><strong>Buch \/ Regie \/ Schnitt: Andreas Christoph Schmidt \/ Kamera: Lutz Reimann \/ Ton: Michael Th\u00e4le \/ Musik: Andr\u00e9 Pawelski \/ Sprecher: Ulrich Matthes, Dagmar Jacobsen, Sabra Lopes, Peter von Strombeck, Kornelia Boje, Kathrin Buchmann, Martina Reuter, Hermann Bohlen, Philipp Lind, Hanns J\u00f6rg Krumpholz, Golo Euler \/ Recherche: Hannes Kenzler, Igor Suchanow \/ Tonmischung: Christian Wilmes \/ Lichtbestimmung: Tobias Wiedmer \/ Aufnahmeleitung Polen, Litauen: Stanislaw Kubiak \/ Produktionsleitung: Cordula Paetzel (Schmidt &amp; Paetzel Fernsehfilme), Rainer Baumert (rbb), G\u00fcnter Thimm (rbb) \/ Redaktion: Rolf Bergmann (rbb), Sabine Mieder (HR), Marc Brasse (NDR) \/ Eine Gemeinschaftsproduktion von Schmidt &amp; Paetzel Fernsehfilme, Rundfunk Berlin-Brandenburg, Hessischer Rundfunk, Norddeutscher Rundfunk<\/strong><\/p><\/div><\/div>\n\t\t\t\t<\/div>\n\t\t\t\t\t\t\t<div class=\"elementor-toggle-item\">\n\t\t\t\t\t<h6 id=\"elementor-tab-title-1825\" class=\"elementor-tab-title\" data-tab=\"5\" role=\"button\" aria-controls=\"elementor-tab-content-1825\" aria-expanded=\"false\">\n\t\t\t\t\t\t\t\t\t\t\t\t<span class=\"elementor-toggle-icon elementor-toggle-icon-left\" aria-hidden=\"true\">\n\t\t\t\t\t\t\t\t\t\t\t\t\t\t\t<span class=\"elementor-toggle-icon-closed\"><i class=\"fas fa-caret-right\"><\/i><\/span>\n\t\t\t\t\t\t\t\t<span class=\"elementor-toggle-icon-opened\"><i class=\"elementor-toggle-icon-opened fas fa-caret-up\"><\/i><\/span>\n\t\t\t\t\t\t\t\t\t\t\t\t\t<\/span>\n\t\t\t\t\t\t\t\t\t\t\t\t<a class=\"elementor-toggle-title\" tabindex=\"0\">Musste Weimar scheitern? Gedanken zur ersten deutschen Republik<\/a>\n\t\t\t\t\t<\/h6>\n\n\t\t\t\t\t<div id=\"elementor-tab-content-1825\" class=\"elementor-tab-content elementor-clearfix\" data-tab=\"5\" role=\"region\" aria-labelledby=\"elementor-tab-title-1825\"><p><img loading=\"lazy\" decoding=\"async\" class=\"alignright\" src=\"http:\/\/schmidt-paetzel.de\/wp-content\/uploads\/2020\/06\/hihi-667x1024.jpeg\" alt=\"\" width=\"285\" height=\"438\" \/>Ein Film von <a href=\"http:\/\/schmidt-paetzel.de\/?page_id=20\">Andreas Christoph Schmidt<\/a><br \/>rbb\/NDR 2019, 45&#8242;<br \/>Erstausstrahlung: 4. Februar 2019<\/p><p><span style=\"color: var( --e-global-color-text ); font-weight: var( --e-global-typography-text-font-weight ); font-size: 1.1875rem; background-color: var(--page-background-color);\">Nominiert f\u00fcr den <\/span><strong style=\"color: var( --e-global-color-text ); font-size: 1.1875rem; background-color: var(--page-background-color);\">Grimme-Preis 2020<\/strong><\/p><p>Dass Weimar ein gescheiterter Staat war, ist wohl unstrittig. Wenn man aber nicht &#8222;gescheiterter Staat&#8220; sagt, sondern die englische \u00dcbersetzung verwendet, klingt die Sache anders. &#8222;Failed state&#8220; ist ein Begriff der Gegenwart, es ist geradezu frech, dieses Wort zu verwenden. Mit ihm springt Weimar in unsere Zeit, gro\u00dfe Fragen stellen sich neu. Ist Weimar aktuell? Was lief falsch? Was m\u00fcssen wir anders machen? Sind wir wirklich, weil moderner, demokratieerfahren, besser ger\u00fcstet als die Menschen damals?<\/p><p><strong>Buch \/ Regie: Andreas Christoph Schmidt \/ Kamera: Lutz Reimann, Andreas Christoph Schmidt \/ Ton: Michael Th\u00e4le \/ Schnitt: Andreas Christoph Schmidt \/ Sprecher: Franziska Arnold, Frank Arnold \/ Tonmischung: Christian Wilmes \/ Musik: Andr\u00e9 Pawelski \/ Recherche: Hannes Kenzler, Uwe Ross, Igor Suchanow \/ Lichtbestimmung: Tobias Wiedmer \/ Produktionsleitung: Cordula Paetzel (Schmidt &amp; Paetzel Fernsehfilme), Rainer Baumert (rbb), Redaktion: Rolf Bergmann (rbb), Marc Brasse (NDR) \/ Eine Gemeinschaftsproduktion von Schmidt &amp; Paetzel Fernsehfilme, Rundfunkt Berlin-Brandenburg, Norddeutscher Rundfunk<\/strong><\/p><\/div>\n\t\t\t\t<\/div>\n\t\t\t\t\t\t\t<div class=\"elementor-toggle-item\">\n\t\t\t\t\t<h6 id=\"elementor-tab-title-1826\" class=\"elementor-tab-title\" data-tab=\"6\" role=\"button\" aria-controls=\"elementor-tab-content-1826\" aria-expanded=\"false\">\n\t\t\t\t\t\t\t\t\t\t\t\t<span class=\"elementor-toggle-icon elementor-toggle-icon-left\" aria-hidden=\"true\">\n\t\t\t\t\t\t\t\t\t\t\t\t\t\t\t<span class=\"elementor-toggle-icon-closed\"><i class=\"fas fa-caret-right\"><\/i><\/span>\n\t\t\t\t\t\t\t\t<span class=\"elementor-toggle-icon-opened\"><i class=\"elementor-toggle-icon-opened fas fa-caret-up\"><\/i><\/span>\n\t\t\t\t\t\t\t\t\t\t\t\t\t<\/span>\n\t\t\t\t\t\t\t\t\t\t\t\t<a class=\"elementor-toggle-title\" tabindex=\"0\">Krieg und Frieden. Deutsch-Sowjetische Skizzen<\/a>\n\t\t\t\t\t<\/h6>\n\n\t\t\t\t\t<div id=\"elementor-tab-content-1826\" class=\"elementor-tab-content elementor-clearfix\" data-tab=\"6\" role=\"region\" aria-labelledby=\"elementor-tab-title-1826\"><p><img loading=\"lazy\" decoding=\"async\" class=\"alignright\" src=\"http:\/\/schmidt-paetzel.de\/wp-content\/uploads\/2020\/05\/big_49130419_0_185-263-Krieg-und-Frieden.jpg\" alt=\"\" width=\"285\" height=\"405\" \/>Ein Film von Artem Demenok und Andreas Christoph Schmidt<br \/>rbb\/WDR\/SWR 2018, 90&#8242;<br \/>Erstausstrahlung: 5. M\u00e4rz 2018<\/p><p><span style=\"color: var( --e-global-color-text ); font-weight: var( --e-global-typography-text-font-weight ); font-size: 1.1875rem; background-color: var(--page-background-color);\">Nominiert f\u00fcr den <\/span><strong style=\"color: var( --e-global-color-text ); font-size: 1.1875rem; background-color: var(--page-background-color);\">Grimme-Preis 2019<\/strong><\/p><p>Der Friedensvertrag von Brest-Litowsk war ein diktierter\u00a0Friede. Mit ihm jedoch erkannte das deutsche Kaiserreich, dessen Tage schon gez\u00e4hlt waren, Sowjetrussland an, einen jungen Staat, den es erst seit wenigen Monaten gab. Und so nahmen die deutsch-sowjetischen Beziehungen ihren Lauf.<\/p><p>Nach dem Ersten Weltkrieg waren Deutschland und die Russische Sowjetrepublik international isoliert. Lenins Au\u00dfenpolitiker setzten alles daran, einen Pakt mit Deutschland zu schlie\u00dfen, und sie erreichten ihr Ziel in Rapallo, wo ein z\u00f6gerlicher deutscher Au\u00dfenminister Rathenau einen Vertrag unterzeichnete, den er eigentlich nicht wollte. Er bezahlte daf\u00fcr mit dem Leben.<\/p><p>Es ist etwas anderes als Vertr\u00e4ge und politisches Kalk\u00fcl, das Rapallo erst erm\u00f6glichte: die immer wieder feststellbare N\u00e4he und Sympathie zwischen Deutschen und Russen, die sogar die Gr\u00e4uel des Zweiten Weltkriegs \u00fcberdauerten. Maja Turowskaja, Autorin des sowjetischen Filmklassikers &#8222;Der gew\u00f6hnliche Faschismus&#8220;, nennt die beiden gro\u00dfen Kriege &#8222;Bruderkriege&#8220;. Und der deutsche Botschafter von der Schulenburg, dessen gr\u00f6\u00dfter diplomatischer Erfolg zu seiner eigenen Betr\u00fcbnis der Hitler-Stalin-Pakt war, mit dem die beiden Diktatoren Europa unter sich aufteilten, sprach verwundert dar\u00fcber, dass die Liebe zu Deutschland in den Russen &#8222;nicht totzukriegen&#8220; sei.<\/p><p>Der Film von Artem Demenok und Andreas Christoph Schmidt \u00a0erz\u00e4hlt aus der wechselvollen Geschichte beider L\u00e4nder und der Menschen in ihnen. Einer der beiden Staaten hat vor mehr als einem Vierteljahrhundert aufgeh\u00f6rt zu existieren. Trotzdem ist es eine Geschichte mit Nachwirkung bis in die Gegenwart, denn ihre Bilder wirken fort. Ihre Mythen, Feindbilder und Projektionen pr\u00e4gen immer noch die gegenseitige Wahrnehmung. Eine Geschichte der Ideologien &#8211; ihr Kampf gegeneinander ging bis aufs Blut, die Ausl\u00f6schung des anderen \u2013 hier rassistisch, dort politisch-ideologisch begr\u00fcndet \u2013 war existentiell gemeint. Es ging um Vernichtung. Dann wiederum, zu anderen Zeiten, um Koexistenz: In freundlicher Feindschaft \u2013 feindlicher Freundschaft.<\/p><p><strong>Buch und Regie: Artem Demenok, Andreas Christoph Schmidt \/ Kamera: Evgeny Sergeev \/ Schnitt: Salome Machaidze \/ Ton: Rustam Buljakow, Jacek Gr\u00fctz, Christoph R\u00f6hle, Michael Th\u00e4le \/ Sprecher: Hanns Zischler, Cornelia Waibel, Uwe M\u00fcller \/ Musik: Alva Noto &amp; Ryuichi Sakamoto \/ Produktionsleitung: Cordula Paetzel (Schmidt &amp; Paetzel Fernsehfilme), Rainer Baumert (RBB) \/ Redaktion: Rolf Bergmann (RBB), Jens Stubenrauch (RBB), Gerolf Karwath (SWR), Beate Schlanstein (WDR) \/ Eine Gemeinschaftsproduktion von Schmidt &amp; Paetzel Fernsehfilme, Rundfunk Berlin-Brandenburg, S\u00fcdwestrundfunk, Westdeutscher Rundfunk<\/strong><\/p><\/div>\n\t\t\t\t<\/div>\n\t\t\t\t\t\t\t<div class=\"elementor-toggle-item\">\n\t\t\t\t\t<h6 id=\"elementor-tab-title-1827\" class=\"elementor-tab-title\" data-tab=\"7\" role=\"button\" aria-controls=\"elementor-tab-content-1827\" aria-expanded=\"false\">\n\t\t\t\t\t\t\t\t\t\t\t\t<span class=\"elementor-toggle-icon elementor-toggle-icon-left\" aria-hidden=\"true\">\n\t\t\t\t\t\t\t\t\t\t\t\t\t\t\t<span class=\"elementor-toggle-icon-closed\"><i class=\"fas fa-caret-right\"><\/i><\/span>\n\t\t\t\t\t\t\t\t<span class=\"elementor-toggle-icon-opened\"><i class=\"elementor-toggle-icon-opened fas fa-caret-up\"><\/i><\/span>\n\t\t\t\t\t\t\t\t\t\t\t\t\t<\/span>\n\t\t\t\t\t\t\t\t\t\t\t\t<a class=\"elementor-toggle-title\" tabindex=\"0\">Geheimnisvolle Orte: Die Ged\u00e4chtniskirche<\/a>\n\t\t\t\t\t<\/h6>\n\n\t\t\t\t\t<div id=\"elementor-tab-content-1827\" class=\"elementor-tab-content elementor-clearfix\" data-tab=\"7\" role=\"region\" aria-labelledby=\"elementor-tab-title-1827\"><p><img loading=\"lazy\" decoding=\"async\" class=\"alignright\" src=\"http:\/\/schmidt-paetzel.de\/wp-content\/uploads\/2020\/06\/1a.jpg\" alt=\"\" width=\"285\" height=\"202\" \/>Ein Film von\u00a0<a href=\"http:\/\/schmidt-paetzel.de\/?page_id=20\">Andreas Christoph Schmidt<\/a> und <a href=\"http:\/\/schmidt-paetzel.de\/?page_id=128\">Christian Klemke<\/a><br \/>rbb 2017, 45&#8242;<br \/>Erstausstrahlung: 27. November 2017<\/p><p>Es ist ein Ort voller Geheimnisse, der im Dezember 2016 als Schauplatz eines Attentats ins grelle Licht der Welt\u00f6ffentlichkeit gerissen wurde: der Breitscheidplatz mit der Kaiser-Wilhelm-Ged\u00e4chtniskirche. Ihr Anblick war so selbstverst\u00e4ndlich, dass einem der Krieg, an dessen Schrecken sie erinnern sollte, nicht in den Sinn kam. Die Ged\u00e4chtniskirche &#8211; sie sollte ein nationales Symbol sein, so wollten es ihre Erbauer. Beim Gedenken an Wilhelm I. ging es nicht um dessen Person, sondern um die Reichsgr\u00fcndung 1871. Die Kirche war ein Denkmal der Macht &#8211; erzwungen von h\u00f6chster Stelle.<br \/>Zu einem wirklich nationalen Denkmal wurde sie dann auf andere Art. Als modernistische Stadtplaner das Tr\u00fcmmerfeld West-Berlin schleifen wollten und eine ganze neue, moderne Stadt planten, fielen ihnen auf einmal die einfachen Berliner in den Arm. Nun, als die Kirche Ruine war, k\u00e4mpften sie pl\u00f6tzlich f\u00fcr sie. Die Ruine sollte bleiben &#8211; als Symbol der &#8222;Stunde Null&#8220;, Mahnmal des Hochmuts und des tiefen Falls, Denkmal der Tr\u00fcmmerfrauen und derer, die unter den Tr\u00fcmmern lagen.<\/p><p>Als es wieder besser ging, sank das Denkmal hinab zu einer lokalen Sehensw\u00fcrdigkeit, Postkartenmotiv und Platzhalter f\u00fcr ein Zentrum in einer halben Stadt, die kein Zentrum hatte. Man gew\u00f6hnte sich an ihren Anblick. Pl\u00f6tzlich aber, am 20.12.2016, dem Tag nach dem Attentat, richteten sich aller Blicke neu auf sie. Ein Kerzenmeer ist seither auf ihren Stufen, immer liegen frische Blumen dort. Viele trauern dort, und die Kirche ist ihrer aller Denkmal.<\/p><p><strong>Buch \/ Regie:\u00a0<a href=\"http:\/\/www.schmidt-paetzel.de\/a-chr-schmidt.html\">Andreas Christoph Schmidt<\/a>\u00a0und\u00a0<a href=\"http:\/\/www.schmidt-paetzel.de\/christian-klemke.html\">Christian Klemke<\/a> \/ Kamera: Carl Finkbeiner, Stefan Logemann \/ Schnitt: Andreas Christoph Schmidt \/ Ton: Michael Th\u00e4le, Matthias Pfister, Christoph R\u00f6hle \/ Tonmischung: Christian Wilmes \/ Sprecher: Max Volkert Martens \/ Musik: Andr\u00e9 Pawelski \/ Archivrecherche: Peter Kolano, Hans-Gunter Voigt \/ Produktionsleitung: Cordula Paetzel (Schmidt &amp; Paetzel Fernsehfilme), Rainer Baumert \/ Redaktion: Rolf Bergmann (RBB) \/ Eine Gemeinschaftsproduktion von Schmidt &amp; Paetzel Fernsehfilme, Rundfunk Berlin-Brandenburg<\/strong><\/p><p>43&#8217;57&#8220; \/ 16:9 \/ Stereo \/ F \/\u00a0\u00a9 2017<\/p><\/div>\n\t\t\t\t<\/div>\n\t\t\t\t\t\t\t<div class=\"elementor-toggle-item\">\n\t\t\t\t\t<h6 id=\"elementor-tab-title-1828\" class=\"elementor-tab-title\" data-tab=\"8\" role=\"button\" aria-controls=\"elementor-tab-content-1828\" aria-expanded=\"false\">\n\t\t\t\t\t\t\t\t\t\t\t\t<span class=\"elementor-toggle-icon elementor-toggle-icon-left\" aria-hidden=\"true\">\n\t\t\t\t\t\t\t\t\t\t\t\t\t\t\t<span class=\"elementor-toggle-icon-closed\"><i class=\"fas fa-caret-right\"><\/i><\/span>\n\t\t\t\t\t\t\t\t<span class=\"elementor-toggle-icon-opened\"><i class=\"elementor-toggle-icon-opened fas fa-caret-up\"><\/i><\/span>\n\t\t\t\t\t\t\t\t\t\t\t\t\t<\/span>\n\t\t\t\t\t\t\t\t\t\t\t\t<a class=\"elementor-toggle-title\" tabindex=\"0\">Palermo ist ein Mosaik<\/a>\n\t\t\t\t\t<\/h6>\n\n\t\t\t\t\t<div id=\"elementor-tab-content-1828\" class=\"elementor-tab-content elementor-clearfix\" data-tab=\"8\" role=\"region\" aria-labelledby=\"elementor-tab-title-1828\"><p><img loading=\"lazy\" decoding=\"async\" class=\"alignright\" src=\"http:\/\/schmidt-paetzel.de\/wp-content\/uploads\/2020\/05\/palermo.png\" alt=\"\" width=\"285\" height=\"285\" \/>Ein Film von Andreas Christoph Schmidt<br \/>Aus der Reihe &#8222;Sch\u00e4tze der Welt \/ Erbe der Menschheit&#8220;<br \/>SWR 2016, 15&#8242;<br \/>Erstausstrahlung: 4. Dezember 2016<\/p><p>An der Nordk\u00fcste Siziliens gelegen, zeigt das arabisch-normannischen Palermo mit den Kathedralen von Cefal\u00f9 und Monreale die fruchtbare Koexistenz von Menschen verschiedener Herkunft. Das kulturelle und soziale Erbe von Muslimen, Byzantinern, R\u00f6mern, Juden, Lombarden und Franzosen verschmolz an diesem Ort zu einem einzigarten architektonischen und k\u00fcnstlerischen Ausdruck und basiert auf neuartigen Konzepten von Raum und Struktur, die sich im gesamten Mittelmeerraum ausbreiteten.<\/p><p><strong>Buch \/ Regie: Andreas Christoph Schmidt \/ Kamera: Andreas Christoph Schmidt \/ Schnitt: Andreas Christoph Schmidt \/ Musik: Andr\u00e9 Pawelski \/ Produktionsleitung: Cordula Paetzel (Schmidt &amp; Paetzel Fernsehfilme) \/ Redaktion: Goggo Gensch \/ Eine Produktion von Schmidt &amp; Paetzel Fernsehfilme im Auftrag von S\u00fcdwestrundfunk<\/strong><\/p><\/div>\n\t\t\t\t<\/div>\n\t\t\t\t\t\t\t<div class=\"elementor-toggle-item\">\n\t\t\t\t\t<h6 id=\"elementor-tab-title-1829\" class=\"elementor-tab-title\" data-tab=\"9\" role=\"button\" aria-controls=\"elementor-tab-content-1829\" aria-expanded=\"false\">\n\t\t\t\t\t\t\t\t\t\t\t\t<span class=\"elementor-toggle-icon elementor-toggle-icon-left\" aria-hidden=\"true\">\n\t\t\t\t\t\t\t\t\t\t\t\t\t\t\t<span class=\"elementor-toggle-icon-closed\"><i class=\"fas fa-caret-right\"><\/i><\/span>\n\t\t\t\t\t\t\t\t<span class=\"elementor-toggle-icon-opened\"><i class=\"elementor-toggle-icon-opened fas fa-caret-up\"><\/i><\/span>\n\t\t\t\t\t\t\t\t\t\t\t\t\t<\/span>\n\t\t\t\t\t\t\t\t\t\t\t\t<a class=\"elementor-toggle-title\" tabindex=\"0\">Schatten des Krieges. Teil 1: Das sowjetische Erbe<\/a>\n\t\t\t\t\t<\/h6>\n\n\t\t\t\t\t<div id=\"elementor-tab-content-1829\" class=\"elementor-tab-content elementor-clearfix\" data-tab=\"9\" role=\"region\" aria-labelledby=\"elementor-tab-title-1829\"><p><img loading=\"lazy\" decoding=\"async\" class=\"alignright\" src=\"http:\/\/schmidt-paetzel.de\/wp-content\/uploads\/2020\/06\/mutter_heimat-1024x639.jpg\" alt=\"\" width=\"285\" height=\"178\" \/>Ein Film von Artem Demenok<br \/>rbb\/NDR 2016, 44&#8242;<br \/>Erstausstrahlung: 30. Mai 2016<\/p><p><span style=\"color: var( --e-global-color-text ); font-weight: var( --e-global-typography-text-font-weight ); font-size: 1.1875rem; background-color: var(--page-background-color);\">Ausgezeichnet mit dem <\/span><strong style=\"color: var( --e-global-color-text ); font-size: 1.1875rem; background-color: var(--page-background-color);\">Grimme-Preis 2017<\/strong><\/p><p>Der erste Teil\u00a0erz\u00e4hlt vom Weltkrieg aus sowjetischer Sicht &#8211; und er erz\u00e4hlt, was aus dem Krieg nach dem Krieg wurde, vom Mythos des Kriegs, der zu einer pr\u00e4genden Kraft f\u00fcr die Sowjetunion und sp\u00e4ter Russland wird &#8211; und wie gegenw\u00e4rtig und politisch bedeutsam diese Vergangenheit im heutigen Russland ist.<\/p><p><strong>Buch \/ Regie: <a href=\"artem-demenok.html\">Artem Demenok<\/a>\u00a0\/ Kamera:\u00a0Alexander Abadowski, Johannes Obermaier, Pjotr Pogodin, Oleg Stinski\u00a0\/ Schnitt: Salome Machaidze \/ Ton: Oleg Pawljutschenkow,\u00a0Pawel Prochorow, David Rummel, Alexander Mossin, Anton Smirnow\u00a0\/ Tonmischung: Christian Wilmes \/ Sprecher:\u00a0Franziska Arnold, Irmelin Krause, Max Volkert Martens, Uwe M\u00fcller, Lutz Riedel \/ Musik:\u00a0Alva Noto &amp; Ryuichi Sakamoto \/ Produktionsleitung: Cordula Paetzel (Schmidt &amp; Paetzel Fernsehfilme), Rainer Baumert (RBB) \/ Redaktion: Rolf Bergmann (RBB),\u00a0Alexander von Sallwitz (NDR) \/ Eine Gemeinschaftsproduktion von Schmidt &amp; Paetzel Fernsehfilme, Rundfunk Berlin-Brandenburg, Norddeutscher Rundfunk<\/strong><\/p><\/div>\n\t\t\t\t<\/div>\n\t\t\t\t\t\t\t<div class=\"elementor-toggle-item\">\n\t\t\t\t\t<h6 id=\"elementor-tab-title-18210\" class=\"elementor-tab-title\" data-tab=\"10\" role=\"button\" aria-controls=\"elementor-tab-content-18210\" aria-expanded=\"false\">\n\t\t\t\t\t\t\t\t\t\t\t\t<span class=\"elementor-toggle-icon elementor-toggle-icon-left\" aria-hidden=\"true\">\n\t\t\t\t\t\t\t\t\t\t\t\t\t\t\t<span class=\"elementor-toggle-icon-closed\"><i class=\"fas fa-caret-right\"><\/i><\/span>\n\t\t\t\t\t\t\t\t<span class=\"elementor-toggle-icon-opened\"><i class=\"elementor-toggle-icon-opened fas fa-caret-up\"><\/i><\/span>\n\t\t\t\t\t\t\t\t\t\t\t\t\t<\/span>\n\t\t\t\t\t\t\t\t\t\t\t\t<a class=\"elementor-toggle-title\" tabindex=\"0\">Schatten des Krieges. Teil 2: Das vergessene Verbrechen<\/a>\n\t\t\t\t\t<\/h6>\n\n\t\t\t\t\t<div id=\"elementor-tab-content-18210\" class=\"elementor-tab-content elementor-clearfix\" data-tab=\"10\" role=\"region\" aria-labelledby=\"elementor-tab-title-18210\"><p><img loading=\"lazy\" decoding=\"async\" class=\"alignright\" src=\"http:\/\/schmidt-paetzel.de\/wp-content\/uploads\/2020\/06\/waldfriedhof_2-1024x576.jpg\" alt=\"\" width=\"285\" height=\"160\" \/>Ein Film von\u00a0<a href=\"http:\/\/schmidt-paetzel.de\/?page_id=20\">Andreas Christoph Schmidt<\/a><br \/>rbb\/NDR 2016, 44&#8242;<br \/>Erstausstrahlung: 6. Juni 2016<\/p><p>Ausgezeichnet mit dem <strong>Grimme-Preis 2017<\/strong><\/p><div><div>Der zweite Teil\u00a0handelt von\u00a0einer der bedr\u00e4ngendsten Trag\u00f6dien\u00a0des Zweiten Weltkriegs. Es ist ein Verbrechen, von dem nur\u00a0h\u00f6chst selten gesprochen wird, von dem viele nichts wissen und viele lieber nichts wissen wollen:\u00a0die Ermordung von fast drei Millionen Soldaten der Roten Armee in deutscher Kriegsgefangenschaft.<\/div><div>\u00a0<\/div><\/div><p><strong>Buch \/ Regie: <a href=\"a-chr-schmidt.html\">Andreas Christoph Schmidt\u00a0<\/a>\/ Kamera:\u00a0Alexander Abadowski, Carl Finkbeiner, Pjotr Pogodin, Oleg Stinski\u00a0\/ Schnitt:\u00a0<a href=\"a-chr-schmidt.html\">Andreas Christoph Schmidt<\/a> \/ Ton:\u00a0<span lang=\"EN-US\">Rustam Buljakow,<\/span>\u00a0A<span lang=\"EN-US\">nton Smirnow,<\/span>\u00a0M<span lang=\"EN-US\">ichael Th<\/span><span lang=\"EN-US\">\u00e4<\/span><span lang=\"EN-US\">le<\/span>\u00a0\/ Tonmischung: Christian Wilmes \/ Sprecher:\u00a0Franziska Arnold, Max Volkert Martens, Uwe M\u00fcller, Lutz Riedel \/ Musik: <span lang=\"EN-US\">Arvo P<\/span><span lang=\"EN-US\">\u00e4<\/span><span lang=\"EN-US\">rt: Fratres<\/span>\u00a0\/ Produktionsleitung: Cordula Paetzel (Schmidt &amp; Paetzel Fernsehfilme), Rainer Baumert (RBB) \/ Redaktion: Rolf Bergmann (RBB),\u00a0Alexander von Sallwitz (NDR) \/ Eine Gemeinschaftsproduktion von Schmidt &amp; Paetzel Fernsehfilme, Rundfunk Berlin-Brandenburg, Norddeutscher Rundfunk<\/strong><\/p><p>44&#8217;37&#8220; \/ 16:9 \/ Stereo \/ F \/\u00a0\u00a9 2016 Schmidt &amp; Paetzel Fernsehfilme, RBB, NDR<\/p><\/div>\n\t\t\t\t<\/div>\n\t\t\t\t\t\t\t<div class=\"elementor-toggle-item\">\n\t\t\t\t\t<h6 id=\"elementor-tab-title-18211\" class=\"elementor-tab-title\" data-tab=\"11\" role=\"button\" aria-controls=\"elementor-tab-content-18211\" aria-expanded=\"false\">\n\t\t\t\t\t\t\t\t\t\t\t\t<span class=\"elementor-toggle-icon elementor-toggle-icon-left\" aria-hidden=\"true\">\n\t\t\t\t\t\t\t\t\t\t\t\t\t\t\t<span class=\"elementor-toggle-icon-closed\"><i class=\"fas fa-caret-right\"><\/i><\/span>\n\t\t\t\t\t\t\t\t<span class=\"elementor-toggle-icon-opened\"><i class=\"elementor-toggle-icon-opened fas fa-caret-up\"><\/i><\/span>\n\t\t\t\t\t\t\t\t\t\t\t\t\t<\/span>\n\t\t\t\t\t\t\t\t\t\t\t\t<a class=\"elementor-toggle-title\" tabindex=\"0\">Wo es begann. Am Anfang des Industriezeitalters. Das Derwent Valley<\/a>\n\t\t\t\t\t<\/h6>\n\n\t\t\t\t\t<div id=\"elementor-tab-content-18211\" class=\"elementor-tab-content elementor-clearfix\" data-tab=\"11\" role=\"region\" aria-labelledby=\"elementor-tab-title-18211\"><p><img loading=\"lazy\" decoding=\"async\" class=\"alignright\" src=\"http:\/\/schmidt-paetzel.de\/wp-content\/uploads\/2020\/06\/1dw-1024x683.jpg\" alt=\"\" width=\"285\" height=\"190\" \/>Ein Film von\u00a0<a href=\"http:\/\/schmidt-paetzel.de\/?page_id=20\">Andreas Christoph Schmidt<\/a><br \/>Aus der Reihe &#8222;Sch\u00e4tze der Welt \/ Erbe der Menschheit&#8220;\u00a0<br \/>SWR 2016, 15&#8242;<br \/>Erstausstrahlung: 31. M\u00e4rz 2017<\/p><p id=\"floatClearer_39218649\">Dieser Film f\u00fchrt uns in ein Land, das sich anschickte, die Weltmeere zu erobern, und in eine Zeit, als M\u00e4nner mit Vornamen Jedediah hei\u00dfen konnte, wie Jedediah Strutt, der einer der Begr\u00fcnder der Industriellen Revolution war. Und er f\u00fchrt in ein Tal, von dem man selten geh\u00f6rt hat, das Derwent Valley. Denn hier, in Mittelengland, zwischen Derby im S\u00fcden und Matlock im Norden ist der Ort\u00a0where it all began.<\/p><p><strong>Buch \/ Regie:\u00a0<a href=\"http:\/\/www.schmidt-paetzel.de\/a-chr-schmidt.html\">Andreas Christoph Schmidt\u00a0<\/a>\/ Kamera: Holger Sch\u00fcppel, Andreas Christoph Schmidt \/ Ton: Leo Paetzel \/ Kameraassistenz: Leo Paetzel \/ Schnitt:\u00a0<a href=\"http:\/\/www.schmidt-paetzel.de\/a-chr-schmidt.html\">Andreas Christoph Schmidt<\/a> Tonmischung: Christian Wilmes \/ Sprecher: Ingo H\u00fclsmann \/ Produktionsleitung: <a href=\"http:\/\/www.schmidt-paetzel.de\/cordula-paetzel.html\">Cordula Paetzel<\/a>, Redaktion: Goggo Gensch \/ Eine Produktion von\u00a0Schmidt &amp; Paetzel Fernsehfilme im Auftrag des S\u00fcdwestrundfunks<\/strong><\/p><\/div>\n\t\t\t\t<\/div>\n\t\t\t\t\t\t\t<div class=\"elementor-toggle-item\">\n\t\t\t\t\t<h6 id=\"elementor-tab-title-18212\" class=\"elementor-tab-title\" data-tab=\"12\" role=\"button\" aria-controls=\"elementor-tab-content-18212\" aria-expanded=\"false\">\n\t\t\t\t\t\t\t\t\t\t\t\t<span class=\"elementor-toggle-icon elementor-toggle-icon-left\" aria-hidden=\"true\">\n\t\t\t\t\t\t\t\t\t\t\t\t\t\t\t<span class=\"elementor-toggle-icon-closed\"><i class=\"fas fa-caret-right\"><\/i><\/span>\n\t\t\t\t\t\t\t\t<span class=\"elementor-toggle-icon-opened\"><i class=\"elementor-toggle-icon-opened fas fa-caret-up\"><\/i><\/span>\n\t\t\t\t\t\t\t\t\t\t\t\t\t<\/span>\n\t\t\t\t\t\t\t\t\t\t\t\t<a class=\"elementor-toggle-title\" tabindex=\"0\">Schlachtfeld Berlin<\/a>\n\t\t\t\t\t<\/h6>\n\n\t\t\t\t\t<div id=\"elementor-tab-content-18212\" class=\"elementor-tab-content elementor-clearfix\" data-tab=\"12\" role=\"region\" aria-labelledby=\"elementor-tab-title-18212\"><p><img loading=\"lazy\" decoding=\"async\" class=\"alignright\" src=\"http:\/\/schmidt-paetzel.de\/wp-content\/uploads\/2020\/06\/berlin_45_02.jpg\" alt=\"\" width=\"285\" height=\"418\" \/>Ein Film von\u00a0<a href=\"http:\/\/schmidt-paetzel.de\/?page_id=20\">Andreas Christoph Schmidt<\/a><br \/>rbb 2015, 45&#8242;<br \/>Erstausstrahlung: 5. Mai 2015<\/p><p>Es war die letzte Schlacht des Zweiten Weltkriegs auf europ\u00e4ischem Boden.<br \/>Ja, es war die letzte gro\u00dfe Schlacht in Europa \u00fcberhaupt. Sie begann am 16. April 1945 mit der sowjetischen Gro\u00dfoffensive an der Oder. Auf deutscher Seite wurde sie von einem zusammengew\u00fcrfelten Haufen gef\u00fchrt. Ein letztes Aufgebot: k\u00fcmmerliche Reste der Wehrmacht, eine auf wenige hundert Mann zusammengeschmolzene Waffen-SS, minderj\u00e4hrige Luftwaffenhelfer, alte M\u00e4nner und kleine Jungs in Hitlers Volkssturm. Zahllose Zivilisten harrten in den Kellern, unter den Ruinen ihrer H\u00e4user aus, suchten Schutz in Tr\u00fcmmern, irrten zwischen den Fronten umher. Frauen, Kinder, Alte; Nazis und Verfolgte. Niemals zuvor und niemals seither wurde eine Millionenmetropole so &#8211; Haus f\u00fcr Haus und Stra\u00dfe f\u00fcr Stra\u00dfe &#8211; verteidigt und erobert. Nie zuvor waren Frauen und M\u00e4dchen in so gro\u00dfer Zahl zur Beute ihrer Eroberer geworden. Was die Berliner in diesen Tagen durchmachten, trugen sie ein<br \/>Leben lang mit sich. Die meisten blieben allein damit, sprachen kaum dar\u00fcber. Und wenn sie es heute tun, dann ringen sie oft mit den Tr\u00e4nen.<br \/>&#8222;Die pr\u00e4gendste Zeit in meinem Leben.&#8220; &#8211; &#8222;Man wird es nicht los.&#8220; &#8211; &#8222;Das vergi\u00dft du nicht.&#8220;<\/p><p>&#8222;Ich sehe noch wie heute vor mir\u2026&#8220; &#8211; keinen Satz h\u00f6rt man \u00f6fter, wenn man mit \u00dcberlebenden der letzten Kriegstage 1945 in Berlin spricht.<br \/>Am 2. Mai 1945 kapitulierte Berlin.<\/p><p><strong>Buch \/ Regie:\u00a0<a href=\"a-chr-schmidt.html\">Andreas Christoph Schmidt<\/a>\u00a0\/ Kamera: Carl-Eugen Finkbeiner \/ Ton: Michael Th\u00e4le \/ Produktionsleitung:\u00a0<a href=\"cordula-paetzel.html\">Cordula Paetzel<\/a>\u00a0\/ Eine Produktion von Schmidt &amp; Paetzel Fernsehfilme \/ Im Auftrag des RBB<\/strong><\/p><\/div>\n\t\t\t\t<\/div>\n\t\t\t\t\t\t\t<div class=\"elementor-toggle-item\">\n\t\t\t\t\t<h6 id=\"elementor-tab-title-18213\" class=\"elementor-tab-title\" data-tab=\"13\" role=\"button\" aria-controls=\"elementor-tab-content-18213\" aria-expanded=\"false\">\n\t\t\t\t\t\t\t\t\t\t\t\t<span class=\"elementor-toggle-icon elementor-toggle-icon-left\" aria-hidden=\"true\">\n\t\t\t\t\t\t\t\t\t\t\t\t\t\t\t<span class=\"elementor-toggle-icon-closed\"><i class=\"fas fa-caret-right\"><\/i><\/span>\n\t\t\t\t\t\t\t\t<span class=\"elementor-toggle-icon-opened\"><i class=\"elementor-toggle-icon-opened fas fa-caret-up\"><\/i><\/span>\n\t\t\t\t\t\t\t\t\t\t\t\t\t<\/span>\n\t\t\t\t\t\t\t\t\t\t\t\t<a class=\"elementor-toggle-title\" tabindex=\"0\">Bergpark Kassel Wilhelmsh\u00f6he. Das Spiel von Schein und Sein<\/a>\n\t\t\t\t\t<\/h6>\n\n\t\t\t\t\t<div id=\"elementor-tab-content-18213\" class=\"elementor-tab-content elementor-clearfix\" data-tab=\"13\" role=\"region\" aria-labelledby=\"elementor-tab-title-18213\"><p><img loading=\"lazy\" decoding=\"async\" class=\"alignright\" src=\"http:\/\/schmidt-paetzel.de\/wp-content\/uploads\/2020\/06\/20140731_0074x-1024x683.jpg\" alt=\"\" width=\"285\" height=\"190\" \/>Ein Film von\u00a0<a href=\"http:\/\/schmidt-paetzel.de\/?page_id=20\">Andreas Christoph Schmidt<\/a><br \/>Aus der Reihe &#8222;Sch\u00e4tze der Welt \/ Erbe der Menschheit&#8220;<br \/>SWR 2014, 15&#8242;<br \/>Erstausstrahlung: 14. Dezember 2014<\/p><p>Landgraf Karls Wasserspiele, inspiriert von den G\u00e4rten Italiens, waren die gr\u00f6\u00dften der Welt, und noch heute nennt man den Park in Hessen mit Stolz den &#8222;gr\u00f6\u00dften Bergpark Europas&#8220;.<\/p><p>Mittwochs und sonntags, w\u00e4hrend der Sommermonate, wenn die Wasserkunst statt\ufb01ndet, bev\u00f6lkern oft tausende Besucher den Bergpark Wilhelmsh\u00f6he. Was der kunstsinnige Landesherr einst bauen lie\u00df, um seinen und den Ruhm seines Landes Hessen-Kassel in der Welt zu mehren, ist heute eine Touristenattraktion: barocke Wasserarchitektur in einem grandiosen Bergpark. Generationen haben ihn gepr\u00e4gt und gepflegt, kaum ein Nachfolger Karls, der sich und seine Epoche nicht in ihm zu verewigen suchte. Neben dem \u00fcbergro\u00dfen Herkules aus der Zeit des Landgrafen Karl pr\u00e4gen heute k\u00fcnstliche Wasserf\u00e4lle, die scheinbare Ruine eines r\u00f6mischen Aqu\u00e4dukts, eine gigantische Font\u00e4ne, zahlreiche Geb\u00e4ude und Staffagen bis hin zur k\u00fcnstlichen Ruine der L\u00f6wenburg den Park. Mit dem Lauf der Zeit hat er sich mehrfach gewandelt, und wir folgen seinen Wandlungen zu einem kurzen Gang durch die Geschichte, nicht nur der Gartenkunst.<\/p><p><strong>Buch \/ Regie:\u00a0<a href=\"a-chr-schmidt.html\">Andreas Christoph Schmidt\u00a0<\/a>\/ Kamera: Holger Sch\u00fcppel \/ Ton: Elmar Paetzel \/ Kameraassistenz: Enrico Leube \/ Schnitt:\u00a0<a href=\"a-chr-schmidt.html\">Andreas Christoph Schmidt<\/a>\/ Tonmischung: Christian Wilmes\/ Sprecher: Ingo H\u00fclsmann \/ Produktionsleitung:\u00a0<a href=\"cordula-paetzel.html\">Cordula Paetzel<\/a>, Redaktion: Goggo Gensch \/ Eine Produktion von\u00a0Schmidt &amp; Paetzel Fernsehfilme im Auftrag des S\u00fcdwestrundfunks<\/strong><\/p><\/div>\n\t\t\t\t<\/div>\n\t\t\t\t\t\t\t<div class=\"elementor-toggle-item\">\n\t\t\t\t\t<h6 id=\"elementor-tab-title-18214\" class=\"elementor-tab-title\" data-tab=\"14\" role=\"button\" aria-controls=\"elementor-tab-content-18214\" aria-expanded=\"false\">\n\t\t\t\t\t\t\t\t\t\t\t\t<span class=\"elementor-toggle-icon elementor-toggle-icon-left\" aria-hidden=\"true\">\n\t\t\t\t\t\t\t\t\t\t\t\t\t\t\t<span class=\"elementor-toggle-icon-closed\"><i class=\"fas fa-caret-right\"><\/i><\/span>\n\t\t\t\t\t\t\t\t<span class=\"elementor-toggle-icon-opened\"><i class=\"elementor-toggle-icon-opened fas fa-caret-up\"><\/i><\/span>\n\t\t\t\t\t\t\t\t\t\t\t\t\t<\/span>\n\t\t\t\t\t\t\t\t\t\t\t\t<a class=\"elementor-toggle-title\" tabindex=\"0\">Bilderbuch. Im S\u00e4chsischen Brandenburg<\/a>\n\t\t\t\t\t<\/h6>\n\n\t\t\t\t\t<div id=\"elementor-tab-content-18214\" class=\"elementor-tab-content elementor-clearfix\" data-tab=\"14\" role=\"region\" aria-labelledby=\"elementor-tab-title-18214\"><p><img loading=\"lazy\" decoding=\"async\" class=\"alignright\" src=\"http:\/\/schmidt-paetzel.de\/wp-content\/uploads\/2020\/06\/20140314_0152-1024x576.jpg\" alt=\"\" width=\"285\" height=\"160\" \/>Ein Film von <a href=\"http:\/\/schmidt-paetzel.de\/?page_id=20\">Andreas Christoph Schmidt<\/a><br \/>rbb 2014, 45&#8242;<\/p><p>1815, nach dem Wiener Kongress, musste Sachsen die H\u00e4lfte seines Territoriums an Preu\u00dfen abtreten, heute geh\u00f6rt es zum Land Brandenburg. Wir \u00fcberschreiten die fr\u00fchere Grenze bei Kloster Zinna, sehen uns J\u00fcterbog an, suchen das Schlachtfeld von Dennewitz auf und sprechen mit Pastor von Wahrenbr\u00fcck, der hilft, das Erbe der Graun-Br\u00fcder zu bewahren &#8211; Komponisten der Barockzeit. Au\u00dferdem treffen wir auf Pater Alois, der im alten Zisterzienserinnenkloster von M\u00fchlberg versucht, das flackernde L\u00e4mpchen geistigen Lebens vor dem Erl\u00f6schen zu bewahren. Am Massengrab des sowjetischen Spaziallagers Nr. 1 begegnen wir zwei alten Herren, die als junge M\u00e4nner hier gefangen waren, und schlie\u00dflich zeigt uns der Doberluger B\u00fcrgermeister sein neues Schloss, das gerade vom Dornr\u00f6schenschlaf wachgek\u00fcsst wurde.<\/p><p><strong>Buch \/ Regie:\u00a0<a href=\"a-chr-schmidt.html\">Andreas Christoph Schmidt\u00a0<\/a>\/ Kamera: Carl Finkbeiner \/ Ton: Michael Th\u00e4le \/ Musik: Andr\u00e9 Pawelski, nach Carl Heinrich Graun \/ Produktionsleitung:\u00a0<a href=\"cordula-paetzel.html\">Cordula Paetzel<\/a>, Rainer Baumert (rbb), Redaktion: Rolf Bergmann \/ Eine Gemeinschaftsproduktion von\u00a0Schmidt &amp; Paetzel Fernsehfilme und dem Rundfunk Berlin Brandenburg<\/strong><\/p><\/div>\n\t\t\t\t<\/div>\n\t\t\t\t\t\t\t<div class=\"elementor-toggle-item\">\n\t\t\t\t\t<h6 id=\"elementor-tab-title-18215\" class=\"elementor-tab-title\" data-tab=\"15\" role=\"button\" aria-controls=\"elementor-tab-content-18215\" aria-expanded=\"false\">\n\t\t\t\t\t\t\t\t\t\t\t\t<span class=\"elementor-toggle-icon elementor-toggle-icon-left\" aria-hidden=\"true\">\n\t\t\t\t\t\t\t\t\t\t\t\t\t\t\t<span class=\"elementor-toggle-icon-closed\"><i class=\"fas fa-caret-right\"><\/i><\/span>\n\t\t\t\t\t\t\t\t<span class=\"elementor-toggle-icon-opened\"><i class=\"elementor-toggle-icon-opened fas fa-caret-up\"><\/i><\/span>\n\t\t\t\t\t\t\t\t\t\t\t\t\t<\/span>\n\t\t\t\t\t\t\t\t\t\t\t\t<a class=\"elementor-toggle-title\" tabindex=\"0\">Der preu\u00dfische Garten<\/a>\n\t\t\t\t\t<\/h6>\n\n\t\t\t\t\t<div id=\"elementor-tab-content-18215\" class=\"elementor-tab-content elementor-clearfix\" data-tab=\"15\" role=\"region\" aria-labelledby=\"elementor-tab-title-18215\"><p><img loading=\"lazy\" decoding=\"async\" class=\"alignright\" src=\"http:\/\/schmidt-paetzel.de\/wp-content\/uploads\/2020\/06\/IMG_0962.jpg\" alt=\"\" width=\"285\" height=\"190\" \/>Ein Film von <a href=\"http:\/\/schmidt-paetzel.de\/?page_id=20\">Andreas Christoph Schmidt<\/a><br \/>3sat 2014, 15&#8242;<br \/>Erstausstrahlung: 16. Februar 2014<\/p><p>&#8222;Ich k\u00f6nnte aus der Umgebung von Potsdam und Berlin einen Garten machen&#8220;, sagte Friedrich Wilhelm IV., und sprach damit aus, was sein Gartenbaumeister Peter Joseph Lenn\u00e9 wahrscheinlich schon dachte. Bislang hatten die Hohenzollernf\u00fcrsten, jeder nach Geschmack, Talent, Neigung, Mode und Staatskasse, ihre Schl\u00f6sser gebaut und ihre Parks dazu gestalten lassen. Friedrich der Gro\u00dfe den Park Sanssouci voller offener und versteckter Bez\u00fcge und Bedeutungen, sein Neffe, Friedrich Wilhelm II., den Neuen Garten geheimnisvoll, die Pfaueninsel exzentrisch und irreal. Um nur die bekanntesten Beispiele zu nennen. Lenn\u00e9 ging daran, diese Parks zu verbinden, durch landschaftliche \u00dcberg\u00e4nge und bezaubernde Sichtachsen.\u00a0<\/p><p><strong>Buch \/ Regie:\u00a0<a href=\"http:\/\/www.schmidt-paetzel.de\/a-chr-schmidt.html\">Andreas Christoph Schmidt<\/a>\u00a0\/ Soundtrack: Andr\u00e9 Pawelski \/ Kamera: Carl Finkbeiner \/ Schnitt: Andreas Christoph Schmidt \/ Sprecher: Max Hopp \/ Produktionsleitung:\u00a0<a href=\"http:\/\/www.schmidt-paetzel.de\/cordula-paetzel.html\">Cordula Paetzel<\/a>\u00a0\/ Eine Produktion von Schmidt &amp; Paetzel Fernsehfilme \/ Im Auftrag von 3sat<\/strong><\/p><\/div>\n\t\t\t\t<\/div>\n\t\t\t\t\t\t\t<div class=\"elementor-toggle-item\">\n\t\t\t\t\t<h6 id=\"elementor-tab-title-18216\" class=\"elementor-tab-title\" data-tab=\"16\" role=\"button\" aria-controls=\"elementor-tab-content-18216\" aria-expanded=\"false\">\n\t\t\t\t\t\t\t\t\t\t\t\t<span class=\"elementor-toggle-icon elementor-toggle-icon-left\" aria-hidden=\"true\">\n\t\t\t\t\t\t\t\t\t\t\t\t\t\t\t<span class=\"elementor-toggle-icon-closed\"><i class=\"fas fa-caret-right\"><\/i><\/span>\n\t\t\t\t\t\t\t\t<span class=\"elementor-toggle-icon-opened\"><i class=\"elementor-toggle-icon-opened fas fa-caret-up\"><\/i><\/span>\n\t\t\t\t\t\t\t\t\t\t\t\t\t<\/span>\n\t\t\t\t\t\t\t\t\t\t\t\t<a class=\"elementor-toggle-title\" tabindex=\"0\">Pussy Riot und andere S\u00fcnden<\/a>\n\t\t\t\t\t<\/h6>\n\n\t\t\t\t\t<div id=\"elementor-tab-content-18216\" class=\"elementor-tab-content elementor-clearfix\" data-tab=\"16\" role=\"region\" aria-labelledby=\"elementor-tab-title-18216\"><p><img loading=\"lazy\" decoding=\"async\" class=\"alignright\" src=\"http:\/\/schmidt-paetzel.de\/wp-content\/uploads\/2020\/06\/pussy004-1024x576.jpg\" alt=\"\" width=\"285\" height=\"160\" \/>Ein Film von Artem Demenok<br \/>3sat Schweiz 2014, 52&#8242;<br \/>Erstausstrahlung: 3. Februar 2014<\/p><p>&#8222;Pussy Riot&#8220; \u2013 dieser Name ist eine Marke geworden, wie &#8222;Gazprom&#8220; oder &#8222;Aeroflot&#8220;. Sie steht f\u00fcr Protest im heutigen Russland: &#8222;Mutter Gottes, Jungfrau, vertreibe Putin&#8220;. Ein politisches &#8222;Punk-Gebet&#8220; und eine harte Strafe daf\u00fcr: zwei Jahre Lagerhaft. Soweit die Geschichte.<\/p><p>Aber wie sieht es heute aus in Putins Reich? Mit Protest und Opposition? Mit Einsch\u00fcchterung und Angst? Und mit Kunst? Mit diesen Fragen ist Artem Demenok nach Russland gefahren, um die Stimmungen in der Gesellschaft einzufangen.<\/p><p>Sein Film zeigt, wie das System Putin immer mehr Z\u00fcge des Sowjetsystems annimmt. Die Angst kehrt zur\u00fcck. Und doch lassen sich nicht alle unterkriegen. Wie zur Sowjetzeit begeben sich einige K\u00fcnstler auf Konfrontationskurs mit dem System, gerade auch nach dem Schauprozess gegen Pussy Riot. Das hat seit jeher Tradition in Russland: Die Kunst als Widerstandsnest.<\/p><p>Als die Dreharbeiten fast zu Ende waren, kam die Nachricht, dass die Mitglieder von Pussy Riot, Maria Aljochina und Nadeschda Tolokonnikowa, freikommen. F\u00fcr diesen Film gaben sie ein Exklusivinterview. Der Prozess und die Haft haben sie nicht zerbrochen. Sie wollen weiter k\u00e4mpfen. Als B\u00fcrgerrechtler.<\/p><p><strong>Buch \/ Regie:\u00a0<a href=\"http:\/\/www.schmidt-paetzel.de\/artem-demenok.html\">Artem Demenok<\/a>\u00a0\/ Kamera: Iwan Sawtschenko \/ Schnitt: Salome Machaidze \/ Ton: Rustam Buljakow \/ Tonmischung: Kai Hoffmann \/ Sprecher: Natascha Bub, Thomas Vogt \/ Farbkorrektur: Matthias Behrens \/ Produktionsleitung:\u00a0<a href=\"http:\/\/www.schmidt-paetzel.de\/cordula-paetzel.html\">Cordula Paetzel<\/a>\u00a0\/ Produzent:\u00a0<a href=\"http:\/\/schmidt-paetzel.de\/?page_id=20\">Andreas Christoph Schmidt\u00a0<\/a>\/ Redaktion: Rajan Autze \/ Eine Produktion von Schmidt &amp; Paetzel Fernsehfilme \/ Im Auftrag von 3sat Schweiz<\/strong><\/p><\/div>\n\t\t\t\t<\/div>\n\t\t\t\t\t\t\t<div class=\"elementor-toggle-item\">\n\t\t\t\t\t<h6 id=\"elementor-tab-title-18217\" class=\"elementor-tab-title\" data-tab=\"17\" role=\"button\" aria-controls=\"elementor-tab-content-18217\" aria-expanded=\"false\">\n\t\t\t\t\t\t\t\t\t\t\t\t<span class=\"elementor-toggle-icon elementor-toggle-icon-left\" aria-hidden=\"true\">\n\t\t\t\t\t\t\t\t\t\t\t\t\t\t\t<span class=\"elementor-toggle-icon-closed\"><i class=\"fas fa-caret-right\"><\/i><\/span>\n\t\t\t\t\t\t\t\t<span class=\"elementor-toggle-icon-opened\"><i class=\"elementor-toggle-icon-opened fas fa-caret-up\"><\/i><\/span>\n\t\t\t\t\t\t\t\t\t\t\t\t\t<\/span>\n\t\t\t\t\t\t\t\t\t\t\t\t<a class=\"elementor-toggle-title\" tabindex=\"0\">Griff nach der Freiheit - der 17. Juni 1953<\/a>\n\t\t\t\t\t<\/h6>\n\n\t\t\t\t\t<div id=\"elementor-tab-content-18217\" class=\"elementor-tab-content elementor-clearfix\" data-tab=\"17\" role=\"region\" aria-labelledby=\"elementor-tab-title-18217\"><p><img loading=\"lazy\" decoding=\"async\" class=\"alignright\" src=\"http:\/\/schmidt-paetzel.de\/wp-content\/uploads\/2020\/05\/griff-n-d-freiheit.jpg\" alt=\"\" width=\"285\" height=\"212\" \/>Der Nachfolger von &#8222;Helden ohne Ruhm&#8220;<br \/>Ein Film von Artem Demenok und <a href=\"http:\/\/schmidt-paetzel.de\/?page_id=20\">Andreas Christoph Schmidt<\/a><br \/>rbb 2013, 45&#8242;<br \/>Erstausstrahlung: 17. Juni 2013<\/p><p>Die Franzosen feiern den Sturm auf die Bastille &#8211; die ganze\u00a0\u00a0 Welt wei\u00df, wovon die Rede ist. Die USA feiern ihren Independence Day. Wir Deutsche feiern den 3. Oktober als Nationalfeiertag. Niemand wei\u00df, was er zu bedeuten hat. Dabei gab es einen Tag, an dem auch in Deutschland Gef\u00e4ngnisse gest\u00fcrmt wurden, in denen Unschuldige als politische Gefangene einsa\u00dfen. Der 17. Juni 1953 &#8211; f\u00fcr wenige Tage stand das Regime Walter Ulbrichts am Abgrund. Die Wiedervereinigung schien zum Greifen nah. Dann stellen sowjetische Panzer Ruhe und Ordnung wieder her. In der Bundesrepublik wurde der 17. Juni fortan als Tag der deutschen Einheit gefeiert, in der DDR totgeschwiegen. Mit der Wiedervereinigung wurde er nicht zum Nationalfeiertag erhoben, sondern abgeschafft. 60 Jahre nach dem Ereignis ist immer noch nicht entschieden, wie wir uns zu ihm stellen. War es ein Arbeiteraufstand, weil er ja haupts\u00e4chlich von Arbeitern getragen wurde? War es ein Volksaufstand, weil er in Wundeseile alle Bev\u00f6lkerungsschichten ergriff und in St\u00e4dten wie D\u00f6rfern gleicherma\u00dfen entbrannte? War es eine weitere gescheiterte deutsche Revolution? Der Film erz\u00e4hlt die Geschichte des Aufstands und reflektiert gleichzeitig \u00fcber seine Bedeutung f\u00fcr Deutschland heute. Es gibt immer noch Neues zu entdecken.<\/p><p>Mit:\u00a0Angelika Klein, Jens Reich, Ehrhart Neubert, Peter Ruben, Ursula Jautzke, Klaus Staeck, Erardo Cristoforo Rautenberg, Arnulf Baring<\/p><p><a href=\"http:\/\/schmidt-paetzel.de\/?page_id=317\">Kommentartext<\/a><\/p><p><strong>Buch \/ Regie:\u00a0<a href=\"http:\/\/www.schmidt-paetzel.de\/artem-demenok.html\">Artem Demenok<\/a>,\u00a0<a href=\"http:\/\/schmidt-paetzel.de\/?page_id=20\">Andreas Christoph Schmidt\u00a0<\/a>\/ Kamera: Stefan Logemann \/ Schnitt: Michael Auer, Andreas Christoph Schmidt \/ Ton: Doris Renneberg, Lisa Rensch \/ Tonmischung: Vadim Kompatzki \/ Mitarbeit: Franziska Zwerg \/ Sprecher: Thomas Thieme \/ Produktionsleitung: Cordula Paetzel (Schmidt &amp; Paetzel Fernsehfilme), Rainer Baumert, Simon Stein (RBB) \/ Redaktion: Rolf Bergmann (RBB), Katja Wildermuth (MDR), Gerolf Karwath (SWR) \/ Eine Produktion von Schmidt &amp; Paetzel Fernsehfilme \/ Im Auftrag von: Rundfunk Berlin-Brandenburg, Mitteldeutscher Rundfunk, S\u00fcdwestrundfunk<\/strong><\/p><p>43&#8217;30&#8220; \/ 16:9 \/ Stereo \/ F \/\u00a0\u00a9 2013 Schmidt &amp; Paetzel Fernsehfilme und Rundfunk Berlin Brandenburg<\/p><\/div>\n\t\t\t\t<\/div>\n\t\t\t\t\t\t\t<div class=\"elementor-toggle-item\">\n\t\t\t\t\t<h6 id=\"elementor-tab-title-18218\" class=\"elementor-tab-title\" data-tab=\"18\" role=\"button\" aria-controls=\"elementor-tab-content-18218\" aria-expanded=\"false\">\n\t\t\t\t\t\t\t\t\t\t\t\t<span class=\"elementor-toggle-icon elementor-toggle-icon-left\" aria-hidden=\"true\">\n\t\t\t\t\t\t\t\t\t\t\t\t\t\t\t<span class=\"elementor-toggle-icon-closed\"><i class=\"fas fa-caret-right\"><\/i><\/span>\n\t\t\t\t\t\t\t\t<span class=\"elementor-toggle-icon-opened\"><i class=\"elementor-toggle-icon-opened fas fa-caret-up\"><\/i><\/span>\n\t\t\t\t\t\t\t\t\t\t\t\t\t<\/span>\n\t\t\t\t\t\t\t\t\t\t\t\t<a class=\"elementor-toggle-title\" tabindex=\"0\">Sch\u00e4tze Brandenburgs - mit Ulrich Noethen<\/a>\n\t\t\t\t\t<\/h6>\n\n\t\t\t\t\t<div id=\"elementor-tab-content-18218\" class=\"elementor-tab-content elementor-clearfix\" data-tab=\"18\" role=\"region\" aria-labelledby=\"elementor-tab-title-18218\"><p><img loading=\"lazy\" decoding=\"async\" class=\"alignright\" src=\"http:\/\/schmidt-paetzel.de\/wp-content\/uploads\/2020\/06\/IMG_9920-1024x697.jpg\" alt=\"\" width=\"285\" height=\"194\" \/>Ein Film von <a href=\"http:\/\/schmidt-paetzel.de\/?page_id=20\">Andreas Christoph Schmidt<\/a><br \/>mit Ulrich Noethen als Cicerone<br \/>rbb 2013, 90 min<br \/>Erstausstrahlung: 30. Oktober 2012<\/p><p>Was hat es mit dem Komma im Namen &#8222;sans, souci&#8220; auf sich? Wieso war in Rheinsberg die &#8222;Aufmuckung&#8220; zu Hause? Wo entstand &#8222;Undine&#8220;, wer waren die &#8222;wei\u00dfen M\u00f6nche&#8220; und welches Schloss stellt die Preu\u00dfenlosung &#8222;Mehr sein als scheinen&#8220; auf den Kopf? &#8211; Diesen und weiteren Fragen gehen wir in sechs filmischen Miniaturen auf den Grund. Die F\u00fchrung unserer kleinen Rundreise durch Brandenburg \u00fcbernimmt der Schauspieler Ulrich Noethen: Leichten Herzens wird erkundet und entdeckt. Historische Personen, Ereignisse und Anekdoten erstehen vor unserem inneren Auge. Heimatkunde der besonderen Art, wenn man so will, opulent und genie\u00dferisch. Eine Qualit\u00e4t der &#8222;Reise&#8220; ist, dass sie entschleunigt, inneh\u00e4lt im medialen Fluss. Brandenburg wird als Kulturregion begriffen. Die Miniaturen helfen, Brandenburg und sein kulturelles Erbe zu sehen, zu begreifen und zu verstehen. Erz\u00e4hlerische Kulturvermittlung vom Feinsten.<\/p><\/div>\n\t\t\t\t<\/div>\n\t\t\t\t\t\t\t<div class=\"elementor-toggle-item\">\n\t\t\t\t\t<h6 id=\"elementor-tab-title-18219\" class=\"elementor-tab-title\" data-tab=\"19\" role=\"button\" aria-controls=\"elementor-tab-content-18219\" aria-expanded=\"false\">\n\t\t\t\t\t\t\t\t\t\t\t\t<span class=\"elementor-toggle-icon elementor-toggle-icon-left\" aria-hidden=\"true\">\n\t\t\t\t\t\t\t\t\t\t\t\t\t\t\t<span class=\"elementor-toggle-icon-closed\"><i class=\"fas fa-caret-right\"><\/i><\/span>\n\t\t\t\t\t\t\t\t<span class=\"elementor-toggle-icon-opened\"><i class=\"elementor-toggle-icon-opened fas fa-caret-up\"><\/i><\/span>\n\t\t\t\t\t\t\t\t\t\t\t\t\t<\/span>\n\t\t\t\t\t\t\t\t\t\t\t\t<a class=\"elementor-toggle-title\" tabindex=\"0\">Am Anfang der Moderne. Das Faguswerk<\/a>\n\t\t\t\t\t<\/h6>\n\n\t\t\t\t\t<div id=\"elementor-tab-content-18219\" class=\"elementor-tab-content elementor-clearfix\" data-tab=\"19\" role=\"region\" aria-labelledby=\"elementor-tab-title-18219\"><p><img loading=\"lazy\" decoding=\"async\" class=\"alignright\" src=\"http:\/\/schmidt-paetzel.de\/wp-content\/uploads\/2020\/06\/IMG_7453-1024x683.png\" alt=\"\" width=\"285\" height=\"190\" \/>Ein Film von <a href=\"http:\/\/schmidt-paetzel.de\/?page_id=20\">Andreas Christoph Schmidt<\/a><br \/>Aus der Reihe &#8222;Sch\u00e4tze der Welt \/ Erbe der Menschheit&#8220;<br \/>SWR 2012, 15&#8242;<br \/>Erstausstrahlung: 23. Dezember 2012<\/p><p>Als &#8222;Ursprungsbau der Moderne&#8220; gilt das von Walter Gropius und Adolf Meyer ab 1911 errichtete Fagus-Werk in Alfeld an der Leine.<\/p><p>(Fagus = lat. f\u00fcr Buche, deren Holz Rohstoff der Schuhleistenherstellung seit 1858 war).<\/p><p>Die Produktionsst\u00e4tte wurde f\u00fcr einen mittelst\u00e4ndischen Betrieb errichtet, dessen Betreiber Carl Benscheidt Verantwortungsbewusstsein und Innovation miteinander zu verbinden wusste. Er engagierte sich \u00fcberdurchschnittlich f\u00fcr das Wohl seiner Mitarbeiter und fand im jungen Gropius den geeigneten Architekten, um beim Bau des Fagus-Werks seinen jahrelangen Erfahrungen im Bereich Produktionsorganisation ein innovatives und werbewirksamens Erscheinungsbild zu geben. Bis heute produziert das Werk Schuhleisten f\u00fcr den weltweiten Gebrauch.<\/p><p>Das Werk steht seit 1946 unter Denkmalschutz und geh\u00f6rt seit 2011 zum UNESCO-Weltkulturerbe.<\/p><p><a href=\"http:\/\/schmidt-paetzel.de\/?page_id=250\">Kommentartext<\/a><\/p><p><strong>Buch \/ Regie: Andreas Christoph Schmidt \/ Kamera: Holger Sch\u00fcppel \/ Kameraassistenz: Enrico Leube \/ Ton: Michael Th\u00e4le \/ Sprecher: Ingo H\u00fclsmann \/ Musik: Andr\u00e9 Pawelski \/ Tonmischung: Christian Wilmes \/ Produktion: Cordula Paetzel (Schmidt &amp; Paetzel Fernsehfilme)<\/strong><\/p><\/div>\n\t\t\t\t<\/div>\n\t\t\t\t\t\t\t<div class=\"elementor-toggle-item\">\n\t\t\t\t\t<h6 id=\"elementor-tab-title-18220\" class=\"elementor-tab-title\" data-tab=\"20\" role=\"button\" aria-controls=\"elementor-tab-content-18220\" aria-expanded=\"false\">\n\t\t\t\t\t\t\t\t\t\t\t\t<span class=\"elementor-toggle-icon elementor-toggle-icon-left\" aria-hidden=\"true\">\n\t\t\t\t\t\t\t\t\t\t\t\t\t\t\t<span class=\"elementor-toggle-icon-closed\"><i class=\"fas fa-caret-right\"><\/i><\/span>\n\t\t\t\t\t\t\t\t<span class=\"elementor-toggle-icon-opened\"><i class=\"elementor-toggle-icon-opened fas fa-caret-up\"><\/i><\/span>\n\t\t\t\t\t\t\t\t\t\t\t\t\t<\/span>\n\t\t\t\t\t\t\t\t\t\t\t\t<a class=\"elementor-toggle-title\" tabindex=\"0\">Sch\u00e4tze Brandenburgs<\/a>\n\t\t\t\t\t<\/h6>\n\n\t\t\t\t\t<div id=\"elementor-tab-content-18220\" class=\"elementor-tab-content elementor-clearfix\" data-tab=\"20\" role=\"region\" aria-labelledby=\"elementor-tab-title-18220\"><p><img loading=\"lazy\" decoding=\"async\" class=\"alignright\" src=\"http:\/\/schmidt-paetzel.de\/wp-content\/uploads\/2020\/05\/sch\u00e4tze-b.jpg\" alt=\"\" width=\"185\" height=\"261\" \/>Eine Serie in (vorerst) sechs Teilen<br \/>von <a href=\"http:\/\/schmidt-paetzel.de\/?page_id=20\">Andreas Christoph Schmidt<\/a><br \/>rbb 2012, \u00e0 15&#8242;<\/p><p>Erstausstrahlung:<br \/>30. Oktober 2012 Schloss Sanssouci<br \/>6. November 2012 Die Sacrower Heilandskirche<br \/>20 November 2012 Schloss Rheinsberg<br \/>27 November 2012 Das Neue Palais<br \/>4. Dezember 2012 Kloster Chorin<br \/>18. Dezember 2012 Der Dom an der Havel (Brandenburg)<\/p><p>Preu\u00dfen-Brandenburg ist, wie wenige andere Gegenden der Welt, reich an historischen Orten und Sch\u00f6nheiten. Als Zeugen eines versunkenen Landes bersten sie geradezu von Geschichte und Geschichten. In sechs f\u00fcnfzehnmin\u00fctigen Filmen wird Geschichte erz\u00e4hlt, und zwar anhand architektonischer, kultureller, historischer Sch\u00e4tze. Leichten Herzens wird erkundet und entdeckt. Historische Personen, Ereignisse und Anekdoten erstehen vor unserem inneren Auge. Heimatkunde, wenn man so will, opulent und genie\u00dferisch.<\/p><h5>SCHLOSS SANSSOUCI<\/h5><p>Die Sorglosigkeit steht als Name und Motto \u00fcber der Sommerresidenz Friedrichs des Gro\u00dfen, allerdings durch ein r\u00e4tselhaftes Komma getrennt: &#8222;SANS, SOUCI.&#8220; Wer glaubt, das sei Zufall oder Nachl\u00e4ssigkeit, sch\u00e4tzt den Schlossherren falsch ein. Allerdings wurde die Epoche von Sanssouci keine Epoche der Sorglosigkeit, sondern eine des Kriegs und mancher Verbitterung. &#8222;Quand je serais, je serais sans souci!&#8220; &#8211; sagte Friedrich der Gro\u00dfe einmal zu einem seiner G\u00e4ste: Wenn ich erst hier bin, werde ich ohne Sorgen sein.<\/p><h5>DIE HEILANDSKIRCHE VON SACROW<\/h5><p>Die Heilandskirche von Sacrow liegt wie ein Schiff an der Havel. Erbaut im Stil einer fr\u00fchchristlichen romanischen Basilika nach Skizzen von Friedrich Wilhelm IV. ist sie Zeugin des alten deutschen Traums von Italien, dem der K\u00f6nig besonders hingegeben war. Auf dem Gut Sacrow wuchs Friedrich de la Motte Fouqu\u00e9 auf, und der Ort zwischen Seen und W\u00e4ldern passt zu einem Dichter, der sp\u00e4ter die Geschichte der Seejungfrau Undine schreiben sollte.<\/p><h5>SCHLOSS RHEINSBERG<\/h5><p>\u00dcber sein erstes Schloss hatte er sich schreiben lassen: &#8222;Dem Friedrich, der die Ruhe pflegt&#8220;. Und viel mehr als Ruhe konnte ihm die menscharme Wald- und Seenlandschaft auch nicht bieten. Friedrich der Gro\u00dfe nutzte sie zum Lesen, Schreiben, zur Lebensfreude und zur stillen Opposition gegen seinen Vater, den herrischen K\u00f6nig in Berlin.<\/p><p>Nach Friedrich \u00fcbernahm sein Bruder Heinrich das Schloss, tadelloser Feldherr und gl\u00e4nzender Diplomat, verurteilt zu einem Dasein im Schatten des ber\u00fchmten Bruders.<\/p><h5>DAS NEUE PALAIS<\/h5><p>Es sein reine &#8222;Fanfaronnade&#8220; &#8211; Aufschneiderei, sagte Friedrich der Gro\u00dfe \u00fcber seinen Schlossneubau, und gemeinhin ist er so verstanden worden: als nicht besonders gelungene Attrappe, mit der Friedrich, nach dem mit M\u00fche \u00fcberstandenen Siebenj\u00e4hrigen Krieg, der Welt zeigen wollte, dass Preu\u00dfen noch da war. Ein Blick auf die Entw\u00fcrfe zeigt jedoch, dass der Bau schon vor dem Krieg bis ins Detail feststand. Begonnen wurde er in rotem Klinker und fertiggestellt in bemaltem Putz, der von weitem wie Klinker aussieht. Friedrich hat, anders als andere Potentaten, nicht f\u00fcr die Ewigkeit gebaut.<\/p><h5>KLOSTER CHORIN<\/h5><p>Kaum eine Stunde von Berlin steht in vertr\u00e4umter Seenlandschaft die Ruine eines m\u00e4chtigen Klosters. Der Besucher Chorins begegnet der fernen, der askanischen Vergangenheit Brandenburgs. Hier wirkten Zisterzienserm\u00f6nche, die frommen Beter und Arbeiter, gleichzeitig die fortgeschrittensten Techniker und Ingenieure des Hochmittelalters. Sie brachten Infrastruktur und Zivilisation in die Uckermark. Damals war hier ein nur unter Entbehrungen und Gefahren bewohnbares Sumpfgebiet, heute ist es eine der stillsten und sch\u00f6nsten Landschaften in Deutschland.<\/p><h5>DER DOM AN DER HAVEL<\/h5><p>Der erste Brandenburger Dom, Vorg\u00e4nger des heutigen, wurde 948 gebaut, und beinahe ebenso alt ist das Domstiftsarchiv, wo wir zwei bemerkenswerte Urkunden finden: die Gr\u00fcndungsurkunde des Bistums Brandenburg aus ebenjenem Jahr, mit der eigenh\u00e4ndigen Signatur Ottos des Gro\u00dfen, damals noch K\u00f6nig, sp\u00e4ter Kaiser des Hl. R\u00f6mischen Reichs, und eine Akte aus dem Jahr 1237, wo in winziger Schrift unter vielen anderen Namen auch ein &#8222;Symeon de Colonia&#8220; steht. Das gilt als die erste Erw\u00e4hnung Berlins.<\/p><p>Buch und Regie: Andreas Christoph Schmidt \/ Kamera: Holger Sch\u00fcppel \/ Schnitt: Michael Auer \/ Ton: Michael Th\u00e4le \/ Tonmischung: Stefan Aab \/ Musik: Andr\u00e9 Pawelski \/ Sprecher: Ulrich Noethen \/ Mitarbeit: Franziska Zwerg \/ Produktionsleitung: Cordula Paetzel (Schmidt &amp; Paetzel Fernsehfilme), Rainer Baumert (rbb) \/ Redaktion: Rolf Bergmann \/ Eine Gemeinschaftsproduktion von Schmidt &amp; Paetzel Fernsehfilme und dem Rundfunk Berlin-Brandenburg<\/p><\/div>\n\t\t\t\t<\/div>\n\t\t\t\t\t\t\t<div class=\"elementor-toggle-item\">\n\t\t\t\t\t<h6 id=\"elementor-tab-title-18221\" class=\"elementor-tab-title\" data-tab=\"21\" role=\"button\" aria-controls=\"elementor-tab-content-18221\" aria-expanded=\"false\">\n\t\t\t\t\t\t\t\t\t\t\t\t<span class=\"elementor-toggle-icon elementor-toggle-icon-left\" aria-hidden=\"true\">\n\t\t\t\t\t\t\t\t\t\t\t\t\t\t\t<span class=\"elementor-toggle-icon-closed\"><i class=\"fas fa-caret-right\"><\/i><\/span>\n\t\t\t\t\t\t\t\t<span class=\"elementor-toggle-icon-opened\"><i class=\"elementor-toggle-icon-opened fas fa-caret-up\"><\/i><\/span>\n\t\t\t\t\t\t\t\t\t\t\t\t\t<\/span>\n\t\t\t\t\t\t\t\t\t\t\t\t<a class=\"elementor-toggle-title\" tabindex=\"0\">Die Partisanen. Krieg hinter der Front<\/a>\n\t\t\t\t\t<\/h6>\n\n\t\t\t\t\t<div id=\"elementor-tab-content-18221\" class=\"elementor-tab-content elementor-clearfix\" data-tab=\"21\" role=\"region\" aria-labelledby=\"elementor-tab-title-18221\"><p><img loading=\"lazy\" decoding=\"async\" src=\"http:\/\/schmidt-paetzel.de\/wp-content\/uploads\/2020\/06\/IMG_4296-Kopie-1024x683.jpg\" alt=\"\" width=\"285\" height=\"190\" \/>Ein Film von Artem Demenok und <a href=\"http:\/\/schmidt-paetzel.de\/?page_id=20\">Andreas Christoph Schmidt<\/a><br \/>rbb\/ARTE 2012, 52&#8242;<br \/>Erstausstrahlung: 4. Februar 2013<\/p><p>Kein Kapitel des Kriegs gegen die Sowjetunion l\u00f6st solche Emotionen aus wie der Partisanenkampf. In Russland ist er bis heute von Mythen und Legenden \u00fcberlagert, in Deutschland immer noch verdr\u00e4ngt. Zu schrecklich ist diese Geschichte, zu unentwirrbar und b\u00f6se. Zu beklemmend die Schuld.<br \/>&#8222;Dieser Partisanenkrieg hat auch wieder seinen Vorteil: er gibt uns die M\u00f6glichkeit, auszurotten, was sich gegen uns stellt&#8220;, sagte Hitler zu Beginn des Unternehmens &#8222;Barbarossa&#8220;. Aber da gab es noch keinen Partisanenkrieg. Nur den Aufruf Stalins zum Volkskrieg von Juli 1941. Es dauerte fast ein Jahr, ehe Moskau begann, Kontrolle \u00fcber die versprengten Partisanengruppen zu \u00fcbernehmen, um sie in den Kampf zu treiben. Mehr gegen die eigenen Landsleute als gegen die Besatzer. Die Partisanen wurden zum langen Arm Moskaus hinter der deutschen Front. Die deutschen Gro\u00dfaktionen gegen die Partisanen galten als &#8222;Befriedung&#8220;. Sie hatten klangvolle Namen &#8211; &#8222;Adler&#8220;, &#8222;Maik\u00e4fer&#8220;, &#8222;Fr\u00fchlingsfest&#8220; &#8211; und fanden alle in Wei\u00dfrussland statt, wo die Partisanen zahlreich waren und eine st\u00e4ndige Gefahr f\u00fcr die Besatzer darstellten. Niedergebrannte D\u00f6rfer wurden als Bandenzentralen gemeldet und ermordete Einwohner zu &#8222;Banditen&#8220; oder zu ihren Helfershelfern erkl\u00e4rt.<br \/>Der Film &#8222;Die Partisanen \u2013 Krieg hinter der Front&#8220; wagt sich in die Kampfzone des Partisanenkriegs. Er befragt Zeitzeugen, wertet umfangreiches propagandistisches Filmmaterial beider Seiten aus, stellt Mythen gegen Fakten, Heldenepen gegen die Orte, an denen sie stattfanden. Schritt f\u00fcr Schritt folgt er der verh\u00e4ngnisvollen Entwicklung. An seinem Ende steht die Erkenntnis, dass es in einem &#8222;asymmetrischen Krieg&#8220; keine Sieger gibt. Nur Verlierer und unschuldige Opfer.<\/p><p><a href=\"http:\/\/schmidt-paetzel.de\/?page_id=255\">Kommentartext<\/a><\/p><p><strong>Buch \/ Regie:\u00a0<a href=\"artem-demenok.html\">Artem Demenok<\/a>, Andreas Christoph Schmidt \/ Kamera: Anatoli Kalaschnikow, Tarmo Korol, Oleg Stinski\u00a0\/ Kameraassistenz: Alexander Homan \/ Schnitt: Vera Bogdahn \/ Ton:\u00a0Pawel Mankowski, Toomas Vimb, Valeriy Shumilov\u00a0\/ Tonmischung: Vadim Kompatzki \/ Musik: Alva Noto, Ryuichi Sakamoto\u00a0\/ Sprecher: Ulrich Noethen, Lutz Riedel, Natascha Bub \/ Mitarbeit: Franziska Zwerg, Igor Suchanow \/ Produktionsleitung:\u00a0<a href=\"cordula-paetzel.html\">Cordula Paetzel<\/a>, Rainer Baumert (RBB) \/ Produzent:\u00a0<a href=\"http:\/\/schmidt-paetzel.de\/?page_id=20\">Andreas Christoph Schmidt<\/a>\u00a0\/ Redaktion: Dagmar Mielke, Rolf Bergmann \/ Eine Co-Produktion von Schmidt &amp; Paetzel Fernsehfilme und Focus Film Moskau im Auftrag des RBB in Zusammenarbeit mit ARTE<\/strong><\/p><p>51&#8217;46&#8220; \/ 16:9 \/ Stereo \/ F \/ \u00a9 2012 Schmidt &amp; Paetzel Fernsehfilme und Rundfunk Berlin Brandenburg<\/p><\/div>\n\t\t\t\t<\/div>\n\t\t\t\t\t\t\t<div class=\"elementor-toggle-item\">\n\t\t\t\t\t<h6 id=\"elementor-tab-title-18222\" class=\"elementor-tab-title\" data-tab=\"22\" role=\"button\" aria-controls=\"elementor-tab-content-18222\" aria-expanded=\"false\">\n\t\t\t\t\t\t\t\t\t\t\t\t<span class=\"elementor-toggle-icon elementor-toggle-icon-left\" aria-hidden=\"true\">\n\t\t\t\t\t\t\t\t\t\t\t\t\t\t\t<span class=\"elementor-toggle-icon-closed\"><i class=\"fas fa-caret-right\"><\/i><\/span>\n\t\t\t\t\t\t\t\t<span class=\"elementor-toggle-icon-opened\"><i class=\"elementor-toggle-icon-opened fas fa-caret-up\"><\/i><\/span>\n\t\t\t\t\t\t\t\t\t\t\t\t\t<\/span>\n\t\t\t\t\t\t\t\t\t\t\t\t<a class=\"elementor-toggle-title\" tabindex=\"0\">Hermann Hesse. Der Weg nach innen<\/a>\n\t\t\t\t\t<\/h6>\n\n\t\t\t\t\t<div id=\"elementor-tab-content-18222\" class=\"elementor-tab-content elementor-clearfix\" data-tab=\"22\" role=\"region\" aria-labelledby=\"elementor-tab-title-18222\"><p><img loading=\"lazy\" decoding=\"async\" class=\"alignright\" src=\"http:\/\/schmidt-paetzel.de\/wp-content\/uploads\/2020\/06\/IMG_2416-1-1024x682.jpg\" alt=\"\" width=\"285\" height=\"190\" \/>Ein Film von <a href=\"http:\/\/schmidt-paetzel.de\/?page_id=20\">Andreas Christoph Schmidt<\/a><br \/>SWR\/ARTE 2012, 52&#8242;<br \/>Erstausstrahlung: 8. Dezember 2012<\/p><p>Am 9. August 2012 j\u00e4hrte sich zum 50. Mal der Todestag des Schriftstellers, Malers und Nobelpreistr\u00e4gers Hermann Hesse. Im Auftrag des SWR und arte ist aus diesem Anlass ein Filmportr\u00e4t dieses weltbekannten Dichters entstanden, der vor allem f\u00fcr die jungen Leser der 60er und 70er Jahre zur &#8222;Galionsfigur der Innerlichkeit&#8220; wurde. Und das nicht nur in Deutschland. Kein deutscher Erz\u00e4hler wurde so oft \u00fcbersetzt wie Hesse. \u00dcber 100 Millionen betr\u00e4gt seine Weltauflage.<\/p><p>In seinem Film zeigt Andreas Christoph Schmidt den Stationen von Hesses Lebensreise: \u00fcber seine Geburtsstadt Calw, der Klosterschule Maulbronn im Schwarzwald, dem ersten eigenen Haus in Gaienhofen am Bodensee, wo Hesse mit seiner Familie lebte, aus der er schlie\u00dflich ausbrach, um das zur\u00fcckgezogene Leben eines armen Poeten im schweizerischen Montagnola zu f\u00fchren.<\/p><p>Der Film folgt Hesse\u00a0zudem auf seinem Weg nach innen und zeigt einen Menschen, der sein Leben lang auf der Suche war \u2013 nach einem Weg, das menschliche Dasein zu ertragen ohne vorzeitig daraus zu fliehen, nach einer ihm angemessenen Lebensform, nach Erkenntnis.<\/p><p>Im Film kommen auch Hesse-Experten zu Wort: der Herausgeber aller Hesse-Ausgaben Volker Michels, der Schriftsteller Adolf Muschg, Hesses Enkel Silver, der Hesse-Biograf Heimo Schwilk und der amerikanische Literaturprofessor Theodore Ziolkowski.<\/p><p><a href=\"http:\/\/schmidt-paetzel.de\/?page_id=260\">Kommentartext<\/a><\/p><p><strong>Buch \/ Regie: Andreas Christoph Schmidt\u00a0\/ Kamera: Holger Sch\u00fcppel, Andreas Christoph Schmidt \/ Schnitt: Michael Auer, Andreas Christoph Schmidt \/ Ton: Michael Th\u00e4le, Enrico Leube \/ Tonmischung: Christian Wilmes \/ Musik: Andr\u00e9 Pawelski \/ Sprecher: Ulrich Noethen, Ingo H\u00fclsmann \/ Farbkorrektur:\u00a0Ufuc Gen\u00e7 \/ Mitarbeit: Franziska Zwerg \/ Produktionsleitung: Cordula Paetzel \/ Redaktion: Simone Reuter \/ Eine Produktion von Schmidt &amp; Paetzel Fernsehfilme im Auftrag des SWR in Zusammenarbeit mit ARTE<\/strong><\/p><p>52&#8217;12&#8220; \/ 16:9 \/ Stereo \/ F \/ \u00a9 2012 Schmidt &amp; Paetzel Fernsehfilme und S\u00fcdwestrundfunk Baden Baden<\/p><\/div>\n\t\t\t\t<\/div>\n\t\t\t\t\t\t\t<div class=\"elementor-toggle-item\">\n\t\t\t\t\t<h6 id=\"elementor-tab-title-18223\" class=\"elementor-tab-title\" data-tab=\"23\" role=\"button\" aria-controls=\"elementor-tab-content-18223\" aria-expanded=\"false\">\n\t\t\t\t\t\t\t\t\t\t\t\t<span class=\"elementor-toggle-icon elementor-toggle-icon-left\" aria-hidden=\"true\">\n\t\t\t\t\t\t\t\t\t\t\t\t\t\t\t<span class=\"elementor-toggle-icon-closed\"><i class=\"fas fa-caret-right\"><\/i><\/span>\n\t\t\t\t\t\t\t\t<span class=\"elementor-toggle-icon-opened\"><i class=\"elementor-toggle-icon-opened fas fa-caret-up\"><\/i><\/span>\n\t\t\t\t\t\t\t\t\t\t\t\t\t<\/span>\n\t\t\t\t\t\t\t\t\t\t\t\t<a class=\"elementor-toggle-title\" tabindex=\"0\">Heilige Berge. Die Sacri Monti in Oberitalien<\/a>\n\t\t\t\t\t<\/h6>\n\n\t\t\t\t\t<div id=\"elementor-tab-content-18223\" class=\"elementor-tab-content elementor-clearfix\" data-tab=\"23\" role=\"region\" aria-labelledby=\"elementor-tab-title-18223\"><p><img loading=\"lazy\" decoding=\"async\" class=\"alignright\" src=\"http:\/\/schmidt-paetzel.de\/wp-content\/uploads\/2020\/06\/MG_3795.jpg\" alt=\"\" width=\"285\" height=\"297\" \/>Ein Film von <a href=\"http:\/\/schmidt-paetzel.de\/?page_id=20\">Andreas Christoph Schmidt<\/a><br \/>Aus der Reihe &#8222;Sch\u00e4tze der Welt \/ Erbe der Menschheit&#8220;<br \/>SWR 2011, 15&#8242;<br \/>Erstausstrahlung: 20. November 2011<\/p><p>Der englische Schriftsteller Samuel Butler wunderte sich gegen Ende des 19. Jahrhunderts, wie die Sch\u00e4tze der Sacri Monti der Aufmerksamkeit der vielen Italienreisenden so gr\u00fcndlich entgehen konnten. Seither hat sich daran trotz des UNESCO-Welterbestatus nicht viel ge\u00e4ndert, auch der heutige Besucher steht seltsam allein und seinem eigenen Urteil \u00fcberlassen vor einem stummen Theater, das in der Kunstgeschichte nicht seinesgleichen hat. So realistisch wie hier war die biblische Geschichte den Menschen nie zuvor gezeigt worden.<\/p><p>Die neun Heiligen Berge \u2013 acht im Piemont, einer in der Lombardei \u2013 sind Pilgerst\u00e4tten, die an die Stelle des verlorenen Jerusalem treten sollten. &#8222;Ein neues Jerusalem&#8220;, so steht es denn auch \u00fcber dem Tor zu dem \u00e4ltesten (1491) und bedeutendsten der Sacri Monti in Varallo am Fu\u00dfe der Westalpen. In mehr als vierzig Kapellen wird hier die Geschichte Christi erz\u00e4hlt. Mit lebensgro\u00dfen, wie lebendig wirkenden Figuren, die zu h\u00f6chst expressiven und oftmals ersch\u00fctternden Ensembles gruppiert sind. Der Sacro Monte di Orta dagegen, bezaubernd \u00fcber dem Orta-See gelegen, ist ganz dem Hl. Franz von Assisi gewidmet und stellt ihn als zweiten Christus dar. Den revolution\u00e4ren Gedanken darin nehmen heutige Besucher, oftmals eher Verliebte als Pilger, kaum zur Kenntnis. Der Sacro Monte di Oropa schlie\u00dflich, wo der Film beginnt, ist ein echter Ort des Volksglaubens, eine riesige Wallfahrtsst\u00e4tte in 1200 Metern H\u00f6he \u00fcber der alten Stadt Biella. Seit Jahrhunderten suchen Menschen hier Trost und Hilfe bei der als wundert\u00e4tig verehrten Schwarzen Madonna von Oropa.\u00a0<\/p><p><a href=\"http:\/\/schmidt-paetzel.de\/?page_id=266\">Kommentartext<\/a><\/p><p><strong>Buch \/ Regie:\u00a0<a href=\"http:\/\/schmidt-paetzel.de\/?page_id=20\">Andreas Christoph Schmidt<\/a>\u00a0\/ Kamera: Holger Sch\u00fcppel \/ Kameraassistenz: Karl Keil \/ Grip: Christian Marienthal \/ Schnitt: Andreas Christoph Schmidt \/ Ton: Andreas Christoph Schmidt \/ Tonmischung: Christian Wilmes \/ Sprecher: Tom Vogt \/ Recherche und Organisation: Ines Frederich \/ Musik: Andr\u00e9 Pawelski \/ Produktionsleitung: Cordula Paetzel \/ Redaktion: Goggo Gensch \/ Eine Produktion von Schmidt &amp; Paetzel Fernsehfilme \/ Im Auftrag des S\u00fcdwestrundfunks<\/strong><\/p><p><span lang=\"IT\">14&#8217;10&#8220; \/ HD 16:9 \/ Stereo \/ F \/ \u00a9 2009 SWR<\/span><\/p><\/div>\n\t\t\t\t<\/div>\n\t\t\t\t\t\t\t<div class=\"elementor-toggle-item\">\n\t\t\t\t\t<h6 id=\"elementor-tab-title-18224\" class=\"elementor-tab-title\" data-tab=\"24\" role=\"button\" aria-controls=\"elementor-tab-content-18224\" aria-expanded=\"false\">\n\t\t\t\t\t\t\t\t\t\t\t\t<span class=\"elementor-toggle-icon elementor-toggle-icon-left\" aria-hidden=\"true\">\n\t\t\t\t\t\t\t\t\t\t\t\t\t\t\t<span class=\"elementor-toggle-icon-closed\"><i class=\"fas fa-caret-right\"><\/i><\/span>\n\t\t\t\t\t\t\t\t<span class=\"elementor-toggle-icon-opened\"><i class=\"elementor-toggle-icon-opened fas fa-caret-up\"><\/i><\/span>\n\t\t\t\t\t\t\t\t\t\t\t\t\t<\/span>\n\t\t\t\t\t\t\t\t\t\t\t\t<a class=\"elementor-toggle-title\" tabindex=\"0\">Jasnaja Poljana, die Russen und Tolstoi<\/a>\n\t\t\t\t\t<\/h6>\n\n\t\t\t\t\t<div id=\"elementor-tab-content-18224\" class=\"elementor-tab-content elementor-clearfix\" data-tab=\"24\" role=\"region\" aria-labelledby=\"elementor-tab-title-18224\"><p><img loading=\"lazy\" decoding=\"async\" class=\"alignright\" src=\"http:\/\/schmidt-paetzel.de\/wp-content\/uploads\/2020\/06\/gutshaus-1024x576.jpg\" alt=\"\" width=\"285\" height=\"160\" \/>Ein Film von <a href=\"http:\/\/schmidt-paetzel.de\/?page_id=20\">Andreas Christoph Schmidt<\/a> und Christiane Bauermeister<br \/>WDR\/ARTE 2010, 73&#8242;<br \/>Erstausstrahlung: 7. November 2010<\/p><p>Auf der russischen Landkarte gibt es Orte, deren Namen jeder kennt, zu denen es viele Menschen hinzieht, die man einmal gesehen haben will. Dazu geh\u00f6rt das Gut Jasnaja Poljana des Grafen Tolstoi in der Provinz, s\u00fcdlich von Moskau, unweit der Stadt Tula.<\/p><p>Tolstoi verbrachte fast sein ganzes Leben hier, er schrieb hier seine gro\u00dfen Romane &#8222;Krieg und Frieden&#8220;, &#8222;Die Auferstehung&#8220;, &#8222;Anna Karenina&#8220;. Das Gut, heute Museumsgut, wird von Tolstois Ur-Urenkel gef\u00fchrt, der gelegentlich G\u00e4ste empf\u00e4ngt: wir treffen hier die Schriftsteller Tatjana Tolstaja (eine entfernte Verwandte Leo Tolstois), Wladislaw Otroschenko, Sachar Prilepin und Andrej Bitow. Und stellen fest, welch gut begr\u00fcndete Verehrung die Heutigen f\u00fcr ihren gro\u00dfen Vorg\u00e4nger 100 Jahre nach seinem Tod\u00a0 empfinden. Vor allem aber erkennen wir, dass Jasnaja Poljana mehr ist als nur der Ort, an dem Tolstoi lebte und schrieb: das Gut pr\u00e4gte und formte ihn, in seinen Weiten war Raum f\u00fcr die Welten von Krieg und Frieden. Einen &#8222;Planeten auf dem Planeten&#8220; nennt es einer der Schriftsteller und die Leiterin des kleinen Museums sagt: &#8222;Er hatte eine ungeheure Natur und eine Bibliothek. Mehr braucht ein Junge nicht.&#8220; Als Kind suchte er hier nach dem gr\u00fcnen St\u00f6cklein, das sein gro\u00dfer Bruder versteckt hatte: darauf seien alle die wichtigsten W\u00f6rter geschrieben, die man kennen m\u00fcsse, damit alle Menschen gl\u00fccklich werden. Und noch als alter Mann bekannte Tolstoi, dass er immer noch an die Existenz des gr\u00fcnen St\u00f6ckleins glaubte, immer noch danach suchte. Das gr\u00fcne St\u00f6cklein, verloren dort auf dem Gut, wo heute sein Grab ist, ist vielleicht der Schl\u00fcssel zu Tolstois ganzen Werk.<\/p><p>Im November 2010 j\u00e4hrt sich der Todestag Tolstois zum 100sten Mal. \u00dcber vieles ist die Zeit hinweggegangen, viele, die einmal ber\u00fchmt waren, sind heute vergessen. Nicht Tolstoi. Er wird nach wie vor gelesen, seine Werke erscheinen in neuen \u00dcbersetzungen, er hat uns etwas zu sagen.<\/p><p>Ein Film mit:\u00a0Andrej Bitow, Sachar Prilepin, Wladimir Tolstoi, Irina Truchatschewa, Wladislaw Otroschenko, Tatjana Tolstaja<\/p><p><a href=\"http:\/\/schmidt-paetzel.de\/?page_id=277\">Kommentartext<\/a><\/p><p><strong>Buch \/ Regie:\u00a0<a href=\"http:\/\/schmidt-paetzel.de\/?page_id=20\">Andreas Christoph Schmidt<\/a>\u00a0\/ Idee und Organisation:\u00a0<a href=\"chr-bauermeister.html\">Christiane Bauermeister<\/a>\u00a0\/ Kamera: Oleg Stinski \/ Kameraassistenz: Til Schapiro \/ Schnitt: Michael Auer, Andreas Christoph Schmidt \/ Ton: Maxim Lysow \/ Tonmischung: Christian Wilmes \/ Musik: Trio Jasnaja Poljana (S. Rudnew, T. Lewaschewa, L. Priluzkaja) \/ Sprecher: Andreas Christoph Schmidt, Lutz Riedel, Thomas Vogt, Ingo H\u00fclsmann, Natascha Bub \/ Beratung: Arkadi Waksberg \/ Mitarbeit: Elena Alechina, Nina Berfelde, Sergey Mishunin \/ Produktionsleitung: Cordula Paetzel, Jorge Bogalho \/ Produzent: Andreas Christoph Schmidt \/ Redaktion: Sabine Rollberg \/ Eine Produktion von Schmidt &amp; Paetzel Fernsehfilme und WDR in Zusammenarbeit mit ARTE<\/strong><\/p><p>72&#8217;55&#8220; \/ 16:9 \/ Stereo \/ F \/ \u00a9 2010 Schmidt &amp; Paetzel Fernsehfilme und Westdeutscher Rundfunk K\u00f6ln<\/p><\/div>\n\t\t\t\t<\/div>\n\t\t\t\t\t\t\t<div class=\"elementor-toggle-item\">\n\t\t\t\t\t<h6 id=\"elementor-tab-title-18225\" class=\"elementor-tab-title\" data-tab=\"25\" role=\"button\" aria-controls=\"elementor-tab-content-18225\" aria-expanded=\"false\">\n\t\t\t\t\t\t\t\t\t\t\t\t<span class=\"elementor-toggle-icon elementor-toggle-icon-left\" aria-hidden=\"true\">\n\t\t\t\t\t\t\t\t\t\t\t\t\t\t\t<span class=\"elementor-toggle-icon-closed\"><i class=\"fas fa-caret-right\"><\/i><\/span>\n\t\t\t\t\t\t\t\t<span class=\"elementor-toggle-icon-opened\"><i class=\"elementor-toggle-icon-opened fas fa-caret-up\"><\/i><\/span>\n\t\t\t\t\t\t\t\t\t\t\t\t\t<\/span>\n\t\t\t\t\t\t\t\t\t\t\t\t<a class=\"elementor-toggle-title\" tabindex=\"0\">Tolstoi mit den Augen des Films<\/a>\n\t\t\t\t\t<\/h6>\n\n\t\t\t\t\t<div id=\"elementor-tab-content-18225\" class=\"elementor-tab-content elementor-clearfix\" data-tab=\"25\" role=\"region\" aria-labelledby=\"elementor-tab-title-18225\"><p><img loading=\"lazy\" decoding=\"async\" class=\"alignright\" src=\"http:\/\/schmidt-paetzel.de\/wp-content\/uploads\/2020\/06\/tolstoj_pferd.jpg\" alt=\"\" width=\"285\" height=\"305\" \/>Ein Film von Artem Demenok<br \/>SWR\/ARTE 2010, 52&#8242; bzw. 44&#8242;<br \/>Erstausstrahlung: 8. November 2010<\/p><p>&#8222;Ich denke im Ernst daran, ein St\u00fcck f\u00fcr die Leinwand zu schreiben. Ein Sujet dar\u00fcber habe ich. Es ist ein schreckliches blutiges Thema &#8230; eine Story f\u00fcrs Kino. Man k\u00f6nnte es nicht als Erz\u00e4hlung oder f\u00fcr die B\u00fchne schreiben. Aber auf der Leinwand w\u00e4re es gut. Das k\u00f6nnte eine gewaltige Sache werden&#8220;, soll Graf Leo Tolstoi in einem Gespr\u00e4ch gesagt haben. Hatte er das wirklich vor?<\/p><p>Leo Tolstoi und der Film \u2013 sie sind sich am 27. August 1908 zum ersten Mal begegnet. Einer der gr\u00f6\u00dften Dichter und eine neue Kunst, an deren Zukunft damals kaum jemand ernsthaft glaubte. Welche Folgen hatte diese Begegnung f\u00fcr den Film und f\u00fcr Tolstoi? Schon vor der Oktoberrevolution wurden seine wichtigsten Werke verfilmt. Und bereits 1912 entstand &#8222;Der Abgang des gro\u00dfen Alten&#8220;, ein Biopic \u00fcber die letzten Tage aus dem Leben des Schriftstellers. Aber wollte er tats\u00e4chlich selbst f\u00fcr den Film schreiben?<\/p><p>Tolstoi als Massenph\u00e4nomen und Identifikationsfigur f\u00fcr das fr\u00fche Kino im Zarenreich \u2013 davon handelt dieser Film. Er basiert auf den historischen Aufnahmen des Schriftstellers aus dem russischen Filmarchiv Gosfilmofond, beleuchtet mit Hilfe von Tageb\u00fcchern, Briefen und Zeugnissen die spannende Geschichte ihrer Entstehung und rekonstruiert einige Filmprogramme, die Tolstoi auf seinem Landgut oder anderswo gesehen hat. Auch eine Hommage an die Filmoperateure, die sich damals ins Zeug gelegt haben: Alexander Drankow und Georges Meyer alias Joseph-Louis Mundviller.<\/p><p>Der Film bleibt aber nicht in der Vergangenheit haften: Der russische Regie-Altmeister Marlen Chuziew gew\u00e4hrt Einblicke in sein noch nicht vollendetes Werk \u00fcber die Begegnungen zwischen Tschechow und Tolstoi. Weitere Gespr\u00e4chspartner sind der Kritiker Lew Anninski und der Schauspieler Michail Pachomenko, Tolstoi-Darsteller im Film von Chuziew.<\/p><p><a href=\"http:\/\/schmidt-paetzel.de\/?page_id=281\">Kommentartext<\/a><\/p><p><strong>Buch \/ Regie:\u00a0<a href=\"artem-demenok.html\">Artem Demenok<\/a>\u00a0\/ Kamera: Oleg Stinski \/ Schnitt: Vera Bogdahn \/ Ton: Dmitri Konjuschenko \/ Tonmischung: Gerhard Jensen-Nelson \/ Sprecher: Tom Vogt, Uwe M\u00fcller \/ Mitarbeit: Evgeny Sergeev, Nina Berfelde, Sergey Mishunin \/ Produktionsleitung: Cordula Paetzel \/ Produzent: Andreas Christoph Schmidt \/ Redaktion: Kurt Schneider \/ Eine Co-Produktion von Schmidt &amp; Paetzel Fernsehfilme und Kinolenta, Moskau im Auftrag des SWR in Zusammenarbeit mit ARTE<\/strong><\/p><p>52&#8217;30&#8220; bzw. 43&#8217;45&#8220; \/ 16:9 \/ Stereo \/ F und S\/W \/\u00a0<span lang=\"IT\">\u00a9 2010 Schmidt &amp; Paetzel Fernsehfilme und SWR<\/span><\/p><\/div>\n\t\t\t\t<\/div>\n\t\t\t\t\t\t\t<div class=\"elementor-toggle-item\">\n\t\t\t\t\t<h6 id=\"elementor-tab-title-18226\" class=\"elementor-tab-title\" data-tab=\"26\" role=\"button\" aria-controls=\"elementor-tab-content-18226\" aria-expanded=\"false\">\n\t\t\t\t\t\t\t\t\t\t\t\t<span class=\"elementor-toggle-icon elementor-toggle-icon-left\" aria-hidden=\"true\">\n\t\t\t\t\t\t\t\t\t\t\t\t\t\t\t<span class=\"elementor-toggle-icon-closed\"><i class=\"fas fa-caret-right\"><\/i><\/span>\n\t\t\t\t\t\t\t\t<span class=\"elementor-toggle-icon-opened\"><i class=\"elementor-toggle-icon-opened fas fa-caret-up\"><\/i><\/span>\n\t\t\t\t\t\t\t\t\t\t\t\t\t<\/span>\n\t\t\t\t\t\t\t\t\t\t\t\t<a class=\"elementor-toggle-title\" tabindex=\"0\">Neues Bauen. Die Berliner Moderne<\/a>\n\t\t\t\t\t<\/h6>\n\n\t\t\t\t\t<div id=\"elementor-tab-content-18226\" class=\"elementor-tab-content elementor-clearfix\" data-tab=\"26\" role=\"region\" aria-labelledby=\"elementor-tab-title-18226\"><p><img loading=\"lazy\" decoding=\"async\" src=\"http:\/\/schmidt-paetzel.de\/wp-content\/uploads\/2020\/06\/weisse_stadt_2-1024x630.jpg\" alt=\"\" width=\"285\" height=\"175\" \/>Ein Film von <a href=\"http:\/\/schmidt-paetzel.de\/?page_id=20\">Andreas Christoph Schmidt<\/a><br \/>Aus der Reihe &#8222;Sch\u00e4tze der Welt \/ Erbe der Menschheit&#8220; <br \/>SWR 2009, 15&#8242;<br \/>Erstausstrahlung: 17. Dezember 2009<\/p><p>Wer verstehen will, warum sechs Wohnsiedlungen in Berlin &#8211; die \u00e4ltesten entstanden am Ende des Kaiserreichs, die j\u00fcngsten am Ende der Weimarer Republik &#8211; die Weihe des Weltkulturerbes erlangt haben, darf nicht nur auf die Fassaden schauen.<\/p><p>Es geht hier weniger um die Anerkennung k\u00fchner Bau\u00e4sthetik, als um die W\u00fcrdigung einer Idee. Der Idee des genossenschaftlichen Wohnungsbaus. Nicht Geld zu machen mit Mieteinnahmen, sondern Wohnraum, Lebensraum f\u00fcr die vielen zu schaffen, die sich in den Hinterh\u00f6fen dr\u00e4ngten, das war der Gedanke. Der sozialdemokratische Gedanke schlechthin. Die \u00e4lteste der Siedlungen, Bruno Tauts Gartenstadt, ist nicht zuf\u00e4llig aus bunten H\u00e4usern erbaut: Licht, Luft, Pflanzen, Farbe \u2013 Bedingungen des Gl\u00fccks. In den Jahren der Weimarer Republik wurden die Siedlungen gr\u00f6\u00dfer, st\u00e4dtischer, auch monumentaler. Aber immer hielten sie sich an den Gedanken eines durchgr\u00fcnten st\u00e4dtischen Raums. Gleichzeitig bestimmten konsequente Funktionalit\u00e4t, Reihung, Sachlichkeit die Architektur des Neuen Bauens. So entstanden, vor allem in der &#8222;Wei\u00dfen Stadt&#8220; in Berlin Reinickendorf, Geb\u00e4udekomplexe von gro\u00dfer \u00dcberzeugungskraft und zeitloser Modernit\u00e4t. Gleichzeitig jedoch, sp\u00e4testens in der &#8222;Ring-Siedlung&#8220; Siemensstadt, einer modernen &#8222;Stadtlandschaft&#8220;, k\u00fcndigt sich die Entwicklung der Nachkriegsjahre an: An ihrem Ende wird die Trabantenstadt stehen, der soziale Brennpunkt.<\/p><p><a href=\"http:\/\/schmidt-paetzel.de\/?page_id=286\">Kommentartext<\/a><\/p><p><strong>Buch \/ Regie:\u00a0<a href=\"http:\/\/schmidt-paetzel.de\/?page_id=20\">Andreas Christoph Schmidt<\/a>\u00a0\/ Kamera: Holger Sch\u00fcppel \/ Kameraassistenz: Karl Keil \/ Grip: Ilko Petkof, Phillip Schwabe, Laura Klippel \/ Schnitt: Andreas Christoph Schmidt \/ Ton: Andreas Christoph Schmidt \/ Tonmischung: Christian Wilmes \/ Sprecher: Ingo H\u00fclsmann \/ Recherche und Organisation: Ines Frederich \/ Musik: Andr\u00e9 Pawelski \/ Produktionsleitung: Cordula Paetzel \/ Redaktion: Goggo Gensch \/ Eine Produktion von Schmidt &amp; Paetzel Fernsehfilme \/ Im Auftrag des S\u00fcdwestrundfunks<\/strong><\/p><p><span lang=\"IT\">14&#8217;11&#8220; \/ 16:9 \/ Stereo \/ F \/ \u00a9 2009 SWR<\/span><\/p><h5>Literaturliste<\/h5><p>Siedlungen der Berliner Moderne: Nominierung f\u00fcr die Welterbeliste der UNESCO = Housing estates in the Berlin modern style \/ [Hrsg.: Landesdenkmalamt Berlin im Auftr. der Senatsverwaltung f\u00fcr Stadtentwicklung Berlin. Projektleitung: Winfried Brenne]. &#8211; 1. Aufl. &#8211; [Berlin] : Braun, 2007, ISBN 978-3-938780-20-6<br \/>Siedlungen der Berliner Moderne:\u00a0[erscheint anl\u00e4sslich der Ausstellung Berliner Siedlungen der 1920er Jahre, Kandidaten f\u00fcr das UNESCO-Welterbe vom 25. Juli bis 8. Oktober 2007 im Bauhaus-Archiv, Museum f\u00fcr Gestaltung] \/ J\u00f6rg Haspel ; Annemarie Jaeggi (Hg.). [Textbearb.: Markus Jager]. &#8211; 1. Aufl. &#8211; M\u00fcnchen; Berlin: Dt. Kunstverl., 2007, ISBN 978-3-422-02091-7<br \/>Bruno Taut:\u00a01880 &#8211; 1938 ; Architekt zwischen Tradition und Avantgarde \/ hrsg. von Winfried Nerdinger &#8211; Stuttgart; M\u00fcnchen : Dt. Verl.-Anst., 2001, ISBN 3-421-03284-X<br \/>Bruno Taut:\u00a0Meister des farbigen Bauens in Berlin \/ Winfried Brenne, Verlagshaus Braun, 2008, ISBN 978-3-935455-82-4<\/p><\/div>\n\t\t\t\t<\/div>\n\t\t\t\t\t\t\t<div class=\"elementor-toggle-item\">\n\t\t\t\t\t<h6 id=\"elementor-tab-title-18227\" class=\"elementor-tab-title\" data-tab=\"27\" role=\"button\" aria-controls=\"elementor-tab-content-18227\" aria-expanded=\"false\">\n\t\t\t\t\t\t\t\t\t\t\t\t<span class=\"elementor-toggle-icon elementor-toggle-icon-left\" aria-hidden=\"true\">\n\t\t\t\t\t\t\t\t\t\t\t\t\t\t\t<span class=\"elementor-toggle-icon-closed\"><i class=\"fas fa-caret-right\"><\/i><\/span>\n\t\t\t\t\t\t\t\t<span class=\"elementor-toggle-icon-opened\"><i class=\"elementor-toggle-icon-opened fas fa-caret-up\"><\/i><\/span>\n\t\t\t\t\t\t\t\t\t\t\t\t\t<\/span>\n\t\t\t\t\t\t\t\t\t\t\t\t<a class=\"elementor-toggle-title\" tabindex=\"0\">Was Chinesen lesen<\/a>\n\t\t\t\t\t<\/h6>\n\n\t\t\t\t\t<div id=\"elementor-tab-content-18227\" class=\"elementor-tab-content elementor-clearfix\" data-tab=\"27\" role=\"region\" aria-labelledby=\"elementor-tab-title-18227\"><p><img loading=\"lazy\" decoding=\"async\" src=\"http:\/\/schmidt-paetzel.de\/wp-content\/uploads\/2020\/06\/Pekinger-B\u00fcchermarkt-1024x768.jpg\" alt=\"\" width=\"285\" height=\"214\" \/>Eine Reportage von Cordula Paetzel<br \/>SWR\/ARTE 2009, 52&#8242; bzw. 45&#8242;<br \/>Erstausstrahlung: 15. Oktober 2009<\/p><p>Eine literarische Entdeckungsreise nach China: Was lesen die Chinesen? Was schrei\u00adben sie? Wie geht das literarische China mit seiner schweren Vergangenheit und seiner rasanten Gegenwart um?\u00a0 Ein Spagat zwischen modernster Marktwirtschaft und staat\u00adlicher Zensurbeh\u00f6rde.<\/p><p>Autorin Cordula Paetzel besucht Shanghai und Peking in Begleitung eines Mannes, der Chinas literarische Welt von innen kennt und von au\u00dfen betrachtet: Qiu Xiaolong hat China nach dem Tiananmen-Massaker 1989, wie so viele andere junge chinesische In\u00adtellektuelle, verlassen und wurde Hochschullehrer in den USA. Die Krimis, die er dort schreibt, spielen jedoch alle in seiner alten Heimat, Shanghai. Sie sind mittlerweile in viele Sprachen \u00fcbersetzt und werden auf der ganzen Welt gelesen, in China jedoch er\u00adscheinen sie nur sporadisch.<\/p><p>Qiu begegnet in diesem Film einer Reihe von Kollegen: Der draufg\u00e4ngerische Yu Hua ist nach unseren Begriffen ein Dissident, dennoch wird er im Mittelpunkt der chinesischen Delegation auf der diesj\u00e4hrigen Frankfurter Buchmesse stehen. Jiang Rong dagegen reist nicht mit nach Frankfurt, obwohl sein \u201eDer Zorn der W\u00f6lfe\u201c zu den erfolgreichsten chinesischen Romanen \u00fcberhaupt geh\u00f6rt. Jiang hat einige Jahre seines Lebens im Ge\u00adf\u00e4ngnis verbracht und seinen Roman unter Pseudonym ver\u00f6ffentlicht.<\/p><p>Yan Liankes Roman &#8222;Dem Volke dienen!&#8220; ist im Westen erschienen, nicht aber in China. Wo jedoch die anderen Romane Yan Liankes in allen Buchhandlungen zu finden sind. Was die &#8222;sechsfache Zensur&#8220; ist, erl\u00e4utert Yan seinem Kollegen Qiu mit feinem Humor.<br \/>Ferner sieht man eine junge Schriftstellerin, die in den 80er Jahren geboren ist und et\u00adwas \u00fcber diese Generation der ersten Einzelkinder-Erwachsenen sagt; den Jungstar Guo Jingming, ein geschminktes M\u00e4nnchen mit Kamm im Haar, das Millionen verdient mit schnell geschriebenen B\u00fcchern f\u00fcr Jugendliche; einen privaten Verleger, der seine Autoren im Internet rekrutiert und Auflagen erreicht, von denen seine westlichen Kollegen nicht zu tr\u00e4umen wagen; und eine Schriftstellerverbands-Vorsitzende, die vor allem ein h\u00fcbsches L\u00e4cheln l\u00e4chelt.<\/p><p>Mit: Qiu Xiaolong (Schriftsteller, Dichter), Guo Jingming (Schriftsteller), Chun Sue (Schriftstellerin), Sun Yuanwei (Leserin), Yang Wenxuan (Verleger), Yu Hua (Schriftsteller), Jiang Rong (Schrifsteller), Yan Lianke (Schriftsteller), Tie Ning (Schriftstellerin, Vorsitzende des Schriftstellerverbands)<\/p><p><strong>Buch \/ Regie:\u00a0<a href=\"cordula-paetzel.html\">Cordula Paetzel<\/a>\u00a0\/\u00a0Kamera:\u00a0Michael Auer\u00a0\/\u00a0Schnitt:\u00a0Michael Auer, Andreas Christoph Schmidt\u00a0\/\u00a0Ton:\u00a0Cloud Wang\u00a0\/\u00a0Tonmischung:\u00a0Luigi Rensinghoff\u00a0\/\u00a0Aufnahmeleitung:\u00a0Zhu Yi\u00a0\/\u00a0Sprecher:\u00a0Lutz Riedel, Ingo H\u00fclsmann, Natascha Bub\u00a0\/\u00a0Produzent:\u00a0Andreas Christoph Schmidt\u00a0\/\u00a0Redaktion:\u00a0Kurt Schneider (SWR), Philippe Muller (ARTE)\u00a0\/\u00a0Mit Zitaten aus:\u00a0&#8222;Leben!&#8220;, 1994, Regisseur Zhang Yimou und &#8222;Richter Di Renjie&#8220;, 1986, Taiyuan Station, CCTV \/\u00a0Dank an:\u00a0Paul Zsolnay Verlag Wien, Deutscher Taschenbuchverlag; Goldmann Verlag, Ullstein Verlag\u00a0\/\u00a0Eine Produktion von:\u00a0Schmidt &amp; Paetzel Fernsehfilme \/ Im Auftrag des S\u00fcdwestrundfunks \/ in Zusammenarbeit mit ARTE<\/strong><\/p><p><span lang=\"EN-US\">45&#8242; bzw. 52&#8242; \/ 16:9 \/ Stereo \/ F \/ \u00a9 2009 SWR, ARTE<\/span><\/p><p><span lang=\"EN-US\">Im Film wurde folgende Musik verwendet:<br \/><\/span><span lang=\"EN-US\">What Are You Asking Me? von James Newton Howard<br \/>Crouching Tiger, Hidden Dragon und Night Fight von Tan Dun (Shanghai Symphony Orchestra)<br \/>Feminine \/ Bright \/ The Moon \/ Shadow \/ A Distant Mermer &#8211; Tai Chi Yin Yang<br \/>Goodbye Jack und The Music Won&#8217;t Be Stopped von Hu Gao (Miserable Faith)<br \/>Lotus im Schnee von Min Huang (Faye Wong)<br \/>Setgeliin Egshig von B. Sharav (Zazal)<br \/>Moonlit River in Spring und Towering mountain and ruvning water (Orchester des Zentralchinesischen Vereins f\u00fcr Minderheitenmusik)<\/span><\/p><\/div>\n\t\t\t\t<\/div>\n\t\t\t\t\t\t\t<div class=\"elementor-toggle-item\">\n\t\t\t\t\t<h6 id=\"elementor-tab-title-18228\" class=\"elementor-tab-title\" data-tab=\"28\" role=\"button\" aria-controls=\"elementor-tab-content-18228\" aria-expanded=\"false\">\n\t\t\t\t\t\t\t\t\t\t\t\t<span class=\"elementor-toggle-icon elementor-toggle-icon-left\" aria-hidden=\"true\">\n\t\t\t\t\t\t\t\t\t\t\t\t\t\t\t<span class=\"elementor-toggle-icon-closed\"><i class=\"fas fa-caret-right\"><\/i><\/span>\n\t\t\t\t\t\t\t\t<span class=\"elementor-toggle-icon-opened\"><i class=\"elementor-toggle-icon-opened fas fa-caret-up\"><\/i><\/span>\n\t\t\t\t\t\t\t\t\t\t\t\t\t<\/span>\n\t\t\t\t\t\t\t\t\t\t\t\t<a class=\"elementor-toggle-title\" tabindex=\"0\">Architekturclips<\/a>\n\t\t\t\t\t<\/h6>\n\n\t\t\t\t\t<div id=\"elementor-tab-content-18228\" class=\"elementor-tab-content elementor-clearfix\" data-tab=\"28\" role=\"region\" aria-labelledby=\"elementor-tab-title-18228\"><h5><img loading=\"lazy\" decoding=\"async\" class=\"alignright\" src=\"http:\/\/schmidt-paetzel.de\/wp-content\/uploads\/2020\/06\/bibliothek_03.jpg.37361.jpg\" alt=\"\" width=\"285\" height=\"429\" \/>im Auftrag des Goethe Instituts<\/h5><p><a href=\"http:\/\/schmidt-paetzel.de\/?page_id=20\">Andreas Christoph Schmidt<\/a> hat seit 2008 zahlreiche kleine Filmchen \u00fcber herausragende Architektur in Deutschland gedreht. Darunter sind Ausstellungstempel wie das Mercedes Benz Museum in Stuttgart, besinnliche Orte wie das Haus der Stille der Abtei K\u00f6nigsm\u00fcnster, historische Architektur wie der Bonner Kanzlerbungalow oder Produktionsst\u00e4tten wie das Leipziger BMW Werk.<\/p><\/div>\n\t\t\t\t<\/div>\n\t\t\t\t\t\t\t<div class=\"elementor-toggle-item\">\n\t\t\t\t\t<h6 id=\"elementor-tab-title-18229\" class=\"elementor-tab-title\" data-tab=\"29\" role=\"button\" aria-controls=\"elementor-tab-content-18229\" aria-expanded=\"false\">\n\t\t\t\t\t\t\t\t\t\t\t\t<span class=\"elementor-toggle-icon elementor-toggle-icon-left\" aria-hidden=\"true\">\n\t\t\t\t\t\t\t\t\t\t\t\t\t\t\t<span class=\"elementor-toggle-icon-closed\"><i class=\"fas fa-caret-right\"><\/i><\/span>\n\t\t\t\t\t\t\t\t<span class=\"elementor-toggle-icon-opened\"><i class=\"elementor-toggle-icon-opened fas fa-caret-up\"><\/i><\/span>\n\t\t\t\t\t\t\t\t\t\t\t\t\t<\/span>\n\t\t\t\t\t\t\t\t\t\t\t\t<a class=\"elementor-toggle-title\" tabindex=\"0\">Rote Arktis. Eroberung des Nordpols 1937<\/a>\n\t\t\t\t\t<\/h6>\n\n\t\t\t\t\t<div id=\"elementor-tab-content-18229\" class=\"elementor-tab-content elementor-clearfix\" data-tab=\"29\" role=\"region\" aria-labelledby=\"elementor-tab-title-18229\"><p><img loading=\"lazy\" decoding=\"async\" class=\"alignright\" src=\"http:\/\/schmidt-paetzel.de\/wp-content\/uploads\/2020\/06\/55340030-1024x763.jpg\" alt=\"\" width=\"285\" height=\"212\" \/>Ein Film von Christian Klemke und <a href=\"http:\/\/schmidt-paetzel.de\/?page_id=20\">Andreas Christoph Schmidt<\/a><br \/>rbb\/MDR\/ARTE 2009, 52&#8242; bzw. 45&#8242;<br \/>Erstausstrahlung: 7. Oktober 2009<\/p><p>Es war nicht irgendeine Expedition, zu der 43 sowjetische Flieger und Forscher im M\u00e4rz 1937 aufbrachen. Es war eine fliegerische Pioniertat, ein Meilenstein in der Geschichte der Entdeckungen und \u2013 eine eigene Facette in der Geschichte des Stalinterrors.<\/p><p>Helden, die nicht um ihres pers\u00f6nlichen Ruhmes willen Kopf und Kragen riskierten, sondern einzig dem Genossen Stalin zuliebe. Sie wurden gefeiert, bejubelt, w\u00e4hrend ihre Freunde, Mitarbeiter, Nachbarn, Konkurrenten der Vernichtung anheim fielen. Helden der Sowjetunion.<\/p><p>Nie zuvor in der Geschichte hatte es eine Expedition gegeben, die mit geballter staatlicher Macht ihr Ziel angriff: Eroberung des Nordpols. Und erstmals ging ein Kameramann mit auf die Reise, denn dieses Eroberungswerk sollte ein kollektiver Triumph sein, alle sollten von ihm fasziniert und alle sollten darauf stolz sein. Heute w\u00fcrde man von einem Medienereignis sprechen. Der Film &#8222;Rote Arktis&#8220; von den Grimme-Preistr\u00e4gern Christian Klemke und Andreas Christoph Schmidt erz\u00e4hlt von einem Abenteuer im &#8222;Jahr des Gro\u00dfen Terrors&#8220; und zeigt die Aufnahmen erstmals im Westen. Teilweise sind sie selbst in Ru\u00dfland unbekannt, was um so mehr verwundert, als die Papanin-Expedition f\u00fcr das russische Selbstverst\u00e4ndnis als &#8222;Macht des Nordens&#8220; von ungebrochener Bedeutung ist.<\/p><p><a href=\"http:\/\/schmidt-paetzel.de\/?page_id=292\">Kommentartext<\/a><\/p><p><strong>Buch\u00a0\/ Regie:\u00a0<a href=\"http:\/\/www.schmidt-paetzel.de\/christian-klemke.html\">Christian Klemke<\/a>,\u00a0<a href=\"http:\/\/www.schmidt-paetzel.de\/a-chr-schmidt.html\">Andreas Christoph Schmidt<\/a>\u00a0\/ Kamera:\u00a0Oleg Stinski\u00a0\/ Schnitt:\u00a0Andreas Christoph Schmidt,\u00a0Florian K\u00f6hler, Michael Auer\u00a0\/ Ton:\u00a0Alexander Iwschin\u00a0\/ Tonmischung:\u00a0S\u00f6nke Fehlberg\u00a0\/\u00a0Musik:\u00a0Andr\u00e9 Pawelski\u00a0\/ Sprecher:\u00a0Hanns Zischler,\u00a0Lutz Riedel, Natascha Bub\u00a0\/ Mitarbeit:\u00a0Elena Rubinova, Sergey Mishunin \/\u00a0Redaktionelle Mitarbeit:\u00a0Cora Br\u00fcckmann \/\u00a0Produktionsleitung:\u00a0Rainer Baumert, Cordula Paetzel \/\u00a0Produzent:\u00a0<a href=\"http:\/\/www.schmidt-paetzel.de\/a-chr-schmidt.html\">Andreas Christoph Schmidt<\/a>\u00a0\/ Redaktion:\u00a0Dagmar Mielke,\u00a0Katja Wildermuth, Rolf Bergmann, Peter Gottschalk \/\u00a0Eine Koproduktion von:\u00a0Schmidt &amp; Paetzel Fernsehfilme und Focus Films mit RBB und MDR, in Zusammenarbeit mit ARTE<\/strong><\/p><p>45&#8242; bzw. 52&#8242; \/ 16:9 \/ Stereo \/ F \/ \u00a9 2009 Schmidt &amp; Paetzel Fernsehfilme und\u00a0RBB<\/p><\/div>\n\t\t\t\t<\/div>\n\t\t\t\t\t\t\t<div class=\"elementor-toggle-item\">\n\t\t\t\t\t<h6 id=\"elementor-tab-title-18230\" class=\"elementor-tab-title\" data-tab=\"30\" role=\"button\" aria-controls=\"elementor-tab-content-18230\" aria-expanded=\"false\">\n\t\t\t\t\t\t\t\t\t\t\t\t<span class=\"elementor-toggle-icon elementor-toggle-icon-left\" aria-hidden=\"true\">\n\t\t\t\t\t\t\t\t\t\t\t\t\t\t\t<span class=\"elementor-toggle-icon-closed\"><i class=\"fas fa-caret-right\"><\/i><\/span>\n\t\t\t\t\t\t\t\t<span class=\"elementor-toggle-icon-opened\"><i class=\"elementor-toggle-icon-opened fas fa-caret-up\"><\/i><\/span>\n\t\t\t\t\t\t\t\t\t\t\t\t\t<\/span>\n\t\t\t\t\t\t\t\t\t\t\t\t<a class=\"elementor-toggle-title\" tabindex=\"0\">Landschaft des Heiligen. Assisi<\/a>\n\t\t\t\t\t<\/h6>\n\n\t\t\t\t\t<div id=\"elementor-tab-content-18230\" class=\"elementor-tab-content elementor-clearfix\" data-tab=\"30\" role=\"region\" aria-labelledby=\"elementor-tab-title-18230\"><p><img loading=\"lazy\" decoding=\"async\" class=\"alignright\" src=\"http:\/\/schmidt-paetzel.de\/wp-content\/uploads\/2020\/06\/Bild-018-1024x768.jpg\" alt=\"\" width=\"285\" height=\"214\" \/>Ein Film von Andreas Christoph Schmidt<br \/>Aus der Reihe &#8222;Sch\u00e4tze der Welt \/ Erbe der Menschheit&#8220;<br \/>SWR 2009, 15&#8242;<br \/>Erstausstrahlung: 13. Januar 2009<\/p><p>Assisi in Umbrien ist eine jener uralten italienischen St\u00e4dte, die schon ihres Alters wegen einen besonderen Zauber aus\u00fcben. Viele Jahrhunderte haben hier ihre Spuren hinterlassen, und wer einen Abend auf der Piazza verbringt, meint zu sp\u00fcren, wie Vergangenheit und Gegenwart einander durchdringen. Man mu\u00df staunen \u00fcber den Italienreisenden Goethe, der es schaffte, allein den Minervatempel zu bewundern und alles andere zu ignorieren. Heutige Reisende hingegen kommen nicht des r\u00f6mischen Tempels, sondern der St\u00e4tten des Hl. Franziskus wegen, der in Assisi geboren wurde und hier zu Beginn des XIII. Jahrhunderts seinen &#8222;Orden der minderen Br\u00fcder&#8220; gr\u00fcndete. Die Basilika S. Francesco, in deren Krypta die Gebeine des Hl Franz von Assisi liegen, zieht allerdings nicht nur Pilger an, auch kunsthistorisch ist sie von gr\u00f6\u00dfter Bedeutung. Nirgendwo liegen Gotik und Renaissance n\u00e4her beieinander als hier: Die Fresken, mit denen die Kirche v\u00f6llig ausgestaltet ist, stammen teils noch von dem Alten Meister Cimabue, teils bereits von seinem Sch\u00fcler Giotto und dessen Zeitgenossen.<br \/>Assisi steht heute ganz im Zeichen des Heiligen Franziskus. Die kleine Kapelle unterhalb Assisis, bei der er 1226 starb, wird von einem m\u00e4chtigen Dom \u00fcberw\u00f6lbt. Eine kleine Kirche in einer gro\u00dfen Kirche \u2013 ein Bild f\u00fcr die franziskanische Bewegung bis heute.<\/p><p><a href=\"http:\/\/schmidt-paetzel.de\/?page_id=296\">Kommentartext<\/a><\/p><p><strong>Buch \/ Regie:\u00a0<a href=\"a-chr-schmidt.html\">Andreas Christoph Schmidt<\/a>\u00a0\/\u00a0Kamera: Holger Sch\u00fcppel \/ Kameraassistenz: Nils Keber \/ Schnitt: Michael Auer \/ Ton: Andreas Christoph Schmidt \/ Tonmischung: Christian Wilmes \/ Sprecher: J\u00fcrgen Hentsch \/ Recherche und Organisation: Ines Frederich \/ Musik: Andr\u00e9 Pawelski \/ Produktionsleitung: Cordula Paetzel \/ Redaktion: Goggo Gensch \/ Eine Produktion von Schmidt &amp; Paetzel Fernsehfilme \/ Im Auftrag des S\u00fcdwestrundfunks<\/strong><br \/><strong><span lang=\"IT\">13&#8217;50&#8220; \/ 16:9 \/ Stereo \/ F \/ \u00a9 2009 SWR<\/span><\/strong><\/p><p>Literaturliste<br \/>Helmut Feld: Franziskus von Assisi, Verlag C. H. Beck, M\u00fcnchen 2001<br \/>Helmut Feld: Franziskaner, UTB, Stuttgart 2008<br \/>Peter Fobes: Rom und Assisi, Verlag Josef Knecht, Frankfurt\/Main 2000<br \/>Mark Galli: Franz von Assisi und seine Welt, Herder, Freiburg 2008<br \/>Hermann Hesse: Franz von Assisi, Insel Verlag, Frankfurt\/ Main und Leipzig 1988<br \/>Jacques Le Goff: Franz von Assisi, Klett-Cotta, Stuttgart 2006<br \/>Elvio Lunghi: Die Franziskus-Kirche in Assisi, SCALA, Florenz 1996<br \/>Wolfgang Schenkluhn: Architektur der Bettelorden. Die Baukunst der Dominikaner und Franziskaner in Europa, Primus<\/p><\/div>\n\t\t\t\t<\/div>\n\t\t\t\t\t\t\t<div class=\"elementor-toggle-item\">\n\t\t\t\t\t<h6 id=\"elementor-tab-title-18231\" class=\"elementor-tab-title\" data-tab=\"31\" role=\"button\" aria-controls=\"elementor-tab-content-18231\" aria-expanded=\"false\">\n\t\t\t\t\t\t\t\t\t\t\t\t<span class=\"elementor-toggle-icon elementor-toggle-icon-left\" aria-hidden=\"true\">\n\t\t\t\t\t\t\t\t\t\t\t\t\t\t\t<span class=\"elementor-toggle-icon-closed\"><i class=\"fas fa-caret-right\"><\/i><\/span>\n\t\t\t\t\t\t\t\t<span class=\"elementor-toggle-icon-opened\"><i class=\"elementor-toggle-icon-opened fas fa-caret-up\"><\/i><\/span>\n\t\t\t\t\t\t\t\t\t\t\t\t\t<\/span>\n\t\t\t\t\t\t\t\t\t\t\t\t<a class=\"elementor-toggle-title\" tabindex=\"0\">Paestum und Velia. Was steht und nicht vergeht<\/a>\n\t\t\t\t\t<\/h6>\n\n\t\t\t\t\t<div id=\"elementor-tab-content-18231\" class=\"elementor-tab-content elementor-clearfix\" data-tab=\"31\" role=\"region\" aria-labelledby=\"elementor-tab-title-18231\"><p><img loading=\"lazy\" decoding=\"async\" src=\"http:\/\/schmidt-paetzel.de\/wp-content\/uploads\/2020\/06\/paestum_05-1024x768.jpg\" alt=\"\" width=\"285\" height=\"214\" \/>Ein Film von Andreas Christoph Schmidt<br \/>Aus der Reihe &#8222;Sch\u00e4tze der Welt \/ Erbe der Menschheit\u201d<br \/>SWR 2007, 15&#8242;<br \/>Erstausstrahlung: 2. Dezember 2007<br \/>Ausgezeichnet als <strong>Bester Kurzfilm, Cinarchea Kiel 2008<\/strong><\/p><p>In Jacob Burckhardts Cicerone, dem unentbehrlichen Begleiter kunstbeflissener Italienreisender des 19. Jahrhunderts, steht der Neptuntempel von Paestum auf Seite eins. Es sei kein Zweifel, meint Burckhardt, da\u00df das Buch mit diesem Geb\u00e4ude beginnen m\u00fcsse. Er h\u00e4lt es f\u00fcr das bedeutendste Bauwerk auf italienischem Boden, dabei ist es eigentlich gar kein italienisches, auch kein r\u00f6misches Geb\u00e4ude, sondern ein griechisches. Denn das antike Griechenland beschr\u00e4nkte sich keinesfalls nur auf die \u00c4g\u00e4is, sondern griff weit nach Westen aus, und einige der bedeutendsten griechischen St\u00e4dte lagen in Unteritalien. Zu ihnen geh\u00f6rt Paestum, das um 500 v. Chr. gegr\u00fcndet wurde. Seine drei gro\u00dfen Tempel sind in beeindruckenden Ruinen erhalten geblieben \u2013 im 18. Jh. wiederentdeckt, wurden sie schnell zu einem unverzichtbaren Bestandteil jeder italienischen Bildungsreise. Hier lernte Europa, was ein Tempel ist \u2013 den Einflu\u00df Paestums auf das europ\u00e4ische Stil- und Formempfinden kann man wohl kaum \u00fcbersch\u00e4tzen.<\/p><p>Kaum f\u00fcnfzig Kilometer s\u00fcdlich von Paestum liegt Velia\/Elea, ebenfalls eine griechische Stadt. Hier steht kein einziger Tempel mehr, au\u00dfer einem m\u00e4chtigen Stadttor ist alles zerst\u00f6rt, was die Griechen und sp\u00e4ter die R\u00f6mer bauten. Dennoch geht ein Zauber von den Ruinen Eleas aus, mehr noch aber von seinem Namen. Die Philosophen aller Jahrhunderte wu\u00dften nicht, wo Elea lag, aber sie wu\u00dften, was Elea war: Der Ort, an dem die philosophische Schule der Eleaten beheimatet war. Ihr Gr\u00fcnder hie\u00df Parmenides. Bis heute besch\u00e4ftigt sich die Philosophie unabl\u00e4ssig mit diesem gro\u00dfen Denker. Und auch die Naturwissenschaften, die sich erst im Versuch entwickelten, Parmenides zu widerlegen, sind immer noch nicht \u00fcber ihn hinweg. Unter den wenigen B\u00fcsten, die Arch\u00e4ologen hier ausgruben, ist auch eine des Parmenides. Das einzige Bild, das wir von ihm haben.<\/p><p><a href=\"http:\/\/schmidt-paetzel.de\/?page_id=300\">Kommentartext<\/a><\/p><p><strong>Buch \/ Regie:\u00a0<a href=\"a-chr-schmidt.html\">Andreas Christoph Schmidt<\/a>\u00a0\/ Kamera: Holger Sch\u00fcppel \/ Kameraassistenz: Nils Keber \/ Schnitt: Michael Auer \/ Ton: Andreas Christoph Schmidt \/ Tonmischung: Christian Wilmes \/ Sprecher: J\u00fcrgen Hentsch\u00a0 \/ Recherche und Organisation: Ines Frederich \/ Musik: Andr\u00e9 Pawelski, Alexander Pavlovic-Hunjadi \/ Produktionsleitung: Cordula Paetzel \/ Redaktion: Goggo Gensch \/ Eine Produktion von Schmidt &amp; Paetzel Fernsehfilme \/ Im Auftrag des S\u00fcdwestrundfunks<\/strong><\/p><p><br \/>14&#8217;58&#8220; \/ 16:9 \/ Stereo \/ F \/ \u00a9 2007 SWR<\/p><\/div>\n\t\t\t\t<\/div>\n\t\t\t\t\t\t\t<div class=\"elementor-toggle-item\">\n\t\t\t\t\t<h6 id=\"elementor-tab-title-18232\" class=\"elementor-tab-title\" data-tab=\"32\" role=\"button\" aria-controls=\"elementor-tab-content-18232\" aria-expanded=\"false\">\n\t\t\t\t\t\t\t\t\t\t\t\t<span class=\"elementor-toggle-icon elementor-toggle-icon-left\" aria-hidden=\"true\">\n\t\t\t\t\t\t\t\t\t\t\t\t\t\t\t<span class=\"elementor-toggle-icon-closed\"><i class=\"fas fa-caret-right\"><\/i><\/span>\n\t\t\t\t\t\t\t\t<span class=\"elementor-toggle-icon-opened\"><i class=\"elementor-toggle-icon-opened fas fa-caret-up\"><\/i><\/span>\n\t\t\t\t\t\t\t\t\t\t\t\t\t<\/span>\n\t\t\t\t\t\t\t\t\t\t\t\t<a class=\"elementor-toggle-title\" tabindex=\"0\">Ravenna. Am Ende der Antike<\/a>\n\t\t\t\t\t<\/h6>\n\n\t\t\t\t\t<div id=\"elementor-tab-content-18232\" class=\"elementor-tab-content elementor-clearfix\" data-tab=\"32\" role=\"region\" aria-labelledby=\"elementor-tab-title-18232\"><p><img loading=\"lazy\" decoding=\"async\" class=\"alignright\" src=\"http:\/\/schmidt-paetzel.de\/wp-content\/uploads\/2020\/06\/theoderich_mausol_4-1024x768.jpg\" alt=\"\" width=\"285\" height=\"214\" \/>Ein Film von Andreas Christoph Schmidt<br \/>Aus der Reihe &#8222;Sch\u00e4tze der Welt \/ Erbe der Menschheit&#8220;<br \/>SWR 2007, 15&#8242;<br \/>Erstausstrahlung: 2. Dezember 2007<\/p><p>Als das R\u00f6mische Reich bereits dem Untergang geweiht war, und weder Rom dem Hofe Sicherheit bieten konnte, noch Mailand, da wurde Ravenna zur Hauptstadt des Westr\u00f6mischen Reichs. Die Kirchen und Mausoleen, derentwegen wir heute die ansonsten eher unauff\u00e4llige Stadt aufsuchen, stammen alle aus jener, als besonders fern und finster angesehenen Zeit. Wer glaubt, auch die Kirchen m\u00fcssten daher finster sein, irrt. &#8222;Tresore des Lichts&#8220;, nannte sie einmal ein Reisender. Wer sie betritt, steht unter farbenpr\u00e4chtigen Mosaiken, denen er ihr Alter nicht glauben kann. Das Mausoleum der R\u00f6mischen Kaiserin Galla Placidia entstand in der ersten H\u00e4lfte des 5. Jahrhunderts, der gro\u00dfe und pr\u00e4chtige Zentralbau von S. Vitale einhundert Jahre sp\u00e4ter.<br \/>Dazwischen lag die Zeit der Goten. 26 Jahre lang herrschte der Ostgote Theoderich der Gro\u00dfe, in der Sage Dietrich von Bern gehei\u00dfen, von hier aus \u00fcber Italien und bot dem Kaiser in Konstantinopel die Stirn. Nach seinem Tode zerfiel die Herrschaft, die Goten wurden von Kaiser Justinians Armeen vernichtet. Nicht ein einziges Bild Theoderichs blieb in Ravenna erhalten &#8211; Bilder mussten verschwinden wie die Menschen &#8211; sein m\u00e4chtiges Mausoleum aber, erbaut vor den Toren der Stadt, steht noch heute unversehrt da, ein Denkmal aus der Zeit der Sagen.<\/p><p><a href=\"http:\/\/schmidt-paetzel.de\/?page_id=304\">Kommentartext<\/a><\/p><p><strong>Buch \/ Regie:\u00a0<a href=\"a-chr-schmidt.html\">Andreas Christoph Schmidt<\/a>\u00a0\/ Kamera: Holger Sch\u00fcppel \/ Kameraassistenz: Nils Keber \/ Schnitt: Michael Auer \/ Ton: Andreas Christoph Schmidt \/ Tonmischung: Christian Wilmes \/ Sprecher: J\u00fcrgen Hentsch\u00a0 \/ Recherche und Organisation: Ines Frederich \/ Musik: Andr\u00e9 Pawelski, Alexander Pavlovic-Hunjadi \/ Produktionsleitung: Cordula Paetzel \/ Redaktion: Goggo Gensch \/ Eine Produktion von Schmidt &amp; Paetzel Fernsehfilme \/ Im Auftrag des S\u00fcdwestrundfunks<\/strong><br \/><strong>14&#8217;49&#8220; \/ 16:9 \/ Stereo \/ F \/ \u00a9 2007 SWR<\/strong><\/p><\/div>\n\t\t\t\t<\/div>\n\t\t\t\t\t\t\t<div class=\"elementor-toggle-item\">\n\t\t\t\t\t<h6 id=\"elementor-tab-title-18233\" class=\"elementor-tab-title\" data-tab=\"33\" role=\"button\" aria-controls=\"elementor-tab-content-18233\" aria-expanded=\"false\">\n\t\t\t\t\t\t\t\t\t\t\t\t<span class=\"elementor-toggle-icon elementor-toggle-icon-left\" aria-hidden=\"true\">\n\t\t\t\t\t\t\t\t\t\t\t\t\t\t\t<span class=\"elementor-toggle-icon-closed\"><i class=\"fas fa-caret-right\"><\/i><\/span>\n\t\t\t\t\t\t\t\t<span class=\"elementor-toggle-icon-opened\"><i class=\"elementor-toggle-icon-opened fas fa-caret-up\"><\/i><\/span>\n\t\t\t\t\t\t\t\t\t\t\t\t\t<\/span>\n\t\t\t\t\t\t\t\t\t\t\t\t<a class=\"elementor-toggle-title\" tabindex=\"0\">Chinesen in Berlin<\/a>\n\t\t\t\t\t<\/h6>\n\n\t\t\t\t\t<div id=\"elementor-tab-content-18233\" class=\"elementor-tab-content elementor-clearfix\" data-tab=\"33\" role=\"region\" aria-labelledby=\"elementor-tab-title-18233\"><p><img loading=\"lazy\" decoding=\"async\" class=\"alignright\" src=\"http:\/\/schmidt-paetzel.de\/wp-content\/uploads\/2020\/06\/dsc06927-1024x768.jpg\" alt=\"\" width=\"285\" height=\"214\" \/>Eine Reportage f\u00fcr das Magazin des Goethe-Instituts KuBus, Ausgabe 75 von Cordula Paetzel<br \/>Goethe-Institut 2007, 15&#8242;<\/p><p>In Berlin leben etwa 6000 Chinesen. Manche von ihnen sind hier heimisch geworden, haben eine Familie gegr\u00fcndet. Andere kommen nur f\u00fcr ein paar Jahre zum Studieren hierher, planen nach dem Uni-Abschlu\u00df noch einige Zeit in Deutschland zu arbeiten, um dann mit den besten Aussichten auf einen guten Job nach China zur\u00fcckzukehren. Ihr Ziel ist es, in Deutschland\u00a0 Erfahrungen zu sammeln, die sie China sp\u00e4ter zur\u00fcckgeben k\u00f6nnen. Auch wenn sich die Chinesen in Berlin wohl f\u00fchlen, mit den deutschen Lebensverh\u00e4ltnissen gut klarkommen, die Sehnsucht nach der Heimat China ist dennoch allen gemein.<br \/>Einige sind schon lange hier. Wie Wu Jiang. Seit sechzehn Jahren, sagt sie. Seit 1990 also. Sie kam mit der ersten Welle von Chinesen, die nach der Niederschlagung des Aufstands vom Tiananmen, 1989, China verlassen konnten oder mu\u00dften. Zu denen, die die Kulturrevolution erlebt hatten, und zwar als Gewalt gegen ihre Eltern, und die sich nun, nach 1989, endg\u00fcltig entt\u00e4uscht von China abwandten und woanders eine Zukunft suchten. Sie spricht nicht vom Tiananmen, sie sagt nur: &#8222;Seit sechzehn Jahren bin ich in Deutschland&#8220;, aber man mu\u00df wissen, was gemeint ist. Eine baldige R\u00fcckkehr nach China stand nicht in Aussicht. Statt dessen eine Bekanntschaft und Ehe mit einem deutschen Mann, zwei Kinder, von denen das \u00e4ltere, kaum im Kindergarten auf seine Mandelaugen angesprochen, sagt: &#8222;Ich will kein Chinese sein. Ich bin Deutscher!&#8220; Und was ist seine Mutter? Ist sie noch Chinesin? Wu Jiang hat immer Heimweh. Dagegen l\u00e4\u00dft sich nichts machen. Sie ist auch oft einsam und f\u00fchlt sich ganz allein. Dabei hat sie\u00b4s so gut: Ein H\u00e4uschen, einen Mann, zwei liebenswerte Jungs. Und alle sprechen Chinesisch, der Mann auch. Das Heimweh l\u00e4\u00dft sich dennoch nicht vertreiben. Aber Wu Jiang hat ihren Weg gefunden, damit zu leben: Seit einigen Jahren unterrichtet sie Chinesisch am Gymnasium. Sie baut sich, wie sie sagt, eine Br\u00fccke. Zu dem Lande China in ihr selbst.<br \/>&#8222;China,&#8220; sagt dagegen Zhang Hui, Studentin an der Berliner Universit\u00e4t der K\u00fcnste, &#8222;ist immer f\u00fcr mich da.&#8220;. Kann man seine Heimatverbundenheit sch\u00f6ner ausdr\u00fccken? Nicht mehr: &#8222;Du mu\u00dft immer Deinem Vaterlande treu sein!&#8220; sondern: &#8222;China ist immer f\u00fcr mich da.&#8220; Das sagt eine junge Frau, die seit einem Jahr hier ist und sich weit vorgewagt hat. Sie probiert an sich selbst die westliche Kunst und das westliche Lebensgef\u00fchl aus. Wohnt in einer WG am Prenzlauer Berg, einer richtigen WG, mit Punks im Hof und so, sieht cool aus mit ihren locker geschn\u00fcrten Stiefeln, f\u00e4hrt mit dem Fahrrad zur Uni, und China ist immer f\u00fcr sie da. Ist es etwa lange her, da\u00df Chinesen aus der VR nur in Delegationen aus grauen schlotternden Anz\u00fcgen durch die Stadt huschten? Heute Zhang Hui, die in der WG-K\u00fcche dar\u00fcber sinniert, was sie so alles hinzugelernt hat im letzten Jahr. Sie ist keine Emigrantin. Sie ist auf Forschungsreise und wird einmal zu Chinas Elite z\u00e4hlen.<br \/>Was mit Sicherheit auch f\u00fcr Luo Jian gilt. Er wohnt in einem h\u00fcbschen Studentenwohnheim im Grunewald und hat hier seine Freundin Liu Sha kennengelernt. Liu Sha kennt sich mit dem Leben aus, studiert Volkswirtschaft und jobbt in einer Hausverwaltung. Luo Jian kennt sich mit Tai Chi aus und gibt Kurse. Vor allem aber kennt er sich mit elektronischem Datentransfer aus; sein Studium an der Technischen Universit\u00e4t hat er im Lauf von zwei Jahren absolviert; seine Promotion wird nicht viel l\u00e4nger in Anspruch nehmen. F\u00fcr die Generation der Zwanzigj\u00e4hrigen ist Luo Jian nicht untypisch: Es sind keine armen Schlucker, die aus China nach Europa kommen, keine Wirtschaftsfl\u00fcchtlinge. F\u00fcr die Bauern auf dem Land ist der Weg zu uns viel zu weit, die Hindernisse zu gro\u00df. Man mu\u00df H\u00fcrden zu nehmen verstehen, um in den Westen zu gelangen.<br \/>Oder unter einem Gl\u00fccksstern geboren sein. Und Sibei mit Vornamen hei\u00dfen. Die beiden Zeichen Si und Bei stehen n\u00e4mlich f\u00fcr Strau\u00df und Beethoven, Richard Strau\u00df, nicht Johann. Sibeis Gro\u00dfvater, der ihr den Namen gab, war Musiker. Und ihr Vater ist Musiker. Sie selber ist einfach Sibei und spielt Fl\u00f6te. Zur Zeit in der Orchesterakademie der Berliner Philharmoniker. Hierher kommen nur die Besten. F\u00fcr Sibei steht die Welt offen, und Deutschland, auch wenn sie schon einige Jahre hier lebt, ist nur eine Station. Irgendwann, ja irgendwann einmal, wird sie nach China zur\u00fcckgehen. Denn China ist immer f\u00fcr sie da.<\/p><p>Buch \/ Regie:\u00a0<a href=\"cordula-paetzel.html\">Cordula Paetzel<\/a>\u00a0\/ Kamera und Schnitt: Michael Auer \/ Ton: J\u00fcrgen Kornatz \/ Produktion: Schmidt &amp; Paetzel Fernsehfilme GmbH \/ Dank an: Berliner Philharmoniker, Karajan-Institut, Deutsche Grammophon, Yu Qishi und Liang Wei, Emiliana Torrini, Universit\u00e4t der K\u00fcnste Berlin, Frauke Oesmann, Michele Fattori \/ Redaktion: Bruno Fischli, Detlef Gericke-Sch\u00f6nhagen, Hans Kohl, Christian L\u00fcffe, Annette Rupp, Frank Werner<\/p><p><br \/>13&#8217;40&#8220; \/ 4:3 \/ Stereo \/ F \/ \u00a9 2007 Bereich Film, Fernsehen, H\u00f6rfunk \/ Goethe-Institut<\/p><\/div>\n\t\t\t\t<\/div>\n\t\t\t\t\t\t\t<div class=\"elementor-toggle-item\">\n\t\t\t\t\t<h6 id=\"elementor-tab-title-18234\" class=\"elementor-tab-title\" data-tab=\"34\" role=\"button\" aria-controls=\"elementor-tab-content-18234\" aria-expanded=\"false\">\n\t\t\t\t\t\t\t\t\t\t\t\t<span class=\"elementor-toggle-icon elementor-toggle-icon-left\" aria-hidden=\"true\">\n\t\t\t\t\t\t\t\t\t\t\t\t\t\t\t<span class=\"elementor-toggle-icon-closed\"><i class=\"fas fa-caret-right\"><\/i><\/span>\n\t\t\t\t\t\t\t\t<span class=\"elementor-toggle-icon-opened\"><i class=\"elementor-toggle-icon-opened fas fa-caret-up\"><\/i><\/span>\n\t\t\t\t\t\t\t\t\t\t\t\t\t<\/span>\n\t\t\t\t\t\t\t\t\t\t\t\t<a class=\"elementor-toggle-title\" tabindex=\"0\">Fritz Lang<\/a>\n\t\t\t\t\t<\/h6>\n\n\t\t\t\t\t<div id=\"elementor-tab-content-18234\" class=\"elementor-tab-content elementor-clearfix\" data-tab=\"34\" role=\"region\" aria-labelledby=\"elementor-tab-title-18234\"><p><img loading=\"lazy\" decoding=\"async\" class=\"alignright\" src=\"http:\/\/schmidt-paetzel.de\/wp-content\/uploads\/2020\/06\/FritzLang1963.jpg\" alt=\"\" width=\"285\" height=\"367\" \/>Aus der Reihe &#8222;Deutsche Lebensl\u00e4ufe&#8220; <br \/>Ein Film von Artem Demenok<br \/>SWR 2007, 45&#8242;<br \/>Erstausstrahlung: 11. Januar 2007<\/p><p>Ausgezeichnet mit dem <strong>Grimme-Preis 2007<\/strong><\/p><p>Eigentlich hatte er Architektur studiert. In die Geschichte ist er aber als gro\u00dfer Regisseur des noch jungen Mediums Film eingegangen: Fritz Lang stand wie kein anderer f\u00fcr den monumentalen Film der 20er Jahre. 1890 in Wien als Sohn einer J\u00fcdin geboren, betrat er 1922 die gro\u00dfe B\u00fchne mit Werken wie &#8222;Dr. Mabuse&#8220; und &#8222;Die Nibelungen&#8220;, einer gigantischen Produktion, die auch die Nazis begeisterte. Alle seine deutschen Filme entstanden in Ateliers, nicht an Originalschaupl\u00e4tzen. Lang wollte nichts dem Zufall \u00fcberlassen. 1927 setzte er sich mit &#8222;Metropolis&#8220; sein eigenes filmisches Denkmal. Die Vision einer Gro\u00dfstadt im Jahr 2000 gilt auch heute noch als Meisterwerk.<br \/>&#8222;Das ist der Mann, der uns den nationalsozialistischen Film bringt&#8220;: Reichspropagandaminister Goebbels wollte Fritz Lang f\u00fcr seine politischen Ziele gewinnen. Lang verlie\u00df aber wenige Monate sp\u00e4ter das Land, zog erst nach Paris, dann in die USA. Auch wenn dort Stars wie Gary Cooper, Marlene Dietrich und Marilyn Monroe f\u00fcr ihn vor der Kamera standen \u2013 die ganz gro\u00dfen Erfolge wurden seine amerikanischen Filme nicht mehr. Auch deutsche Produktionen aus den 50er und 60er Jahren wie &#8222;Der Tiger von Eschnapur&#8220; und &#8222;Dr. Mabuse&#8220;-Fortsetzungen kn\u00fcpften nicht an seine gro\u00dfen Meisterwerke an. 1976 starb Fritz Lang fast blind in Beverly Hills. F\u00fcr die Reihe &#8222;Deutsche Lebensl\u00e4ufe&#8220; hat Artem Demenok das Leben Langs anhand von Filmausschnitten und seltenen Interviewdokumenten nachgezeichnet. Regisseure wie Claude Chabrol und Volker Schl\u00f6ndorff berichten vom Einfluss Fritz Langs auf ihr eigenes Schaffen.<\/p><\/div>\n\t\t\t\t<\/div>\n\t\t\t\t\t\t\t<div class=\"elementor-toggle-item\">\n\t\t\t\t\t<h6 id=\"elementor-tab-title-18235\" class=\"elementor-tab-title\" data-tab=\"35\" role=\"button\" aria-controls=\"elementor-tab-content-18235\" aria-expanded=\"false\">\n\t\t\t\t\t\t\t\t\t\t\t\t<span class=\"elementor-toggle-icon elementor-toggle-icon-left\" aria-hidden=\"true\">\n\t\t\t\t\t\t\t\t\t\t\t\t\t\t\t<span class=\"elementor-toggle-icon-closed\"><i class=\"fas fa-caret-right\"><\/i><\/span>\n\t\t\t\t\t\t\t\t<span class=\"elementor-toggle-icon-opened\"><i class=\"elementor-toggle-icon-opened fas fa-caret-up\"><\/i><\/span>\n\t\t\t\t\t\t\t\t\t\t\t\t\t<\/span>\n\t\t\t\t\t\t\t\t\t\t\t\t<a class=\"elementor-toggle-title\" tabindex=\"0\">Der Geirangerfjord. Die karge Majest\u00e4t<\/a>\n\t\t\t\t\t<\/h6>\n\n\t\t\t\t\t<div id=\"elementor-tab-content-18235\" class=\"elementor-tab-content elementor-clearfix\" data-tab=\"35\" role=\"region\" aria-labelledby=\"elementor-tab-title-18235\"><p><img loading=\"lazy\" decoding=\"async\" class=\"alignright\" src=\"http:\/\/schmidt-paetzel.de\/wp-content\/uploads\/2020\/06\/eidsvatn-1024x768.jpg\" alt=\"\" width=\"285\" height=\"214\" \/>Ein Film von Andreas Christoph Schmidt<br \/>Aus der Reihe &#8222;Sch\u00e4tze der Welt \/ Erbe der Menschheit&#8220;\u00a0<br \/>SWR 2006, 15&#8242;<br \/>Erstausstrahlung: 27. M\u00e4rz 2007<\/p><p>Unter den Fjorden Westnorwegens nimmt der Geiranger einen besonderen Rang ein. Wie kein anderer lockt der tief im Land zwischen hohen Bergen gelegene Fjord seit weit \u00fcber hundert Jahren Touristen an. Naturfreunde, &#8222;Nordlandfahrer&#8220;, wie einst der letzte Deutsche Kaiser, Wilhelm II., der immer wieder mit seiner Yacht &#8222;Hohenzollern&#8220; hier aufkreuzte. Sie alle lie\u00dfen sich von einer Landschaft gefangennehmen, die selbst Norwegens K\u00f6nigin Sonja nicht anders als mit dem Wort &#8222;majest\u00e4tisch&#8220; zu kennzeichnen wei\u00df. Sie tat dies in einem G\u00e4stebuch auf einem jener alten Bauernh\u00f6fe an den Steilufern des Fjords. Die H\u00f6fe liegen meist auf hohen Klippen und sind nur \u00fcber steile Pfade zu erreichen. Bewirtschaftet wird heute keiner mehr, die letzten wurden in der Mitte des vorigen Jahrhunderts verlassen. Zu karg, zu m\u00fchselig und auch gef\u00e4hrlich war das Leben dort, in solch einer Einsamkeit. Die Bewohner zog es fort von hier, viele bis nach Amerika. Heute aber werden die H\u00f6fe vor dem Verfall gesch\u00fctzt, sie sind wiederentdeckt worden. Als Kulturerbe.<\/p><p><a href=\"http:\/\/schmidt-paetzel.de\/?page_id=308\">Kommentartext<\/a><\/p><p><strong>Buch \/ Regie \/ Ton:\u00a0<a href=\"http:\/\/www.schmidt-paetzel.de\/a-chr-schmidt.html\">Andreas Christoph Schmidt<\/a>\u00a0\/ Kamera: Birgit Gudjonsdottir BVK + AAC \/ Kameraassistenz: Joseph Mittendorfer \/ Schnitt: Michael Auer \/ Tonmischung: Gerhard Jensen-Nelson \/ Sprecher: Lutz Riedel \/ Recherche und Organisation: Jens Neumann \/ Musik: Andr\u00e9 Pawelski und Alexander Pavlovic-Hunjadi \/ Produktionsleitung: Cordula Paetzel \/ Redaktion: Goggo Gensch \/ Eine Produktion von Schmidt &amp; Paetzel Fernsehfilme \/ Im Auftrag des S\u00fcdwestrundfunks<\/strong><\/p><p><br \/>14&#8217;44&#8220; \/ 16:9 \/ Stereo \/ F \/ \u00a9 2006 SWR<\/p><\/div>\n\t\t\t\t<\/div>\n\t\t\t\t\t\t\t<div class=\"elementor-toggle-item\">\n\t\t\t\t\t<h6 id=\"elementor-tab-title-18236\" class=\"elementor-tab-title\" data-tab=\"36\" role=\"button\" aria-controls=\"elementor-tab-content-18236\" aria-expanded=\"false\">\n\t\t\t\t\t\t\t\t\t\t\t\t<span class=\"elementor-toggle-icon elementor-toggle-icon-left\" aria-hidden=\"true\">\n\t\t\t\t\t\t\t\t\t\t\t\t\t\t\t<span class=\"elementor-toggle-icon-closed\"><i class=\"fas fa-caret-right\"><\/i><\/span>\n\t\t\t\t\t\t\t\t<span class=\"elementor-toggle-icon-opened\"><i class=\"elementor-toggle-icon-opened fas fa-caret-up\"><\/i><\/span>\n\t\t\t\t\t\t\t\t\t\t\t\t\t<\/span>\n\t\t\t\t\t\t\t\t\t\t\t\t<a class=\"elementor-toggle-title\" tabindex=\"0\">Deutscher Streitfall. Der Historiker Ernst Nolte<\/a>\n\t\t\t\t\t<\/h6>\n\n\t\t\t\t\t<div id=\"elementor-tab-content-18236\" class=\"elementor-tab-content elementor-clearfix\" data-tab=\"36\" role=\"region\" aria-labelledby=\"elementor-tab-title-18236\"><p><img loading=\"lazy\" decoding=\"async\" class=\"alignright\" src=\"http:\/\/schmidt-paetzel.de\/wp-content\/uploads\/2020\/06\/nolte-monitor-1-1024x768.jpg\" alt=\"\" width=\"285\" height=\"214\" \/>Ein Film von Andreas Christoph Schmidt<br \/>SWR 2005, 80&#8242;<br \/>Erstausstrahlung: 22. Mai 2006<\/p><p>&#8222;Gespr\u00e4ch mit einem Ketzer&#8220;<\/p><p>Kaum ein deutscher Historiker hat mehr geschrieben als der 1923 geborene Ernst Nolte. Und keiner ist so umstritten wie er, der 1986 mit seinem Artikel &#8222;Vergangenheit, die nicht vergehen will&#8220; den Historikerstreit ausl\u00f6ste. Von der gro\u00dfen Mehrheit seiner Fachkollegen und Publizisten in Deutschland wird Nolte seither entschieden abgelehnt. Niemand in der Geschichte der Bundesrepublik Deutschland war je einer solchen Flut der Kritik ausgesetzt wie er, jedenfalls kein Wissenschaftler. Weit \u00fcber tausend Zeitungsartikel befa\u00dften sich mit Ernst Nolte und dem Historikerstreit, und die meisten nahmen gegen Nolte Stellung. Heute ist das \u00f6ffentliche Urteil \u00fcber ihn, der 1963 seine Laufbahn mit einem fulminanten Auftakt begonnen hatte, der ersten wissenschaftlichen Darstellung des &#8222;Faschismus in seiner Epoche&#8220;, beinah durchweg vernichtend. Sein vorgebliches Ziel, die Vergangenheit zu verstehen, sei nichts weiter als der Versuch, Hitler zu verteidigen und Auschwitz zu rechtfertigen.<\/p><h3>\u00a0<\/h3><p>Schon fr\u00fch, als er auf der H\u00f6he seines internationalen Ruhmes stand, nannte ihn ein Kollege den &#8222;einsamen Wolf&#8220; der Geschichtswissenschaft. Und bis heute k\u00f6nnen auch\u00a0 Kritiker eine gewisse Bewunderung oft nicht verhehlen. &#8222;Gestochen scharf, verbockt und anregend&#8220;, schreibt G\u00f6tz Aly zu Noltes achtzigstem Geburtstag. So findet der eigentlich schon g\u00e4nzlich Verdammte doch immer wieder Unterst\u00fctzung im Lager seiner Gegner. Und es vergeht keine Woche, ohne da\u00df der Name Noltes irgendwo im Feuilleton aufschiene. Entsteht in Deutschland eine neue linke Partei, schreibt die &#8218;Neue Z\u00fcrcher Zeitung&#8216;, hier rege sich jene Linke, die Ernst Nolte &#8222;die ewige&#8220; nannte. Erscheint ein neues Buch \u00fcber Stalin und Hitler, schreibt der Berliner &#8218;Tagesspiegel&#8216;, Nolte sei mit seiner Frage &#8222;War nicht der Archipel Gulag urspr\u00fcnglicher als Auschwitz?&#8220; 20 Jahre zu fr\u00fch gekommen. Geht es um die Meinungsfreiheit in Italien, weist die &#8218;Frankfurter Allgemeine Zeitung&#8216; darauf hin, dass es der italienische Senat war, der Ernst Nolte zu einem Vortrag lud, &#8222;als hierzulande niemand mehr von ihm h\u00f6ren wollte&#8220;. Es ist, mit einem Wort, nie ganz still geworden um Nolte, trotz aller Ablehnung, und dies allein schon l\u00e4\u00dft aufhorchen. Ernst Nolte ist offensichtlich doch kein &#8222;erledigter Fall&#8220;, wie man nach dem Historikerstreit \u00f6fter lesen konnte.<\/p><p>Noltes Werk geh\u00f6re zu den tiefsch\u00fcrfendsten der letzten f\u00fcnfzig Jahre, schrieb der bedeutende franz\u00f6sische Historiker Fran\u00e7ois Furet. Was ist denn eigentlich Noltes Werk? Wir betreten die &#8222;No-Go-Area&#8220; Ernst Nolte (&#8218;Neue Z\u00fcrcher Zeitung&#8216;) und fragen ihn selbst. Was f\u00fcr ein Mensch wird uns begegnen? Ein starrsinniger Alter? Ein geifernder Fanatiker? Ein jenseits des Aktuellen stehender &#8222;Geschichtsdenker&#8220;, wie er sich selber nennt?<\/p><p>Ob Ernst Nolte mit seinen ketzerischen Thesen unrecht hat oder nicht, kann dieser Film ebensowenig kl\u00e4ren, wie es die Debatten des Historikerstreits und der zwanzig Jahre seither konnten. Aber er kann, von dem Drama um Nolte ausgehend, einen Ausschnitt aus der Geschichte unseres Landes beleuchten: Von 1963, dem Jahr seines kometenhaften Aufstiegs, bis heute hat es sich ver\u00e4ndert. F\u00fcr Nolte, der fr\u00fcher als links galt und heute als rechts, ist es das Land, das sich gewendet hat, nicht er selbst.<\/p><p><strong>Buch \/ Regie:\u00a0<a href=\"a-chr-schmidt.html\">Andreas Christoph Schmidt<\/a>\u00a0\/ Kamera: P. Petrides, F. Wimmer \/ Ton: I. Griese, K. Laabs \/ Schnitt: Andreas Christoph Schmidt \/ Tonmischung: Gerhard Jensen-Nelson \/\u00a0 Sprecher: Thomas Vogt \/ Mitarbeit: O. Fedianina, S. Mishunin \/ Produktionsleitung: C. Paetzel \/ Redaktion: Martina Z\u00f6llner \/ Produktion: Schmidt &amp; Paetzel Fernsehfilme GmbH \/ Im Auftrag des S\u00fcdwestrundfunks<\/strong><\/p><p><br \/>79&#8217;36&#8220; \/ 4:3 \/ Stereo \/ F \/ \u00a9 2005 SWR<\/p><h5>Pressestimmen:<\/h5><p>\u201cEine beeindruckend tiefgr\u00fcndige Analyse, die man dem Medium Fernsehen kaum zugetraut h\u00e4tte\u201d.\u00a0(Die Welt)<\/p><p>\u201cAndreas Christoph Schmidts Portr\u00e4t von Ernst Nolte ist gelungen und handwerklich sehr gut gemacht\u201d.\u00a0(S\u00fcddeutsche Zeitung)<\/p><p>\u201cEin Portr\u00e4t, das durch seine ungemein faire Haltung erfreut\u201d.\u00a0(FAZ)<\/p><\/div>\n\t\t\t\t<\/div>\n\t\t\t\t\t\t\t<div class=\"elementor-toggle-item\">\n\t\t\t\t\t<h6 id=\"elementor-tab-title-18237\" class=\"elementor-tab-title\" data-tab=\"37\" role=\"button\" aria-controls=\"elementor-tab-content-18237\" aria-expanded=\"false\">\n\t\t\t\t\t\t\t\t\t\t\t\t<span class=\"elementor-toggle-icon elementor-toggle-icon-left\" aria-hidden=\"true\">\n\t\t\t\t\t\t\t\t\t\t\t\t\t\t\t<span class=\"elementor-toggle-icon-closed\"><i class=\"fas fa-caret-right\"><\/i><\/span>\n\t\t\t\t\t\t\t\t<span class=\"elementor-toggle-icon-opened\"><i class=\"elementor-toggle-icon-opened fas fa-caret-up\"><\/i><\/span>\n\t\t\t\t\t\t\t\t\t\t\t\t\t<\/span>\n\t\t\t\t\t\t\t\t\t\t\t\t<a class=\"elementor-toggle-title\" tabindex=\"0\">Welthauptstadt Germania<\/a>\n\t\t\t\t\t<\/h6>\n\n\t\t\t\t\t<div id=\"elementor-tab-content-18237\" class=\"elementor-tab-content elementor-clearfix\" data-tab=\"37\" role=\"region\" aria-labelledby=\"elementor-tab-title-18237\"><p><img loading=\"lazy\" decoding=\"async\" class=\"alignright\" src=\"http:\/\/schmidt-paetzel.de\/wp-content\/uploads\/2020\/06\/DSC01045-1024x768.jpg\" alt=\"\" width=\"285\" height=\"214\" \/>Ein Film von Artem Demenok<br \/>RBB\/SWR\/ARTE 2005, 53&#8242;<br \/>Erstausstrahlung: 8. Mai 2005<\/p><p>Ausgezeichnet mit dem Grimme-Preis 2006 (Sonderpreis Kultur)<br \/>und dem Best Research Award des 2. Urban Film Festivals in Teheran<\/p><p>Pressetext zur Erstausstralung 2005:<br \/>2006 werden zum Endspiel der Fu\u00dfballweltmeisterschaft rund vierundsiebzigtausend Menschen in das Berliner Olympiastadion str\u00f6men \u2013 in ein Geb\u00e4ude, das einmal Teil von Hitlers Welthauptstadt &#8222;Germania&#8220; sein sollte. Das Bundesfinanzministerium, Teile des Ausw\u00e4rtigen Amts sind in Monumentalbauten der Nazizeit untergebracht. Der Flughafen Tempelhof, von Reisenden wegen seiner zentralen Lage und seiner funktionalen Architektur gesch\u00e4tzt, bei vielen Berlinern der Erinnerung an die &#8222;Rosinenbomber&#8220; wegen beliebt, er w\u00e4re als &#8222;Weltflughafen&#8220; zu einem wesentlichen Bestandteil von Hitlers Berlin geworden.<br \/>Denn von hier aus wollte er die Welt regieren, und er sah Berlin, &#8222;Germania&#8220;, nur als den Ort der Repr\u00e4sentation seiner Macht: &#8222;Einmal im Jahr wird dann ein Trupp Kirgisen durch die Reichshauptstadt gef\u00fchrt, um ihre Vorstellungswelt mit der Gewalt und Gr\u00f6\u00dfe unserer steinernen Denkmale zu erf\u00fcllen&#8220;.<br \/>Beinah alles, was Berlin in den zwanziger Jahren bedeutet hatte, war den Nazis zuwider. &#8222;Diese Stadt werden wir neu gestalten. Es wird unser ganzer Ehrgeiz sein, ihr wieder ein deutsches Gesicht aufzupr\u00e4gen&#8220;, schreibt Goebbels. Schon 1925 \u2013 acht Jahre vor der Machtergreifung \u2013 hatte Hitler zwei Hauptbauten der neuen Reichshauptstadt entworfen: eine riesige Kuppelhalle, die 180 000 Menschen fassen sollte und ein Triumphbogen von 117 Meter H\u00f6he. Ein junger, ehrgeiziger Architekt namens Albert Speer soll die Ideen des F\u00fchrers Wirklichkeit werden lassen.<br \/>Der Krieg kam dazwischen. Es wurde nichts aus Hitlers &#8222;Halle des Volkes&#8220;. Der Triumphbogen wurde nicht gebaut. Auch nicht das Reichsmarschallamt, in dessen Treppenhaus \u2013 dem gr\u00f6\u00dften der Welt \u2013 G\u00f6ring allj\u00e4hrlich die Parole des Jahres verk\u00fcnden wollte. Aber die von Speer entworfenen Kandelaber beleuchten noch heute die Ost-West-Achse, die Stra\u00dfe des 17. Juni.<br \/>Der Film zeigt mit historischen Aufnahmen die Projekte f\u00fcr die &#8222;Welthauptstadt Germania&#8220;. Der Architekturhistoriker Wolfgang Sch\u00e4che, der Architekt L\u00e9on Krier und der Philosoph Boris Groys setzen sich mit der NS-Architektur auseinander: Ist die Architektur von Despoten immer auch eine Architektur der Unterdr\u00fcckung? Kann man diese Architektur sehen, ohne die Verbrechen der Nationalsozialisten zu sehen? Ist diese Architektur gut oder schlecht, unabh\u00e4ngig von dem, was ihre Erbauer wollten? Kann ein Verbrecher ein bedeutender Architekt sein?<\/p><p><strong>Buch \/ Regie:\u00a0<a href=\"artem-demenok.html\">Artem Demenok<\/a>\u00a0\/ Kamera: Andreas Bergmann \/ Kamerab\u00fchne: Thino M\u00f6nig, J\u00f6rg Mertink \/ Schnitt: Vera Sorrentino \/ Ton: J\u00fcrgen Kornatz \/ Tonmischung: Gerhard Jensen-Nelson \/ Sprecher: Gunter Scho\u00df \/ Redaktionelle Mitarbeit: Sergey A. Mishunin \/ Produktionsleitung: Cordula Paetzel, Rainer Baumert (rbb) \/ Produzent: Andreas Christoph Schmidt \/ Redaktion: Hans von Brescius, Peter Gottschalk, Dagmar Mielke, Martina Z\u00f6llner \/ Eine Produktion von Schmidt &amp; Paetzel Fernsehfilme \/ Im Auftrag von rbb und SWR \/ In Zusammenarbeit mit ARTE<\/strong><\/p><p>52&#8217;29&#8220; \/ 4:3 \/ Stereo \/ F + SW \/ \u00a9 2005 rbb SWR ARTE<\/p><\/div>\n\t\t\t\t<\/div>\n\t\t\t\t\t\t\t<div class=\"elementor-toggle-item\">\n\t\t\t\t\t<h6 id=\"elementor-tab-title-18238\" class=\"elementor-tab-title\" data-tab=\"38\" role=\"button\" aria-controls=\"elementor-tab-content-18238\" aria-expanded=\"false\">\n\t\t\t\t\t\t\t\t\t\t\t\t<span class=\"elementor-toggle-icon elementor-toggle-icon-left\" aria-hidden=\"true\">\n\t\t\t\t\t\t\t\t\t\t\t\t\t\t\t<span class=\"elementor-toggle-icon-closed\"><i class=\"fas fa-caret-right\"><\/i><\/span>\n\t\t\t\t\t\t\t\t<span class=\"elementor-toggle-icon-opened\"><i class=\"elementor-toggle-icon-opened fas fa-caret-up\"><\/i><\/span>\n\t\t\t\t\t\t\t\t\t\t\t\t\t<\/span>\n\t\t\t\t\t\t\t\t\t\t\t\t<a class=\"elementor-toggle-title\" tabindex=\"0\">eBay: Der Traum vom Gl\u00fcck im Netz<\/a>\n\t\t\t\t\t<\/h6>\n\n\t\t\t\t\t<div id=\"elementor-tab-content-18238\" class=\"elementor-tab-content elementor-clearfix\" data-tab=\"38\" role=\"region\" aria-labelledby=\"elementor-tab-title-18238\"><p><img loading=\"lazy\" decoding=\"async\" class=\"alignright\" src=\"http:\/\/schmidt-paetzel.de\/wp-content\/uploads\/2020\/06\/eBay06.jpg\" alt=\"\" width=\"285\" height=\"214\" \/>Ein Film von Andreas Christoph Schmidt<br \/>SWR 2005, 45&#8242;<br \/>Erstausstrahlung: 23. Februar 2005<\/p><p>15 Millionen Deutsche besuchen Monat f\u00fcr Monat im Internet die Handelsplattform eBay. Mehr als 22 Tausend Haushalte leben davon. Doch was ist eBay eigentlich? Wer sind die Menschen, die sich &#8222;omummel&#8220;, &#8222;takejob&#8220;, &#8222;natuerlich-guenstig&#8220;, &#8222;macpherson35&#8220; oder &#8222;freizeit24&#8220; nennen? Und wer arbeitet in der eBay-Zentrale an der ehemaligen deutsch-deutschen Grenze in Kleinmachnow?<\/p><p>Der Autor Andreas Christoph Schmidt macht sich auf eine Reise durch Deutschland, um Antworten auf diese Fragen zu finden. Selbst ein eBayer, besucht er Kategoriemanager in der Deutschland-Zentrale des international agierenden Unternehmens und trifft sich mit Menschen, die mit Hilfe von eBay nach ein St\u00fcckchen Gl\u00fcck in der neuen digitalen Welt suchen. Zum Beispiel Gerhard Mander auf der Insel F\u00f6hr, der versucht, den Ausweg aus der Arbeitslosigkeit zu finden und seine eigene Verkaufsagentur auf die Beine zu stellen. Oder die ehemalige Krankenschwester Andrea Lehwald in Bottrop. Fr\u00fcher hatte Sie eine eigene Boutique, in die kaum ein Kunde kam. Erst mit eBay ist sie eine erfolgreiche Unternehmerin geworden, \u201ePowerseller\u201c genannt. Oder Irina Gr\u00e4ser, die f\u00fcnfzehn Jahre nach der Wende nach den fast vergessenen Ost-Gegenst\u00e4nden bei eBay sucht. Auf diese Weise erweitert sie die Sammlung des &#8222;DDR-Museums&#8220; in Malchow. Man lernt auch Ursula Golan-Heimbach aus Merzkirchen bei Trier kennen, die als Mutter von sechs Kindern einen florierenden eBay-Handel mit K\u00fcchenger\u00e4ten betreibt. Oder das Ehepaar Lehle aus dem bayerischen Kolbermoor. Sie hatten jahrzehntelang eine Kunstgalerie gef\u00fchrt und wollten eigentlich ihren Ruhestand genie\u00dfen. eBay kam dazwischen. Jetzt sind sie wieder voll dabei, diesmal virtuell.<\/p><p>Andreas Christoph Schmidt wollte auch etwas bei eBay verkaufen. Und was lag da n\u00e4her, als ein Interview f\u00fcr diese Reportage?! 401,04 Euro war es einem gewissen &#8222;freizeit24&#8220; wert. Dahinter versteckt sich ein mittelst\u00e4ndischer Unternehmer aus Wangen bei G\u00f6ppingen, der im Film \u00fcber seine Erfahrungen spricht.<\/p><p><strong>Eine Reportage von\u00a0<a href=\"a-chr-schmidt.html\">Andreas Christoph Schmidt<\/a><\/strong><br \/><strong>Kamera \/ Schnitt: Liza Gerber und Andreas Christoph Schmidt \/ Ton: J\u00fcrgen Kornatz \/ Tonmischung: Gerhard Jensen-Nelson \/\u00a0 Recherche und Organisation: Sergey A. Mishunin \/ Produktionsleitung: Cordula Paetzel \/ Redaktion: Martina Z\u00f6llner \/ Eine Produktion von Schmidt &amp; Paetzel Fernsehfilme \/ Im Auftrag des S\u00fcdwestrundfunks<\/strong><\/p><p>43&#8217;29&#8220; \/ 4:3 \/ Stereo \/ F \/ \u00a9 2005 SWR<\/p><\/div>\n\t\t\t\t<\/div>\n\t\t\t\t\t\t\t<div class=\"elementor-toggle-item\">\n\t\t\t\t\t<h6 id=\"elementor-tab-title-18239\" class=\"elementor-tab-title\" data-tab=\"39\" role=\"button\" aria-controls=\"elementor-tab-content-18239\" aria-expanded=\"false\">\n\t\t\t\t\t\t\t\t\t\t\t\t<span class=\"elementor-toggle-icon elementor-toggle-icon-left\" aria-hidden=\"true\">\n\t\t\t\t\t\t\t\t\t\t\t\t\t\t\t<span class=\"elementor-toggle-icon-closed\"><i class=\"fas fa-caret-right\"><\/i><\/span>\n\t\t\t\t\t\t\t\t<span class=\"elementor-toggle-icon-opened\"><i class=\"elementor-toggle-icon-opened fas fa-caret-up\"><\/i><\/span>\n\t\t\t\t\t\t\t\t\t\t\t\t\t<\/span>\n\t\t\t\t\t\t\t\t\t\t\t\t<a class=\"elementor-toggle-title\" tabindex=\"0\">Das Holz vom Baume Yggdrasil. Die Stabkirche von Urnes<\/a>\n\t\t\t\t\t<\/h6>\n\n\t\t\t\t\t<div id=\"elementor-tab-content-18239\" class=\"elementor-tab-content elementor-clearfix\" data-tab=\"39\" role=\"region\" aria-labelledby=\"elementor-tab-title-18239\"><p><img loading=\"lazy\" decoding=\"async\" class=\"alignright\" src=\"http:\/\/schmidt-paetzel.de\/wp-content\/uploads\/2020\/06\/kirche9-1024x719.jpg\" alt=\"\" width=\"285\" height=\"200\" \/>Ein Film von Andreas Christoph Schmidt<br \/>Aus der Reihe &#8222;Sch\u00e4tze der Welt \/ Erbe der Menschheit&#8220;\u00a0<br \/>SWR 2005, 15&#8242;<br \/>Erstausstrahlung: 3. April 2005<\/p><p>Auf einer Landzunge, die tief in den Luster-Fjord reicht, steht die \u00e4lteste Holzkirche Norwegens &#8211; die Stabkirche von Urnes. Von den 750 mittelalterlichen Holzkirchen zum Zeitpunkt der Reformation stehen heute noch knapp 30. Und obwohl arch\u00e4ologische Funde beweisen, dass es \u00fcberall Stabkirchen in Nordeuropa gab, blieben sie nur in Norwegen erhalten.<\/p><p>Vor \u00fcber 850 Jahren ist die Stabkirche von Urnes gebaut worden. Auf einem besonderen Platz. Man nimmt an, dass hier bereits fr\u00fcher ein heidnisches Heiligtum gestanden hat. Diese Kirche ist nicht unbedingt typisch \u2013 keine Drachenk\u00f6pfe, keine r\u00e4tselhaften vorchristlichen Masken. Ihre B\u00f6gen und Kapitelle erinnern eher an eine romanische Basilika aus Stein. Die Vorbilder stehen in Rom, Ravenna oder Avignon, nicht in Skandinavien. Was die kleine Kirche einzigartig macht, sind ein Portal und einige Wandplanken. Sie stammen von der Vorg\u00e4ngerkirche, die gerade hundert Jahre alt war, als man sie aus unbekanntem Grund abriss. Beim Bau der neuen Kirche wurden Bauteile der alten verwendet. Ihr Schnitzwerk ist einmalig, und der Name Urnes-Stil bezieht sich heute auf alle Arbeiten des Mittelalters, in der man diese Art von ineinander verschlungenem Getier und Gew\u00e4chs wiederfindet. Nie jedoch in solcher Vollendung wie am Nordportal der Stabkirche von Urnes. Das Holzrelief stellt den Kampf der Hirsche und Schlangen dar, die in der Weltenesche Yggdrasil wohnen: ein Bild, das den Untergang der germanisch-heidnischen Welt symbolisiert, so wie die Mythen ihn prophezeiten.<\/p><p>Auf dem Altar steht ein Kerzenleuchter in Form eines Wikingerschiffs, eine mittelalterliche Eisenarbeit, nicht viel j\u00fcnger als die Kirche selbst. Neun Kerzen brennen darauf und symbolisieren das Christentum, das mit einem Boot nach Norwegen kam. Das Schiff der Wikinger, das auszog zum Raub und heimkehrte mit dem Licht.<\/p><p><a href=\"http:\/\/schmidt-paetzel.de\/?page_id=312\">Kommentartext<\/a><\/p><p><strong>Buch \/ Regie \/ Ton \/ Schnitt:\u00a0<a href=\"a-chr-schmidt.html\">Andreas Christoph Schmidt<\/a>\u00a0\/ Kamera: Birgit Gudjonsdottir \/ Kameraassistenz: Joseph Mittendorfer \/ Dolly: Glenn K\u00f6nig \/ Tonmischung: Gerhard Jensen-Nelson \/ Sprecher: Martin Seifert \/ Recherche und Organisation: Jens Neumann \/ Musik: Patrick Ehinger \/ Produktionsleitung: Cordula Paetzel \/ Redaktion: Goggo Gensch \/ Eine Produktion von Schmidt &amp; Paetzel Fernsehfilme \/ Im Auftrag des S\u00fcdwestrundfunks \/ Dank an Foreningen til Norske Fortidsminnesmerkers Bevaring<\/strong><\/p><p><br \/>14&#8217;44&#8220; \/ 16:9 \/ Stereo \/ F \/ \u00a9 2005 SWR<\/p><p>Wir verwendeten und empfehlen folgende Literatur:<br \/>Dietrichson, L. und H. Munthe, Die Holzbaukunst Norwegens in Vergangenheit und Gegenwart, Berlin 1893<br \/>Ahrens, Claus (Hrsg), Fr\u00fche Holzkirchen im n\u00f6rdlichen Europa. Ver\u00f6ffentlichung des Helms-Museums Nr. 39, Hamburg 1981<br \/>Franceschi, G\u00e9rard, Asger Jorn und Odgeir Hoftun, Stabkirchen und die mittelalterliche Gesellschaft Norwegens, K\u00f6ln 2002<br \/>Wikinger War\u00e4ger Normannen. Die Skandinavier und Europa 800 &#8211; 1200. Ausstellungskatalog, Berlin 1992<br \/>Petrick, Fritz, Norwegen. Von den Anf\u00e4ngen bis zur Gegenwart, Regensburg 2002<br \/>Burger, Erich, Norwegische Stabkirchen. Bauweise Geschichte Schmuck, K\u00f6ln 1978<br \/>Bugge, Gunnar und Bernadino Mezzanotte, Stabkirchen. Mittelalterliche Baukunst in Norwegen, Regensburg 1994<br \/>Lindholm, Dan und Walther Roggenkamp, Stabkirchen in Norwegen. Drachenmythos und Christentum in der altnorwegischen Baukunst, Stuttgart 2. Aufl. 1979<\/p><\/div>\n\t\t\t\t<\/div>\n\t\t\t\t\t\t\t<div class=\"elementor-toggle-item\">\n\t\t\t\t\t<h6 id=\"elementor-tab-title-18240\" class=\"elementor-tab-title\" data-tab=\"40\" role=\"button\" aria-controls=\"elementor-tab-content-18240\" aria-expanded=\"false\">\n\t\t\t\t\t\t\t\t\t\t\t\t<span class=\"elementor-toggle-icon elementor-toggle-icon-left\" aria-hidden=\"true\">\n\t\t\t\t\t\t\t\t\t\t\t\t\t\t\t<span class=\"elementor-toggle-icon-closed\"><i class=\"fas fa-caret-right\"><\/i><\/span>\n\t\t\t\t\t\t\t\t<span class=\"elementor-toggle-icon-opened\"><i class=\"elementor-toggle-icon-opened fas fa-caret-up\"><\/i><\/span>\n\t\t\t\t\t\t\t\t\t\t\t\t\t<\/span>\n\t\t\t\t\t\t\t\t\t\t\t\t<a class=\"elementor-toggle-title\" tabindex=\"0\">Der Schock des Bombenkrieges<\/a>\n\t\t\t\t\t<\/h6>\n\n\t\t\t\t\t<div id=\"elementor-tab-content-18240\" class=\"elementor-tab-content elementor-clearfix\" data-tab=\"40\" role=\"region\" aria-labelledby=\"elementor-tab-title-18240\"><p>Ein Film von Dora Heinze<br \/>SWR\/rbb 2004, 59&#8242;<br \/>Erstausstrahlung: 27. Mai 2004<\/p><p>Teil I der Serie &#8222;Ein Dach \u00fcber dem Kopf. Der Wiederaufbau unserer St\u00e4dte&#8220;<\/p><p>&#8222;Kein sch\u00f6ner Land in dieser Zeit&#8220;? Deutschland war bis in die drei\u00dfiger Jahre eine Kulturlandschaft mit einer einzigartigen F\u00fclle von historischen St\u00e4tten und malerischen Flecken. Damals eines der popul\u00e4rsten Touristenl\u00e4nder &#8211; auch f\u00fcr US-Amerikaner, die gerne in den modernen Reisez\u00fcgen und \u00fcber die neuen Autobahnen zu den sch\u00f6nen alten St\u00e4dten fuhren. Doch die Idylle war bedroht. Die Nazis wollten nicht nur die Reichshauptstadt, sondern auch die Gauhauptst\u00e4dte ummodeln. Die Neugestaltung sollte Sichtachsen durch die alten Stadtkerne schlagen, Aufmarschpl\u00e4tze und Freiraum f\u00fcr eine monumentale Repr\u00e4sentationsarchitektur schaffen.<\/p><p>Schon das Neue Bauen der zwanziger Jahren sagte der \u00fcberkommenen Stadt mit ihrer verdichteten Bebauung, den engen, verwinkelten Gassen oder dem steinernen Meer der Mietskasernen den Kampf an &#8211; zugunsten eines sozial, hygienisch und verkehrstechnisch modernen Siedlungsbaus. Kaum begannen Ende der 30-er Jahre die Abrissbirnen ihr Werk, da kam der Krieg, und die Bomben legten die deutschen St\u00e4dte in Schutt und Asche. Hitlers Baumeister Albert Speer betrieb nun, mitten im Krieg, nicht mehr &#8222;Neugestaltung&#8220;, sondern Wiederaufbau. Sein Arbeitsstab, aus Berlin nach Wriezen an der Oder ausgelagert, entwickelte Pl\u00e4ne f\u00fcr die &#8222;aufgelockerte, gegliederte Stadt&#8220;, die k\u00fcnftig auch besseren Schutz vor Luftangriffen und Feuerst\u00fcrmen bieten sollte. Damit entstanden wesentliche Grundlagen f\u00fcr die Planung und den Wiederaufbau nach 1945.<\/p><p>Die zerst\u00f6rten St\u00e4dte, die Ruinenfelder der Nachkriegszeit boten anfangs den Planern und Architekten ein vermeintlich grenzenloses Tummelfeld f\u00fcr k\u00fchne Phantasien und Visionen. Doch die Realit\u00e4t holte sie schnell ein. Schnell musste Wohnraum geschaffen werden. Enttr\u00fcmmerung und Verwertung des Schutts und die Nutzung der gro\u00dfenteils noch intakten Infrastruktur hatten Vorrang. So fielen vielerorts schon Vorentscheidungen in dem Streit zwischen Modernisten, Traditionalisten und Denkmalsch\u00fctzern. Welche Richtung eingeschlagen wurde, hing auch von den einzelnen Besatzungsm\u00e4chten ab &#8211; im Film wird dies an den Beispielen Hamburg, K\u00f6ln, Berlin und Freudenstadt illustriert.<\/p><p>Bis zur W\u00e4hrungsreform war die Enttr\u00fcmmerung im wesentlichen abgeschlossen. Mit dem beginnenden Wirtschaftswunder der f\u00fcnfziger Jahre setzte eine massenhafte Bauproduktion ein, deren Qualit\u00e4tsm\u00e4ngel viel zur &#8222;Unwirtlichkeit&#8220; der deutschen St\u00e4dte beitragen sollten. Selten gezeigte Archivaufnahmen, zeitgen\u00f6ssische Augenzeugenberichte und Statements von Architekturhistorikern dokumentieren den Untergang der alten Stadtlandschaft sowie die M\u00f6glichkeiten und Grenzen des Wiederaufbaus in den sp\u00e4ten vierziger Jahren.<\/p><p><strong>Buch \/ Regie: Dora Heinze\u00a0\/ Kamera: Peter Petrides \/ Schnitt: Liza Gerber \/ Ton: Inken Griese, Jean-Pierre Tari \/ Tonmischung: Gerhard Jensen-Nelson \/ Sprecher: J\u00fcrgen Hentsch \/ Recherche: Sergey A. Mishunin \/ Produktionsleitung: Cordula Paetzel \/ Redaktion: Martina Z\u00f6llner (SWR),\u00a0 Hans von Brescius (rbb) \/ Eine Produktion von Schmidt &amp; Paetzel Fernsehfilme \/ Im Auftrag von S\u00fcdwestrundfunk und Rundfunk Berlin-Brandenburg<\/strong><\/p><p>59&#8217;00&#8220; \/ 16:9 \/ Stereo \/ F+SW \/ \u00a9 2004 SWR rbb<\/p><\/div>\n\t\t\t\t<\/div>\n\t\t\t\t\t\t\t<div class=\"elementor-toggle-item\">\n\t\t\t\t\t<h6 id=\"elementor-tab-title-18241\" class=\"elementor-tab-title\" data-tab=\"41\" role=\"button\" aria-controls=\"elementor-tab-content-18241\" aria-expanded=\"false\">\n\t\t\t\t\t\t\t\t\t\t\t\t<span class=\"elementor-toggle-icon elementor-toggle-icon-left\" aria-hidden=\"true\">\n\t\t\t\t\t\t\t\t\t\t\t\t\t\t\t<span class=\"elementor-toggle-icon-closed\"><i class=\"fas fa-caret-right\"><\/i><\/span>\n\t\t\t\t\t\t\t\t<span class=\"elementor-toggle-icon-opened\"><i class=\"elementor-toggle-icon-opened fas fa-caret-up\"><\/i><\/span>\n\t\t\t\t\t\t\t\t\t\t\t\t\t<\/span>\n\t\t\t\t\t\t\t\t\t\t\t\t<a class=\"elementor-toggle-title\" tabindex=\"0\">Endstation Freiheit. Leben und Schreiben im heutigen Russland<\/a>\n\t\t\t\t\t<\/h6>\n\n\t\t\t\t\t<div id=\"elementor-tab-content-18241\" class=\"elementor-tab-content elementor-clearfix\" data-tab=\"41\" role=\"region\" aria-labelledby=\"elementor-tab-title-18241\"><p>Ein Film von Artem Demenok<br \/>ZDF\/3sat 2003, 35&#8242;<\/p><p>Verbrechen, Sex, allgemeiner Werteverfall, aber auch die Suche nach einer neuen Spiritualit\u00e4t &#8211; mit dem Beginn der Perestrojka haben sich viele russische Schriftstellerinnen und Schriftsteller von der realsozialistischen G\u00e4ngelung befreit und an den gro\u00dfen Tabus der Sowjetzeit ger\u00fchrt. Sie tragen zu der in ihrer Vitalit\u00e4t und Vielfalt einzigartigen Literaturszene bei, die das Gastland der diesj\u00e4hrigen Frankfurter Buchmesse kennzeichnet.<\/p><p>In einem Feature stellt &#8222;Kulturzeit extra&#8220; Schriftstellerinnen und Schriftsteller vor, deren B\u00fccher Schl\u00fcssel zum Verst\u00e4ndnis der heutigen russischen Gesellschaft sind. Dazu geh\u00f6ren unter anderen der Avantgarde-Poet Vladimir Sorokin, die Krimiautorin Alexandra Marinina, der Politrebel Eduard Limonow, die Sprachvirtuosin Tatjana Tolstaja, der junge ambitionierte Autor Sergej Schargunow und das &#8222;russische Fr\u00e4uleinwunder&#8220; Irina Denezkina.<\/p><p><strong>Buch \/ Regie:\u00a0<a href=\"artem-demenok.html\">Artem Demenok<\/a>\u00a0\/ Kamera: Oleg Stinski \/ Schnitt: Michael Auer \/ Ton: Dmitri Konjuschenko \/ Tonmischung: Gerhard Jensen-Nelson \/ Sprecher: Thomas Vogt \/ Produktionsleitung: Cordula Paetzel\u00a0 Redaktion: Anna Riek \/ Leitung: Rainer Schaper \/ Eine Produktion von Schmidt &amp; Paetzel Fernsehfilme \/ Im Auftrag von ZDF\/3sat<\/strong><\/p><p><br \/>34&#8217;53&#8220; \/ 4:3 \/ Stereo \/ F \/ \u00a9 2003 ZDF\/3sat<\/p><\/div>\n\t\t\t\t<\/div>\n\t\t\t\t\t\t\t<div class=\"elementor-toggle-item\">\n\t\t\t\t\t<h6 id=\"elementor-tab-title-18242\" class=\"elementor-tab-title\" data-tab=\"42\" role=\"button\" aria-controls=\"elementor-tab-content-18242\" aria-expanded=\"false\">\n\t\t\t\t\t\t\t\t\t\t\t\t<span class=\"elementor-toggle-icon elementor-toggle-icon-left\" aria-hidden=\"true\">\n\t\t\t\t\t\t\t\t\t\t\t\t\t\t\t<span class=\"elementor-toggle-icon-closed\"><i class=\"fas fa-caret-right\"><\/i><\/span>\n\t\t\t\t\t\t\t\t<span class=\"elementor-toggle-icon-opened\"><i class=\"elementor-toggle-icon-opened fas fa-caret-up\"><\/i><\/span>\n\t\t\t\t\t\t\t\t\t\t\t\t\t<\/span>\n\t\t\t\t\t\t\t\t\t\t\t\t<a class=\"elementor-toggle-title\" tabindex=\"0\">Russlands wilde Dichter<\/a>\n\t\t\t\t\t<\/h6>\n\n\t\t\t\t\t<div id=\"elementor-tab-content-18242\" class=\"elementor-tab-content elementor-clearfix\" data-tab=\"42\" role=\"region\" aria-labelledby=\"elementor-tab-title-18242\"><p>Ein Film von Christiane Bauermeister<br \/>SWR\/ARTE 2003, 59&#8242;<\/p><p>Filmemacherin Christiane Bauermeister hat sich in der quirligen russischen Literaturszene umgesehen. Sie zog durch Clubs und Buchhandlungen, traf die ganz Jungen, aber auch Ber\u00fchmtheiten wie Vladimir Sorokin, den Skandalautor, der gerade erst vom Vorwurf der Pornografie freigesprochen wurde, Boris Akunin und Polina Daschkowa, die meist gelesenen Krimiautoren Russlands &#8211; Akunin wird oft mit Umberto Eco verglichen -, und Victor Jerofejew, den international bekannten Autor und F\u00f6rderer des literarischen Nachwuchses.<\/p><p>&#8222;Was ist dein Thema?&#8220; fragt Wjatscheslaw Kuryzin, als Literaturkritiker eine Kultfigur im russischen Web, seinen Kumpel, den Slam-Poeten Andrej Rodionow, und der sagt: &#8222;Ich selbst! Das ist das Haupthema, was sonst?&#8220; &#8211; Zum ersten Mal seit einigen hundert Jahren konnte in Russland eine Schriftsteller-Generation ohne G\u00e4ngelei oder Zensur heranwachsen. Befreit vom Dienst an der Ideologie schreiben sie radikal subjektiv, \u00fcber die eigene Erfahrung, Empfindung, Sexualit\u00e4t.<\/p><p>&#8222;Ich schreibe \u00fcber Sex und Gewalt als Bestandteil des Lebens&#8220; sagt Wladimir Koslow, Schriftsteller, Journalist und Punk-Musiker. &#8222;\u00dcber Jungs&#8220; lacht die 21j\u00e4hrige Irina Deneschkina, die noch studiert und mit ihrem Erstling &#8211; &#8222;Gib\u2019s mir&#8220; hei\u00dft auf russisch sinngem\u00e4\u00df der Titel &#8211; \u00fcber Nacht ein Star wurde. Ihr Buch ist bereits in viele Sprachen \u00fcbersetzt.<\/p><p>Doch obwohl sich Russlands junge Wilde egozentrisch und experimentierfreudig geben: Die ehrw\u00fcrdige Tradition der gro\u00dfen russischen Dichter ist noch lebendig. Die Russen &#8211; ein Volk von Lesern: Wer in Moskau eine U-Bahn besteigt, sieht in B\u00fccher vertiefte Menschen reihenweise. &#8222;Anscheinend ist unser Leben immer noch so, dass wir uns hinter den B\u00fcchern verstecken m\u00fcssen&#8220; meint die Schriftstellerin Vera Pawlowa. Michail Schwydkoj, unter Putin Minister f\u00fcr Kultur, sieht das etwas anders: &#8222;Zu den Sowjetzeiten lebten wir in einem Land, in dem das Lesen interessanter war als das Leben. Und seit den Neunzigern leben wir in einem Land, in dem das Leben, sagen wir, nicht weniger interessant ist als das Lesen.&#8220;<\/p><p>Mitwirkende:\u00a0Boris Akunin, Schisch Brjanskij, Polina Daschkowa, Vladimir Sorokin, Vera Pavlova, Anastassija Gostjeva, Andrej Rodionow, Wladimir Koslow, Irina Deneschkina, Ilja Stogoff, Sergej Schargun<\/p><p><strong>Buch \/ Regie:\u00a0<a href=\"chr-bauermeister.html\">Christiane Bauermeister<\/a>\u00a0\/ Kamera: Fedor Simul \/ Schnitt: Michael Auer \/ Ton: Ljudmila Rubina \/ Tonmischung: Gerhard Jensen-Nelson \/ Sprecher: Hanns Zischler \/ Aufnahmeleitung und Recherche: Olga Fedianina \/ Produktionsleitung: Cordula Paetzel \/ Redaktion: Martina Z\u00f6llner \/ Eine Produktion von Schmidt &amp; Paetzel Fernsehfilme \/ Im Auftrag des S\u00fcdwestrundfunks \/ In Zusammenarbeit mit ARTE<\/strong><\/p><p><br \/>58&#8217;36&#8220; \/ 4:3 \/ Stereo \/ F \/ \u00a9 2003 SWR ARTE<\/p><\/div>\n\t\t\t\t<\/div>\n\t\t\t\t\t\t\t<div class=\"elementor-toggle-item\">\n\t\t\t\t\t<h6 id=\"elementor-tab-title-18243\" class=\"elementor-tab-title\" data-tab=\"43\" role=\"button\" aria-controls=\"elementor-tab-content-18243\" aria-expanded=\"false\">\n\t\t\t\t\t\t\t\t\t\t\t\t<span class=\"elementor-toggle-icon elementor-toggle-icon-left\" aria-hidden=\"true\">\n\t\t\t\t\t\t\t\t\t\t\t\t\t\t\t<span class=\"elementor-toggle-icon-closed\"><i class=\"fas fa-caret-right\"><\/i><\/span>\n\t\t\t\t\t\t\t\t<span class=\"elementor-toggle-icon-opened\"><i class=\"elementor-toggle-icon-opened fas fa-caret-up\"><\/i><\/span>\n\t\t\t\t\t\t\t\t\t\t\t\t\t<\/span>\n\t\t\t\t\t\t\t\t\t\t\t\t<a class=\"elementor-toggle-title\" tabindex=\"0\">Helden ohne Ruhm. Der 17. Juni 1953<\/a>\n\t\t\t\t\t<\/h6>\n\n\t\t\t\t\t<div id=\"elementor-tab-content-18243\" class=\"elementor-tab-content elementor-clearfix\" data-tab=\"43\" role=\"region\" aria-labelledby=\"elementor-tab-title-18243\"><p><img loading=\"lazy\" decoding=\"async\" class=\"alignright\" src=\"http:\/\/schmidt-paetzel.de\/wp-content\/uploads\/2020\/06\/helden.jpg\" alt=\"\" width=\"285\" height=\"207\" \/>Dokumentarfilm zum 50. Jahrestag des Aufstandes in der DDR\u00a0von Artem Demenok und Andreas Christoph Schmidt<br \/>rbb\/SWR\/WDR\/ARTE 2003, 85&#8242;<br \/>Ausgezeichnet mit dem <strong>Bayerischen Fernsehpreis 2004<\/strong><\/p><p>&#8222;Es gibt viele Gr\u00fcnde, sich diesen Film anzuschauen, einer w\u00e4re hervorzuheben: Der kurze Streifen eines besessenen Amateurfilmers aus Leipzig \u00fcber diesen Tag im Juni 53 ist einzigartig. Er \u00f6ffnet uns, den Zuschauern, zum ersten Mal das Fenster in die Provinz. Bisher galt: Nur in Berlin konnte damals gefilmt werden, die Kameras der West-Berliner Berichterstatter standen an der Sektorengrenze der geteilten Stadt. Alles, was anderswo aufgenommen wurde, so glaubte die Stasi, habe sie beschlagnahmen k\u00f6nnen, bevor diese Bilder \u00f6ffentlich wurden. Aber das Leben geht eigensinnige Wege, und der Leipziger Fotograf wurde nie erwischt. Er hatte seinen Film versteckt, und dann wurde der Mann, wie seine Nichte im feinsten S\u00e4chsisch berichtet, f\u00fcnfundsechzig Jahre alt: &#8222;Das war bei uns hier ein magisches Datum, da konnte man dann in den Westen fahren.&#8220; Der Pension\u00e4r packte also seinen Koffer und in diesen die kostbare Filmrolle. Warum die dann noch einmal zwanzig Jahre auf einem hessischen Dachboden einstauben musste, ist ein R\u00e4tsel; sie entdeckt zu haben, das ist das Verdienst der Autoren.&#8220;<br \/>Regina M\u00f6nch, FAZ<\/p><p>&#8222;Die Filmemacher erz\u00e4hlen die Geschichte entschieden von innen heraus, von dort aus, wo sie entstand: den Demonstranten geh\u00f6rt ihr Herz, jenen, denen niemand sagte, was sie tun sollten, die ihre Redner spontan beriefen, die keine R\u00e4delsf\u00fchrer kannten. &#8222;Helden ohne Ruhm&#8220; ist ein engagierter Dokumentarfilm, der endlich denen Gerechtigkeit verschaffen will, die bisher unsichtbar und namenlos blieben.&#8220;<br \/>Mechthild Zschau, Tagesspiegel<\/p><p>&#8222;Nach aufwendigen Fiktionen und einem Doku-Drama meldet sich nun der gute alte Dokumentarfilm zum Thema 17. Juni. Und merkw\u00fcrdig, was einer Familiengeschichte aus der Provinz, einer dramatisch aufgez\u00e4umten Love-Story aus dem brodelnden Ost-Berlin und einer ironisch grundierten Schilderung der weltpolitischen Rank\u00fcnen nicht recht gelang, schaffen die Autoren dieses Films, Artem Demenok, 41, und Andreas Christoph Schmidt, 46: die tragische Vergeblichkeit des Aufstands f\u00fchlbar zu machen. Die Statements der beteiligten Zeitzeugen, das historische Archivmaterial, Fotos vom Aufstand und erstmals gezeigte 35-mm-Aufnahmen vom Geschehen in Leipzig verdeutlichen das verwirrend Spontane der Erhebung, die sich jeder monokausalen Erkl\u00e4rung entzieht.&#8220;<br \/>Der Spiegel<\/p><p>&#8222;Gewissenhaft und kompetent haben Schmidt und Demenok Archive durchforstet, Werkt\u00e4tige von einst befragt und Neues entdeckt, was das Bild dieses Aufstandes und einer rat- und hilfslosen SED-F\u00fchrung nicht korrigiert, aber abrundet und komplettiert.<br \/>Das f\u00fcgt sich hier zu einem facettenreichen, informativen Blick auf einen Aufstand, der auch deshalb scheitern musste, weil in der politisch heiklen Situation des Kalten Krieges F\u00fchrungspers\u00f6nlichkeiten fehlten und der Westen dessen Erfolg in letzter Konsequenz nicht wollte. Schmidt und Demenok bewerten das kompilierte Material zur\u00fcckhaltend, ihre Zeitzeugen sind aber stets mehr als blo\u00dfe Stichwortgeber, die vorgefasste Meinungen illustrieren.&#8220;<br \/>Reiner Braun, taz<\/p><p><strong>Buch \/ Regie:\u00a0<a href=\"artem-demenok.html\">Artem Demenok<\/a>,\u00a0<a href=\"a-chr-schmidt.html\">Andreas Christoph Schmidt<\/a>\u00a0\/ Kamera: Birgit Gudjonsdottir, Oleg Kudrjawzew \/ Schnitt: Gabriele Eglau \/ Ton: J\u00fcrgen Kornatz \/ Tonmischung: Gerhard Jensen-Nelson \/ Recherche und Organisation: Serguei Michounine \/ Mitarbeit: Evgeny Sergeev, Michael Auer \/ Fachberatung : Dr. Heidi Roth, Thomas Flemming \/ Sprecher: Thomas Thieme \/ Produktionsleitung: Cordula Paetzel (Schmidt &amp; Paetzel Fernsehfilme), Dieter Melzer (RBB), Leitung: Hans von Brescius (RBB) \/ Redaktion: Gerolf Karwath (SWR), J\u00fcrgen Thebrath (WDR), S\u00f6ren Schumann (ARTE) \/ Eine Produktion von Schmidt &amp; Paetzel Fernsehfilme \/ Im Auftrag von: Rundfunk Berlin-Brandenburg, S\u00fcdwestrundfunk, Westdeutscher Rundfunk \/ In Zusammenarbeit mit ARTE<\/strong><\/p><p>84&#8217;05&#8220; \/ 4:3 \/ Stereo \/ F + SW \/ \u00a9 2003 RBB, SWR, WDR, ARTE<\/p><\/div>\n\t\t\t\t<\/div>\n\t\t\t\t\t\t\t<div class=\"elementor-toggle-item\">\n\t\t\t\t\t<h6 id=\"elementor-tab-title-18244\" class=\"elementor-tab-title\" data-tab=\"44\" role=\"button\" aria-controls=\"elementor-tab-content-18244\" aria-expanded=\"false\">\n\t\t\t\t\t\t\t\t\t\t\t\t<span class=\"elementor-toggle-icon elementor-toggle-icon-left\" aria-hidden=\"true\">\n\t\t\t\t\t\t\t\t\t\t\t\t\t\t\t<span class=\"elementor-toggle-icon-closed\"><i class=\"fas fa-caret-right\"><\/i><\/span>\n\t\t\t\t\t\t\t\t<span class=\"elementor-toggle-icon-opened\"><i class=\"elementor-toggle-icon-opened fas fa-caret-up\"><\/i><\/span>\n\t\t\t\t\t\t\t\t\t\t\t\t\t<\/span>\n\t\t\t\t\t\t\t\t\t\t\t\t<a class=\"elementor-toggle-title\" tabindex=\"0\">Was war links?<\/a>\n\t\t\t\t\t<\/h6>\n\n\t\t\t\t\t<div id=\"elementor-tab-content-18244\" class=\"elementor-tab-content elementor-clearfix\" data-tab=\"44\" role=\"region\" aria-labelledby=\"elementor-tab-title-18244\"><p><img loading=\"lazy\" decoding=\"async\" class=\"alignright\" src=\"http:\/\/schmidt-paetzel.de\/wp-content\/uploads\/2020\/06\/Flagge-Vietnam-Konferenz-Berlin.jpg\" alt=\"\" width=\"285\" height=\"161\" \/>Vierteilige Reihe \u00fcber alles, was links ist von Andreas Christoph Schmidt <br \/>SWR\/SFB 2003, \u00e0 60&#8242;<\/p><p>Pressetext SWR 2003:<br \/>Links ist vorbei \u2013 die gro\u00dfen Utopien der Linken scheinen sp\u00e4testens mit dem Fall der Mauer da gelandet zu sein, wohin sie Trotzki, ein gro\u00dfer Linker, schon 1917 verwiesen hatte: auf den M\u00fcll der Geschichte. Die gestern links(radikal) waren, sind heute Au\u00dfenminister oder Innenminister oder Universit\u00e4tsprofessor oder Heilpraktiker oder Unternehmer oder&#8230;<br \/>Was war links in Deutschland? Weltanschauung und Lebensgef\u00fchl \u2013 die Arbeiterklasse befreien, Projekte machen, demonstrieren gegen alles M\u00f6gliche. Rockmusik, Wohngemeinschaft, die MFG gegen BKB (Mitfahrgelegenheit gegen Benzinkostenbeteiligung). Und vieles mehr. Linkssein geh\u00f6rte zur Ausstattung des Selbstbewusstseins einer ganzen deutschen Generation.<br \/>Beinahe zwei Jahre lang waren der Filmemacher Andreas Christoph Schmidt und seine Mitarbeiter im Auftrag von SWR und SFB damit besch\u00e4ftigt, die Frage Was war links? filmisch zu beantworten. Herausgekommen ist eine historische Revue, manchmal sehr pers\u00f6nlich, manchmal \u2013 nicht immer \u2013 nostalgisch: ein an Tatsachen und Meinungen reiches Panorama jener Zeit, die vielleicht die politisch lebendigste der Bundesrepublik gewesen ist. Die vierteilige Reihe f\u00fchrt vor, was in den sechziger, siebziger und achtziger Jahren linke Lebenspraxis war. Sie zeigt, was dahinter steckte: die Ideen, die historischen Traditionen der Ideen, die B\u00fccher, in denen die Ideen stehen und die Probleme, die entstanden sind beim Verwirklichen der Ideen. Und sie riskiert einen Blick in die Zukunft des Sozialismus.<br \/>In der ersten Folge &#8222;Protest und Theorie&#8220; geht Andreas Christoph Schmidt der Frage nach, welche Impulse der Jugend der sechziger Jahre zu ihrer Politisierung verhalfen. Und kommt zu dem Schluss, dass die aus Amerika her\u00fcberschwappende Pop-Musik und ihr aufm\u00fcpfiger Gestus den Geist der Rebellion in Deutschland mindestens genau so bef\u00f6rderte wie die Theorie-Diskussionen im SDS, im Sozialistischen Deutschen Studentenbund.<br \/>Der zweite Teil besch\u00e4ftigt sich mit &#8222;Dutschke und Konsorten&#8220;, mit den Kultfiguren und Mythen der Studentenbewegung. Verkl\u00e4rt gesehen wurden vor allem die Helden ferner Revolutionen, deren Poster in jeder WG hingen: Che Guevara, Mao, Ho Tschi Minh. Kritischer \u2013 eben wie man es von ihnen gelernt hatte \u2013 verfuhr man da schon mit den geistigen V\u00e4tern aus n\u00e4chster Uni-N\u00e4he: Adorno, Marcuse, Bloch.<br \/>Im dritten Teil, &#8222;L\u00e4rm und Gewalt&#8220;, zeichnet Andreas Christoph Schmidt die Gewalt-Eskalationen der siebziger Jahre nach und reflektiert das traditionell schwierige Verh\u00e4ltnis der Linken zur Gewalt.<br \/>Der vierte und letzte Teil ist der Frage gewidmet, wie &#8222;Kunst und Klassenkampf&#8220; zusammen gehen. Eine geh\u00f6rige Portion Skepsis gegen\u00fcber den &#8222;sch\u00f6nen K\u00fcnsten&#8220; geh\u00f6rte zum revolution\u00e4ren Zeitgeist. &#8222;Zwischent\u00f6ne sind blo\u00df Krampf &#8211; im Klassenkampf!&#8220; sang der Liedermacher Franz Josef Degenhardt. Und Peter Weiss, Dramatiker und Sozialist, musste sich 1965 aus Anlass der Urauff\u00fchrung seines St\u00fcckes \u201eDie Ermittlung\u201c von Reportern die Frage gefallen lassen, wann er denn mit der Waffe in der Hand f\u00fcr die Dritte Welt k\u00e4mpfen werde.<\/p><p><strong>Buch \/ Regie:\u00a0<a href=\"a-chr-schmidt.html\">Andreas Christoph Schmidt<\/a>\u00a0\/ Kamera: Birgit Gudjonsdottir, Michael Auer \/ Schnitt: Andreas Christoph Schmidt, Michael Auer\u00a0 \/ Ton: J\u00f6rg Marquardt, J\u00fcrgen Kornatz, Matthias Thoma\u00e9 \/ Tonmischung: Gerhard Jensen-Nelson \/ Aufnahmeleitung und Recherche: Olga Fedianina, Matthias Gerlach, Ute Hirschberg, Kurt Schneider \/ Sprecher: Thomas Thieme \/ Produktionsleitung: Cordula Paetzel \/ Produktionsassistenz: Cornelia Schmieder \/ Redaktion: Martina Z\u00f6llner, Hans von Brescius \/ Eine Produktion von Schmidt &amp; Paetzel Fernsehfilme \/ Im Auftrag von SWR und SFB<\/strong><\/p><p><br \/>57&#8217;58&#8220;, 58&#8217;25&#8220;, 58&#8217;30&#8220;, 58&#8217;51&#8220; \/ 4:3 \/ mono \/ F+SW \/<br \/>\u00a9 2003 SWR SFB<\/p><p><a href=\"http:\/\/waswarlinks.de\">weiterf\u00fchrende informationen zur Serie finden sie in den 2003 erstellten extraseiten.<\/a><\/p><\/div>\n\t\t\t\t<\/div>\n\t\t\t\t\t\t\t<div class=\"elementor-toggle-item\">\n\t\t\t\t\t<h6 id=\"elementor-tab-title-18245\" class=\"elementor-tab-title\" data-tab=\"45\" role=\"button\" aria-controls=\"elementor-tab-content-18245\" aria-expanded=\"false\">\n\t\t\t\t\t\t\t\t\t\t\t\t<span class=\"elementor-toggle-icon elementor-toggle-icon-left\" aria-hidden=\"true\">\n\t\t\t\t\t\t\t\t\t\t\t\t\t\t\t<span class=\"elementor-toggle-icon-closed\"><i class=\"fas fa-caret-right\"><\/i><\/span>\n\t\t\t\t\t\t\t\t<span class=\"elementor-toggle-icon-opened\"><i class=\"elementor-toggle-icon-opened fas fa-caret-up\"><\/i><\/span>\n\t\t\t\t\t\t\t\t\t\t\t\t\t<\/span>\n\t\t\t\t\t\t\t\t\t\t\t\t<a class=\"elementor-toggle-title\" tabindex=\"0\">Das Russische Haus. Die Botschaft Unter den Linden<\/a>\n\t\t\t\t\t<\/h6>\n\n\t\t\t\t\t<div id=\"elementor-tab-content-18245\" class=\"elementor-tab-content elementor-clearfix\" data-tab=\"45\" role=\"region\" aria-labelledby=\"elementor-tab-title-18245\"><p>Dokumentarfilm \u00fcber die Geschichte der deutsch-russischen (-sowjetischen) Beziehungen und die russische Botschaft in Berlin\u00a0von Andreas Christoph Schmidt und Artem Demenok<br \/>SFB\/ARTE 1999-2000, 59&#8242;<\/p><\/div>\n\t\t\t\t<\/div>\n\t\t\t\t\t\t\t<div class=\"elementor-toggle-item\">\n\t\t\t\t\t<h6 id=\"elementor-tab-title-18246\" class=\"elementor-tab-title\" data-tab=\"46\" role=\"button\" aria-controls=\"elementor-tab-content-18246\" aria-expanded=\"false\">\n\t\t\t\t\t\t\t\t\t\t\t\t<span class=\"elementor-toggle-icon elementor-toggle-icon-left\" aria-hidden=\"true\">\n\t\t\t\t\t\t\t\t\t\t\t\t\t\t\t<span class=\"elementor-toggle-icon-closed\"><i class=\"fas fa-caret-right\"><\/i><\/span>\n\t\t\t\t\t\t\t\t<span class=\"elementor-toggle-icon-opened\"><i class=\"elementor-toggle-icon-opened fas fa-caret-up\"><\/i><\/span>\n\t\t\t\t\t\t\t\t\t\t\t\t\t<\/span>\n\t\t\t\t\t\t\t\t\t\t\t\t<a class=\"elementor-toggle-title\" tabindex=\"0\">Der Kommandant. Nikolaj Bersarin im eroberten Berlin<\/a>\n\t\t\t\t\t<\/h6>\n\n\t\t\t\t\t<div id=\"elementor-tab-content-18246\" class=\"elementor-tab-content elementor-clearfix\" data-tab=\"46\" role=\"region\" aria-labelledby=\"elementor-tab-title-18246\"><p>Dokumentarfilm \u00fcber den ersten sowjetischen Kommandanten von Berlin\u00a0von Andreas Christoph Schmidt und Artem Demenok<br \/>SFB 1999, 30\u2019<\/p><\/div>\n\t\t\t\t<\/div>\n\t\t\t\t\t\t\t<div class=\"elementor-toggle-item\">\n\t\t\t\t\t<h6 id=\"elementor-tab-title-18247\" class=\"elementor-tab-title\" data-tab=\"47\" role=\"button\" aria-controls=\"elementor-tab-content-18247\" aria-expanded=\"false\">\n\t\t\t\t\t\t\t\t\t\t\t\t<span class=\"elementor-toggle-icon elementor-toggle-icon-left\" aria-hidden=\"true\">\n\t\t\t\t\t\t\t\t\t\t\t\t\t\t\t<span class=\"elementor-toggle-icon-closed\"><i class=\"fas fa-caret-right\"><\/i><\/span>\n\t\t\t\t\t\t\t\t<span class=\"elementor-toggle-icon-opened\"><i class=\"elementor-toggle-icon-opened fas fa-caret-up\"><\/i><\/span>\n\t\t\t\t\t\t\t\t\t\t\t\t\t<\/span>\n\t\t\t\t\t\t\t\t\t\t\t\t<a class=\"elementor-toggle-title\" tabindex=\"0\">Der aus der K\u00e4lte kam<\/a>\n\t\t\t\t\t<\/h6>\n\n\t\t\t\t\t<div id=\"elementor-tab-content-18247\" class=\"elementor-tab-content elementor-clearfix\" data-tab=\"47\" role=\"region\" aria-labelledby=\"elementor-tab-title-18247\"><p>Dokumentarfilm \u00fcber Alexander Solschenizyn\u00a0von Andreas Christoph Schmidt und Artem DemenoK<br \/>SFB\/WDR 1998, 30\u2019<\/p><\/div>\n\t\t\t\t<\/div>\n\t\t\t\t\t\t\t<div class=\"elementor-toggle-item\">\n\t\t\t\t\t<h6 id=\"elementor-tab-title-18248\" class=\"elementor-tab-title\" data-tab=\"48\" role=\"button\" aria-controls=\"elementor-tab-content-18248\" aria-expanded=\"false\">\n\t\t\t\t\t\t\t\t\t\t\t\t<span class=\"elementor-toggle-icon elementor-toggle-icon-left\" aria-hidden=\"true\">\n\t\t\t\t\t\t\t\t\t\t\t\t\t\t\t<span class=\"elementor-toggle-icon-closed\"><i class=\"fas fa-caret-right\"><\/i><\/span>\n\t\t\t\t\t\t\t\t<span class=\"elementor-toggle-icon-opened\"><i class=\"elementor-toggle-icon-opened fas fa-caret-up\"><\/i><\/span>\n\t\t\t\t\t\t\t\t\t\t\t\t\t<\/span>\n\t\t\t\t\t\t\t\t\t\t\t\t<a class=\"elementor-toggle-title\" tabindex=\"0\">Brecht und Moskau<\/a>\n\t\t\t\t\t<\/h6>\n\n\t\t\t\t\t<div id=\"elementor-tab-content-18248\" class=\"elementor-tab-content elementor-clearfix\" data-tab=\"48\" role=\"region\" aria-labelledby=\"elementor-tab-title-18248\"><p><img loading=\"lazy\" decoding=\"async\" class=\"alignright\" src=\"http:\/\/schmidt-paetzel.de\/wp-content\/uploads\/2020\/06\/brechtfe195-1024x776.jpg\" alt=\"\" width=\"285\" height=\"216\" \/>Zum 100. Geburtstag Bertolt Brechts <br \/>Ein Film von Andreas Christoph Schmidt<br \/>Ausgezeichnet\u00a0 mit dem Preis LiteraVision, M\u00fcnchen 1999<br \/>SFB\/ARTE 1997\/98, 560&#8242;<\/p><p><strong>Buch \/ Regie:\u00a0<a href=\"http:\/\/www.schmidt-paetzel.de\/a-chr-schmidt.html\">Andreas Christoph Schmidt\u00a0<\/a>\/ Kamera: Oleg Stinski, Fedor Simmul, Carl Finkbeiner \/ Ton: Dmitri Konjuschenko \/ Tonmischung: Gerhard Jensen-Nelson \/ Schnitt: Michael Auer\/ Sprecher: Otto Sander, Gunter Scho\u00df, Natascha Bub, Jakob Klaffke \/ Recherche: Igor Suchanow, Olav Schr\u00f6er, Jewgeni Tschorba, Artem Demenok \/ Aufnahmeleitung: Igor Suchanow \/ Produktionsleitung: <a href=\"http:\/\/www.schmidt-paetzel.de\/cordula-paetzel.html\">Cordula Paetzel<\/a>, Sergey Butkow, Dieter Melzer (SFB) \/ Redaktion: Hans von Brescius \/ Eine Produktion von ConCord.Fernsehfilme im Auftrag des SFB in Zusammenarbeit mit Arte<\/strong><\/p><\/div>\n\t\t\t\t<\/div>\n\t\t\t\t\t\t\t\t<\/div>\n\t\t\t\t<\/div>\n\t\t\t\t<\/div>\n\t\t\t\t\t<\/div>\n\t\t<\/div>\n\t\t\t\t\t<\/div>\n\t\t<\/section>\n\t\t\t\t<section class=\"elementor-section elementor-top-section elementor-element elementor-element-523fa96 elementor-section-boxed elementor-section-height-default elementor-section-height-default\" data-id=\"523fa96\" data-element_type=\"section\">\n\t\t\t\t\t\t<div class=\"elementor-container elementor-column-gap-default\">\n\t\t\t\t\t<div class=\"elementor-column elementor-col-100 elementor-top-column elementor-element elementor-element-e02c3ad\" data-id=\"e02c3ad\" data-element_type=\"column\">\n\t\t\t<div class=\"elementor-widget-wrap\">\n\t\t\t\t\t\t\t<\/div>\n\t\t<\/div>\n\t\t\t\t\t<\/div>\n\t\t<\/section>\n\t\t\t\t<\/div>\n\t\t","protected":false},"excerpt":{"rendered":"<p>Leningrad. Stimmen einer belagerten Stadt Ein Film von\u00a0Artem DemenokNDR\/Arte\/rbb\/ 2024, 90\u2032Erstausstrahlung: 16. Januar 2024 um 20:15 Uhr, Arte N\u00e4chste Ausstrahlungen:5. Februar 2024 um 23:35 Uhr, [&#8230;]<\/p>\n","protected":false},"author":1,"featured_media":0,"parent":0,"menu_order":0,"comment_status":"closed","ping_status":"closed","template":"","meta":[],"yoast_head":"<!-- This site is optimized with the Yoast SEO plugin v21.8.1 - https:\/\/yoast.com\/wordpress\/plugins\/seo\/ -->\n<title>Schmidt &amp; Paetzel Fernsehfilme<\/title>\n<meta name=\"description\" content=\"Dokumentarfilme und Fernsehdokumentationen seit 1996\" \/>\n<meta name=\"robots\" content=\"index, follow, max-snippet:-1, max-image-preview:large, max-video-preview:-1\" \/>\n<link rel=\"canonical\" href=\"https:\/\/schmidt-paetzel.de\/?page_id=19\" \/>\n<meta property=\"og:locale\" content=\"de_DE\" \/>\n<meta property=\"og:type\" content=\"article\" \/>\n<meta property=\"og:title\" content=\"Schmidt &amp; Paetzel Fernsehfilme\" \/>\n<meta property=\"og:description\" content=\"Dokumentarfilme und Fernsehdokumentationen seit 1996\" \/>\n<meta property=\"og:url\" content=\"https:\/\/schmidt-paetzel.de\/?page_id=19\" \/>\n<meta property=\"og:site_name\" content=\"Schmidt &amp; Paetzel Fernsehfilme\" \/>\n<meta property=\"article:modified_time\" content=\"2024-01-19T09:25:11+00:00\" \/>\n<meta property=\"og:image\" content=\"http:\/\/schmidt-paetzel.de\/wp-content\/uploads\/2024\/01\/Obuchowa1-300x202.jpeg\" \/>\n<meta name=\"twitter:card\" content=\"summary_large_image\" \/>\n<meta name=\"twitter:label1\" content=\"Gesch\u00e4tzte Lesezeit\" \/>\n\t<meta name=\"twitter:data1\" content=\"94\u00a0Minuten\" \/>\n<script type=\"application\/ld+json\" class=\"yoast-schema-graph\">{\"@context\":\"https:\/\/schema.org\",\"@graph\":[{\"@type\":\"WebPage\",\"@id\":\"https:\/\/schmidt-paetzel.de\/?page_id=19\",\"url\":\"https:\/\/schmidt-paetzel.de\/?page_id=19\",\"name\":\"Schmidt &amp; Paetzel Fernsehfilme\",\"isPartOf\":{\"@id\":\"http:\/\/schmidt-paetzel.de\/#website\"},\"datePublished\":\"2020-05-26T13:41:34+00:00\",\"dateModified\":\"2024-01-19T09:25:11+00:00\",\"description\":\"Dokumentarfilme und Fernsehdokumentationen seit 1996\",\"breadcrumb\":{\"@id\":\"https:\/\/schmidt-paetzel.de\/?page_id=19#breadcrumb\"},\"inLanguage\":\"de\",\"potentialAction\":[{\"@type\":\"ReadAction\",\"target\":[\"https:\/\/schmidt-paetzel.de\/?page_id=19\"]}]},{\"@type\":\"BreadcrumbList\",\"@id\":\"https:\/\/schmidt-paetzel.de\/?page_id=19#breadcrumb\",\"itemListElement\":[{\"@type\":\"ListItem\",\"position\":1,\"name\":\"Startseite\",\"item\":\"http:\/\/schmidt-paetzel.de\/\"},{\"@type\":\"ListItem\",\"position\":2,\"name\":\"Unsere Filme seit 1996\"}]},{\"@type\":\"WebSite\",\"@id\":\"http:\/\/schmidt-paetzel.de\/#website\",\"url\":\"http:\/\/schmidt-paetzel.de\/\",\"name\":\"Schmidt &amp; Paetzel Fernsehfilme\",\"description\":\"\",\"potentialAction\":[{\"@type\":\"SearchAction\",\"target\":{\"@type\":\"EntryPoint\",\"urlTemplate\":\"http:\/\/schmidt-paetzel.de\/?s={search_term_string}\"},\"query-input\":\"required name=search_term_string\"}],\"inLanguage\":\"de\"}]}<\/script>\n<!-- \/ Yoast SEO plugin. -->","yoast_head_json":{"title":"Schmidt &amp; Paetzel Fernsehfilme","description":"Dokumentarfilme und Fernsehdokumentationen seit 1996","robots":{"index":"index","follow":"follow","max-snippet":"max-snippet:-1","max-image-preview":"max-image-preview:large","max-video-preview":"max-video-preview:-1"},"canonical":"https:\/\/schmidt-paetzel.de\/?page_id=19","og_locale":"de_DE","og_type":"article","og_title":"Schmidt &amp; Paetzel Fernsehfilme","og_description":"Dokumentarfilme und Fernsehdokumentationen seit 1996","og_url":"https:\/\/schmidt-paetzel.de\/?page_id=19","og_site_name":"Schmidt &amp; Paetzel Fernsehfilme","article_modified_time":"2024-01-19T09:25:11+00:00","og_image":[{"url":"http:\/\/schmidt-paetzel.de\/wp-content\/uploads\/2024\/01\/Obuchowa1-300x202.jpeg"}],"twitter_card":"summary_large_image","twitter_misc":{"Gesch\u00e4tzte Lesezeit":"94\u00a0Minuten"},"schema":{"@context":"https:\/\/schema.org","@graph":[{"@type":"WebPage","@id":"https:\/\/schmidt-paetzel.de\/?page_id=19","url":"https:\/\/schmidt-paetzel.de\/?page_id=19","name":"Schmidt &amp; Paetzel Fernsehfilme","isPartOf":{"@id":"http:\/\/schmidt-paetzel.de\/#website"},"datePublished":"2020-05-26T13:41:34+00:00","dateModified":"2024-01-19T09:25:11+00:00","description":"Dokumentarfilme und Fernsehdokumentationen seit 1996","breadcrumb":{"@id":"https:\/\/schmidt-paetzel.de\/?page_id=19#breadcrumb"},"inLanguage":"de","potentialAction":[{"@type":"ReadAction","target":["https:\/\/schmidt-paetzel.de\/?page_id=19"]}]},{"@type":"BreadcrumbList","@id":"https:\/\/schmidt-paetzel.de\/?page_id=19#breadcrumb","itemListElement":[{"@type":"ListItem","position":1,"name":"Startseite","item":"http:\/\/schmidt-paetzel.de\/"},{"@type":"ListItem","position":2,"name":"Unsere Filme seit 1996"}]},{"@type":"WebSite","@id":"http:\/\/schmidt-paetzel.de\/#website","url":"http:\/\/schmidt-paetzel.de\/","name":"Schmidt &amp; Paetzel Fernsehfilme","description":"","potentialAction":[{"@type":"SearchAction","target":{"@type":"EntryPoint","urlTemplate":"http:\/\/schmidt-paetzel.de\/?s={search_term_string}"},"query-input":"required name=search_term_string"}],"inLanguage":"de"}]}},"_links":{"self":[{"href":"https:\/\/schmidt-paetzel.de\/index.php?rest_route=\/wp\/v2\/pages\/19"}],"collection":[{"href":"https:\/\/schmidt-paetzel.de\/index.php?rest_route=\/wp\/v2\/pages"}],"about":[{"href":"https:\/\/schmidt-paetzel.de\/index.php?rest_route=\/wp\/v2\/types\/page"}],"author":[{"embeddable":true,"href":"https:\/\/schmidt-paetzel.de\/index.php?rest_route=\/wp\/v2\/users\/1"}],"replies":[{"embeddable":true,"href":"https:\/\/schmidt-paetzel.de\/index.php?rest_route=%2Fwp%2Fv2%2Fcomments&post=19"}],"version-history":[{"count":373,"href":"https:\/\/schmidt-paetzel.de\/index.php?rest_route=\/wp\/v2\/pages\/19\/revisions"}],"predecessor-version":[{"id":986,"href":"https:\/\/schmidt-paetzel.de\/index.php?rest_route=\/wp\/v2\/pages\/19\/revisions\/986"}],"wp:attachment":[{"href":"https:\/\/schmidt-paetzel.de\/index.php?rest_route=%2Fwp%2Fv2%2Fmedia&parent=19"}],"curies":[{"name":"wp","href":"https:\/\/api.w.org\/{rel}","templated":true}]}}